{"id":2435,"date":"2022-09-07T18:30:48","date_gmt":"2022-09-07T18:30:48","guid":{"rendered":"http:\/\/lauragruiz.es\/?page_id=2435"},"modified":"2022-09-07T20:40:47","modified_gmt":"2022-09-07T20:40:47","slug":"magazine","status":"publish","type":"page","link":"https:\/\/lauragruiz.es\/index.php\/magazine\/","title":{"rendered":"magazine"},"content":{"rendered":"\t\t<div data-elementor-type=\"wp-page\" data-elementor-id=\"2435\" class=\"elementor elementor-2435\" data-elementor-post-type=\"page\">\n\t\t\t\t\t\t<section class=\"elementor-section elementor-top-section elementor-element elementor-element-588037b2 elementor-section-boxed elementor-section-height-default elementor-section-height-default\" data-id=\"588037b2\" data-element_type=\"section\" data-e-type=\"section\">\n\t\t\t\t\t\t<div class=\"elementor-container elementor-column-gap-default\">\n\t\t\t\t\t<div class=\"elementor-column elementor-col-100 elementor-top-column elementor-element elementor-element-58d65b6\" data-id=\"58d65b6\" data-element_type=\"column\" data-e-type=\"column\">\n\t\t\t<div class=\"elementor-widget-wrap elementor-element-populated\">\n\t\t\t\t\t\t<div class=\"elementor-element elementor-element-54f87d43 elementor-widget elementor-widget-text-editor\" data-id=\"54f87d43\" data-element_type=\"widget\" data-e-type=\"widget\" data-widget_type=\"text-editor.default\">\n\t\t\t\t<div class=\"elementor-widget-container\">\n\t\t\t\t\t\t\t\t\t<p><br><style type='text\/css'>\n\t#ngg-gallery-e8b0c676eed706ba05b5ef3d2dbe4431 .ngg-pro-masonry-item {\n\t\tmargin-bottom: 10px;\n\t}\n<\/style>\n<div class=\"ngg-pro-masonry-wrapper\">\n\t<div class=\"ngg-pro-masonry-spinner\">\n\t\t<i class='fa fa-spin fa-spinner'><\/i>\n\t<\/div>\n\t<div class=\"ngg-pro-masonry\" id=\"ngg-gallery-e8b0c676eed706ba05b5ef3d2dbe4431\">\n\t\t<div class='ngg-pro-masonry-gutter' style='width: 10px'><\/div>\n\t\t<div class='ngg-pro-masonry-sizer' style='width: 400px'><\/div>\n\t\t\t\t\t<div class='ngg-pro-masonry-item' style='height: 599px; max-width: 400px;'>\n\t\t\t\t<a href=\"https:\/\/lauragruiz.es\/wp-content\/gallery\/moda\/1-fotografia-editorial-beauty-laura-gines-ruiz-grazia-magazine-copia.jpg\"\n\t\t\t\t\ttitle=\"Photo&amp;Retouch: Laura Gin\u00e9s Ruiz \/ Model: Aricia Lima from Blow Models \/ Mua&amp;Hair: Laura Sanchez from Glow Barcelona\"\n\t\t\t\t\tdata-src=\"https:\/\/lauragruiz.es\/wp-content\/gallery\/moda\/1-fotografia-editorial-beauty-laura-gines-ruiz-grazia-magazine-copia.jpg\"\n\t\t\t\t\tdata-thumbnail=\"https:\/\/lauragruiz.es\/wp-content\/gallery\/moda\/cache\/1-fotografia-editorial-beauty-laura-gines-ruiz-grazia-magazine-copia.jpg-nggid03353-ngg0dyn-800x0-00f0w010c010r110f110r010t010.jpg\"\n\t\t\t\t\tdata-image-id=\"353\"\n\t\t\t\t\tdata-title=\"&quot;Silence&quot; Beauty Editorial para GRAZIA Indonesia\"\n\t\t\t\t\tdata-description=\"Photo&amp;Retouch: Laura Gin\u00e9s Ruiz \/ Model: Aricia Lima from Blow Models \/ Mua&amp;Hair: Laura Sanchez from Glow Barcelona\"\n\t\t\t\t\tdata-ngg-captions-nostylecopy=\"1\"\n\t\t\t\t\tclass=\"ngg-fancybox\" rel=\"e8b0c676eed706ba05b5ef3d2dbe4431\" data-ngg-protect=\"1\">\n\t\t\t\t\t<picture>\n\t\n<source srcset='https:\/\/lauragruiz.es\/wp-content\/gallery\/moda\/cache\/1-fotografia-editorial-beauty-laura-gines-ruiz-grazia-magazine-copia.jpg-nggid03353-ngg0dyn-400x0-00f0w010c010r110f110r010t010.jpg, https:\/\/lauragruiz.es\/wp-content\/gallery\/moda\/cache\/1-fotografia-editorial-beauty-laura-gines-ruiz-grazia-magazine-copia.jpg-nggid03353-ngg0dyn-800x0-00f0w010c010r110f110r010t010.jpg 2x'>\n<img fetchpriority=\"high\" decoding=\"async\" title=\"&quot;Silence&quot; Beauty Editorial para GRAZIA Indonesia\" alt=\"&quot;Silence&quot; Beauty Editorial para GRAZIA Indonesia\" width=\"400\" height=\"599\" style=\"max-width:400px;max-height:599px\" src=\"https:\/\/lauragruiz.es\/wp-content\/gallery\/moda\/cache\/1-fotografia-editorial-beauty-laura-gines-ruiz-grazia-magazine-copia.jpg-nggid03353-ngg0dyn-400x0-00f0w010c010r110f110r010t010.jpg\" srcset=\"https:\/\/lauragruiz.es\/wp-content\/gallery\/moda\/cache\/1-fotografia-editorial-beauty-laura-gines-ruiz-grazia-magazine-copia.jpg-nggid03353-ngg0dyn-400x0-00f0w010c010r110f110r010t010.jpg, https:\/\/lauragruiz.es\/wp-content\/gallery\/moda\/cache\/1-fotografia-editorial-beauty-laura-gines-ruiz-grazia-magazine-copia.jpg-nggid03353-ngg0dyn-800x0-00f0w010c010r110f110r010t010.jpg 2x\"\/>\n<\/picture>\t\t\t\t<\/a>\n\t\t\t<\/div>\n\t\t\t\t\t\t\t\t\t\t\t<div class='ngg-pro-masonry-item' style='height: 531px; max-width: 400px;'>\n\t\t\t\t<a href=\"https:\/\/lauragruiz.es\/wp-content\/gallery\/moda\/2-fotografia-editorial-beauty-elle-laura-gines-ruiz-grazia-magazine-lauragruiz.png\"\n\t\t\t\t\ttitle=\"Photo&amp;Retouch: Laura Gin\u00e9s Ruiz: Laura Kerdokait\u00e9 from Mad Models Management \/ Style: Noelia \u00c1lvarez \/ Mua: Berta Fort  \/ Hair: Jorge Zunica\"\n\t\t\t\t\tdata-src=\"https:\/\/lauragruiz.es\/wp-content\/gallery\/moda\/2-fotografia-editorial-beauty-elle-laura-gines-ruiz-grazia-magazine-lauragruiz.png\"\n\t\t\t\t\tdata-thumbnail=\"https:\/\/lauragruiz.es\/wp-content\/gallery\/moda\/cache\/2-fotografia-editorial-beauty-elle-laura-gines-ruiz-grazia-magazine-lauragruiz.png-nggid03331-ngg0dyn-791x1051-00f0w010c010r110f110r010t010.png\"\n\t\t\t\t\tdata-image-id=\"331\"\n\t\t\t\t\tdata-title=\"&quot;Freedom&quot; Beauty Editorial para ELLE Bulgaria\"\n\t\t\t\t\tdata-description=\"Photo&amp;Retouch: Laura Gin\u00e9s Ruiz: Laura Kerdokait\u00e9 from Mad Models Management \/ Style: Noelia \u00c1lvarez \/ Mua: Berta Fort  \/ Hair: Jorge Zunica\"\n\t\t\t\t\tdata-ngg-captions-nostylecopy=\"1\"\n\t\t\t\t\tclass=\"ngg-fancybox\" rel=\"e8b0c676eed706ba05b5ef3d2dbe4431\" data-ngg-protect=\"1\">\n\t\t\t\t\t<picture>\n\t\n<source srcset='https:\/\/lauragruiz.es\/wp-content\/gallery\/moda\/cache\/2-fotografia-editorial-beauty-elle-laura-gines-ruiz-grazia-magazine-lauragruiz.png-nggid03331-ngg0dyn-400x0-00f0w010c010r110f110r010t010.png, https:\/\/lauragruiz.es\/wp-content\/gallery\/moda\/cache\/2-fotografia-editorial-beauty-elle-laura-gines-ruiz-grazia-magazine-lauragruiz.png-nggid03331-ngg0dyn-791x1051-00f0w010c010r110f110r010t010.png 2x'>\n<img decoding=\"async\" title=\"&quot;Freedom&quot; Beauty Editorial para ELLE Bulgaria\" alt=\"&quot;Freedom&quot; Beauty Editorial para ELLE Bulgaria\" width=\"400\" height=\"531\" style=\"max-width:400px;max-height:531px\" src=\"https:\/\/lauragruiz.es\/wp-content\/gallery\/moda\/cache\/2-fotografia-editorial-beauty-elle-laura-gines-ruiz-grazia-magazine-lauragruiz.png-nggid03331-ngg0dyn-400x0-00f0w010c010r110f110r010t010.png\" srcset=\"https:\/\/lauragruiz.es\/wp-content\/gallery\/moda\/cache\/2-fotografia-editorial-beauty-elle-laura-gines-ruiz-grazia-magazine-lauragruiz.png-nggid03331-ngg0dyn-400x0-00f0w010c010r110f110r010t010.png, https:\/\/lauragruiz.es\/wp-content\/gallery\/moda\/cache\/2-fotografia-editorial-beauty-elle-laura-gines-ruiz-grazia-magazine-lauragruiz.png-nggid03331-ngg0dyn-791x1051-00f0w010c010r110f110r010t010.png 2x\"\/>\n<\/picture>\t\t\t\t<\/a>\n\t\t\t<\/div>\n\t\t\t\t\t\t\t\t\t\t\t<div class='ngg-pro-masonry-item' style='height: 600px; max-width: 400px;'>\n\t\t\t\t<a href=\"https:\/\/lauragruiz.es\/wp-content\/gallery\/moda\/3-fotografia-modelos-agencia-moda-espana-retrato-laura-gines-ruiz-lauragruiz.jpg\"\n\t\t\t\t\ttitle=\"\"\n\t\t\t\t\tdata-src=\"https:\/\/lauragruiz.es\/wp-content\/gallery\/moda\/3-fotografia-modelos-agencia-moda-espana-retrato-laura-gines-ruiz-lauragruiz.jpg\"\n\t\t\t\t\tdata-thumbnail=\"https:\/\/lauragruiz.es\/wp-content\/gallery\/moda\/cache\/3-fotografia-modelos-agencia-moda-espana-retrato-laura-gines-ruiz-lauragruiz.jpg-nggid03328-ngg0dyn-800x1200-00f0w010c010r110f110r010t010.jpg\"\n\t\t\t\t\tdata-image-id=\"328\"\n\t\t\t\t\tdata-title=\"Joyce Groen y Mazarine Henninger para Uniko Models y Francina Models\"\n\t\t\t\t\tdata-description=\"\"\n\t\t\t\t\tdata-ngg-captions-nostylecopy=\"1\"\n\t\t\t\t\tclass=\"ngg-fancybox\" rel=\"e8b0c676eed706ba05b5ef3d2dbe4431\" data-ngg-protect=\"1\">\n\t\t\t\t\t<picture>\n\t\n<source srcset='https:\/\/lauragruiz.es\/wp-content\/gallery\/moda\/cache\/3-fotografia-modelos-agencia-moda-espana-retrato-laura-gines-ruiz-lauragruiz.jpg-nggid03328-ngg0dyn-400x0-00f0w010c010r110f110r010t010.jpg, https:\/\/lauragruiz.es\/wp-content\/gallery\/moda\/cache\/3-fotografia-modelos-agencia-moda-espana-retrato-laura-gines-ruiz-lauragruiz.jpg-nggid03328-ngg0dyn-800x1200-00f0w010c010r110f110r010t010.jpg 2x'>\n<img decoding=\"async\" title=\"Joyce Groen y Mazarine Henninger para Uniko Models y Francina Models\" alt=\"Joyce Groen y Mazarine Henninger para Uniko Models y Francina Models\" width=\"400\" height=\"600\" style=\"max-width:400px;max-height:600px\" src=\"https:\/\/lauragruiz.es\/wp-content\/gallery\/moda\/cache\/3-fotografia-modelos-agencia-moda-espana-retrato-laura-gines-ruiz-lauragruiz.jpg-nggid03328-ngg0dyn-400x0-00f0w010c010r110f110r010t010.jpg\" srcset=\"https:\/\/lauragruiz.es\/wp-content\/gallery\/moda\/cache\/3-fotografia-modelos-agencia-moda-espana-retrato-laura-gines-ruiz-lauragruiz.jpg-nggid03328-ngg0dyn-400x0-00f0w010c010r110f110r010t010.jpg, https:\/\/lauragruiz.es\/wp-content\/gallery\/moda\/cache\/3-fotografia-modelos-agencia-moda-espana-retrato-laura-gines-ruiz-lauragruiz.jpg-nggid03328-ngg0dyn-800x1200-00f0w010c010r110f110r010t010.jpg 2x\"\/>\n<\/picture>\t\t\t\t<\/a>\n\t\t\t<\/div>\n\t\t\t\t\t\t\t\t\t\t\t<div class='ngg-pro-masonry-item' style='height: 267px; max-width: 400px;'>\n\t\t\t\t<a href=\"https:\/\/lauragruiz.es\/wp-content\/gallery\/moda\/4-fotografia-editorial-moda-laura-gines-ruiz-magazine-lauragruiz.jpg\"\n\t\t\t\t\ttitle=\"Photo&amp;Retouch: Laura Gin\u00e9s Ruiz \/ Models: Anna Maria Tuisk from Sight Management and Ivana R. from Mad Models Management \/ Stylist : Ann Laroque \/ Mua&amp;Hair: Jorge Zunica &amp; Cristina Canes \/ Photo Assist: Rub\u00e9n Salas\"\n\t\t\t\t\tdata-src=\"https:\/\/lauragruiz.es\/wp-content\/gallery\/moda\/4-fotografia-editorial-moda-laura-gines-ruiz-magazine-lauragruiz.jpg\"\n\t\t\t\t\tdata-thumbnail=\"https:\/\/lauragruiz.es\/wp-content\/gallery\/moda\/cache\/4-fotografia-editorial-moda-laura-gines-ruiz-magazine-lauragruiz.jpg-nggid03332-ngg0dyn-800x0-00f0w010c010r110f110r010t010.jpg\"\n\t\t\t\t\tdata-image-id=\"332\"\n\t\t\t\t\tdata-title=\"&quot;Stranger Skin&quot; Fashion Editorial para Solstice Magazine\"\n\t\t\t\t\tdata-description=\"Photo&amp;Retouch: Laura Gin\u00e9s Ruiz \/ Models: Anna Maria Tuisk from Sight Management and Ivana R. from Mad Models Management \/ Stylist : Ann Laroque \/ Mua&amp;Hair: Jorge Zunica &amp; Cristina Canes \/ Photo Assist: Rub\u00e9n Salas\"\n\t\t\t\t\tdata-ngg-captions-nostylecopy=\"1\"\n\t\t\t\t\tclass=\"ngg-fancybox\" rel=\"e8b0c676eed706ba05b5ef3d2dbe4431\" data-ngg-protect=\"1\">\n\t\t\t\t\t<picture>\n\t\n<source srcset='https:\/\/lauragruiz.es\/wp-content\/gallery\/moda\/cache\/4-fotografia-editorial-moda-laura-gines-ruiz-magazine-lauragruiz.jpg-nggid03332-ngg0dyn-400x0-00f0w010c010r110f110r010t010.jpg, https:\/\/lauragruiz.es\/wp-content\/gallery\/moda\/cache\/4-fotografia-editorial-moda-laura-gines-ruiz-magazine-lauragruiz.jpg-nggid03332-ngg0dyn-800x0-00f0w010c010r110f110r010t010.jpg 2x'>\n<img loading=\"lazy\" decoding=\"async\" title=\"&quot;Stranger Skin&quot; Fashion Editorial para Solstice Magazine\" alt=\"&quot;Stranger Skin&quot; Fashion Editorial para Solstice Magazine\" width=\"400\" height=\"267\" style=\"max-width:400px;max-height:267px\" src=\"https:\/\/lauragruiz.es\/wp-content\/gallery\/moda\/cache\/4-fotografia-editorial-moda-laura-gines-ruiz-magazine-lauragruiz.jpg-nggid03332-ngg0dyn-400x0-00f0w010c010r110f110r010t010.jpg\" srcset=\"https:\/\/lauragruiz.es\/wp-content\/gallery\/moda\/cache\/4-fotografia-editorial-moda-laura-gines-ruiz-magazine-lauragruiz.jpg-nggid03332-ngg0dyn-400x0-00f0w010c010r110f110r010t010.jpg, https:\/\/lauragruiz.es\/wp-content\/gallery\/moda\/cache\/4-fotografia-editorial-moda-laura-gines-ruiz-magazine-lauragruiz.jpg-nggid03332-ngg0dyn-800x0-00f0w010c010r110f110r010t010.jpg 2x\"\/>\n<\/picture>\t\t\t\t<\/a>\n\t\t\t<\/div>\n\t\t\t\t\t\t\t\t\t\t\t<div class='ngg-pro-masonry-item' style='height: 599px; max-width: 400px;'>\n\t\t\t\t<a href=\"https:\/\/lauragruiz.es\/wp-content\/gallery\/moda\/5-fotografia-editorial-moda-lofficiel-magazine-laura-gines-ruiz-lauragruiz.jpg\"\n\t\t\t\t\ttitle=\"Photo &amp; Retouch: Laura Gin\u00e9s Ruiz \/ Model : Annewil Hokken from Uniko Models \/ Stylist: Noelia Alvarez \/ Mua&amp;Hair: David Jean \/ Photo Asist: Victor Bejarano\"\n\t\t\t\t\tdata-src=\"https:\/\/lauragruiz.es\/wp-content\/gallery\/moda\/5-fotografia-editorial-moda-lofficiel-magazine-laura-gines-ruiz-lauragruiz.jpg\"\n\t\t\t\t\tdata-thumbnail=\"https:\/\/lauragruiz.es\/wp-content\/gallery\/moda\/cache\/5-fotografia-editorial-moda-lofficiel-magazine-laura-gines-ruiz-lauragruiz.jpg-nggid03330-ngg0dyn-800x0-00f0w010c010r110f110r010t010.jpg\"\n\t\t\t\t\tdata-image-id=\"330\"\n\t\t\t\t\tdata-title=\"&quot;Wild flower&quot; Fashion Editorial para L\u00b4Officiel India\"\n\t\t\t\t\tdata-description=\"Photo &amp; Retouch: Laura Gin\u00e9s Ruiz \/ Model : Annewil Hokken from Uniko Models \/ Stylist: Noelia Alvarez \/ Mua&amp;Hair: David Jean \/ Photo Asist: Victor Bejarano\"\n\t\t\t\t\tdata-ngg-captions-nostylecopy=\"1\"\n\t\t\t\t\tclass=\"ngg-fancybox\" rel=\"e8b0c676eed706ba05b5ef3d2dbe4431\" data-ngg-protect=\"1\">\n\t\t\t\t\t<picture>\n\t\n<source srcset='https:\/\/lauragruiz.es\/wp-content\/gallery\/moda\/cache\/5-fotografia-editorial-moda-lofficiel-magazine-laura-gines-ruiz-lauragruiz.jpg-nggid03330-ngg0dyn-400x0-00f0w010c010r110f110r010t010.jpg, https:\/\/lauragruiz.es\/wp-content\/gallery\/moda\/cache\/5-fotografia-editorial-moda-lofficiel-magazine-laura-gines-ruiz-lauragruiz.jpg-nggid03330-ngg0dyn-800x0-00f0w010c010r110f110r010t010.jpg 2x'>\n<img loading=\"lazy\" decoding=\"async\" title=\"&quot;Wild flower&quot; Fashion Editorial para L\u00b4Officiel India\" alt=\"&quot;Wild flower&quot; Fashion Editorial para L\u00b4Officiel India\" width=\"400\" height=\"599\" style=\"max-width:400px;max-height:599px\" src=\"https:\/\/lauragruiz.es\/wp-content\/gallery\/moda\/cache\/5-fotografia-editorial-moda-lofficiel-magazine-laura-gines-ruiz-lauragruiz.jpg-nggid03330-ngg0dyn-400x0-00f0w010c010r110f110r010t010.jpg\" srcset=\"https:\/\/lauragruiz.es\/wp-content\/gallery\/moda\/cache\/5-fotografia-editorial-moda-lofficiel-magazine-laura-gines-ruiz-lauragruiz.jpg-nggid03330-ngg0dyn-400x0-00f0w010c010r110f110r010t010.jpg, https:\/\/lauragruiz.es\/wp-content\/gallery\/moda\/cache\/5-fotografia-editorial-moda-lofficiel-magazine-laura-gines-ruiz-lauragruiz.jpg-nggid03330-ngg0dyn-800x0-00f0w010c010r110f110r010t010.jpg 2x\"\/>\n<\/picture>\t\t\t\t<\/a>\n\t\t\t<\/div>\n\t\t\t\t\t\t\t\t\t\t\t<div class='ngg-pro-masonry-item' style='height: 600px; max-width: 400px;'>\n\t\t\t\t<a href=\"https:\/\/lauragruiz.es\/wp-content\/gallery\/moda\/6-fotografia-moda-catalogo-barcelona-laura-gines-ruiz-lauragruiz.jpg\"\n\t\t\t\t\ttitle=\"\"\n\t\t\t\t\tdata-src=\"https:\/\/lauragruiz.es\/wp-content\/gallery\/moda\/6-fotografia-moda-catalogo-barcelona-laura-gines-ruiz-lauragruiz.jpg\"\n\t\t\t\t\tdata-thumbnail=\"https:\/\/lauragruiz.es\/wp-content\/gallery\/moda\/cache\/6-fotografia-moda-catalogo-barcelona-laura-gines-ruiz-lauragruiz.jpg-nggid03327-ngg0dyn-800x1200-00f0w010c010r110f110r010t010.jpg\"\n\t\t\t\t\tdata-image-id=\"327\"\n\t\t\t\t\tdata-title=\"Campa\u00f1a para Annice for Kids SS19\"\n\t\t\t\t\tdata-description=\"\"\n\t\t\t\t\tdata-ngg-captions-nostylecopy=\"1\"\n\t\t\t\t\tclass=\"ngg-fancybox\" rel=\"e8b0c676eed706ba05b5ef3d2dbe4431\" data-ngg-protect=\"1\">\n\t\t\t\t\t<picture>\n\t\n<source srcset='https:\/\/lauragruiz.es\/wp-content\/gallery\/moda\/cache\/6-fotografia-moda-catalogo-barcelona-laura-gines-ruiz-lauragruiz.jpg-nggid03327-ngg0dyn-400x0-00f0w010c010r110f110r010t010.jpg, https:\/\/lauragruiz.es\/wp-content\/gallery\/moda\/cache\/6-fotografia-moda-catalogo-barcelona-laura-gines-ruiz-lauragruiz.jpg-nggid03327-ngg0dyn-800x1200-00f0w010c010r110f110r010t010.jpg 2x'>\n<img loading=\"lazy\" decoding=\"async\" title=\"Campa\u00f1a para Annice for Kids SS19\" alt=\"Campa\u00f1a para Annice for Kids SS19\" width=\"400\" height=\"600\" style=\"max-width:400px;max-height:600px\" src=\"https:\/\/lauragruiz.es\/wp-content\/gallery\/moda\/cache\/6-fotografia-moda-catalogo-barcelona-laura-gines-ruiz-lauragruiz.jpg-nggid03327-ngg0dyn-400x0-00f0w010c010r110f110r010t010.jpg\" srcset=\"https:\/\/lauragruiz.es\/wp-content\/gallery\/moda\/cache\/6-fotografia-moda-catalogo-barcelona-laura-gines-ruiz-lauragruiz.jpg-nggid03327-ngg0dyn-400x0-00f0w010c010r110f110r010t010.jpg, https:\/\/lauragruiz.es\/wp-content\/gallery\/moda\/cache\/6-fotografia-moda-catalogo-barcelona-laura-gines-ruiz-lauragruiz.jpg-nggid03327-ngg0dyn-800x1200-00f0w010c010r110f110r010t010.jpg 2x\"\/>\n<\/picture>\t\t\t\t<\/a>\n\t\t\t<\/div>\n\t\t\t\t\t\t\t\t\t\t\t<div class='ngg-pro-masonry-item' style='height: 533px; max-width: 400px;'>\n\t\t\t\t<a href=\"https:\/\/lauragruiz.es\/wp-content\/gallery\/moda\/7-fotografia-modelo-moda-agencia-espana-retrato-laura-gines-ruiz-lauragruiz.jpg\"\n\t\t\t\t\ttitle=\"Fotograf\u00eda y retoque fotogr\u00e1fico por Laura Gin\u00e9s Ruiz \u00b7 Modelo: Gala Prats de Miah Management \u00b7 Estilismo: Noelia Alvarez \u00b7 Maquillaje y peluquer\u00eda: Jorge Zunica \u00b7 Asistente de fotograf\u00eda: Jose Carvajal\"\n\t\t\t\t\tdata-src=\"https:\/\/lauragruiz.es\/wp-content\/gallery\/moda\/7-fotografia-modelo-moda-agencia-espana-retrato-laura-gines-ruiz-lauragruiz.jpg\"\n\t\t\t\t\tdata-thumbnail=\"https:\/\/lauragruiz.es\/wp-content\/gallery\/moda\/cache\/7-fotografia-modelo-moda-agencia-espana-retrato-laura-gines-ruiz-lauragruiz.jpg-nggid03329-ngg0dyn-800x0-00f0w010c010r110f110r010t010.jpg\"\n\t\t\t\t\tdata-image-id=\"329\"\n\t\t\t\t\tdata-title=\"Gala Prats para Olympus Espa\u00f1a\"\n\t\t\t\t\tdata-description=\"Fotograf\u00eda y retoque fotogr\u00e1fico por Laura Gin\u00e9s Ruiz \u00b7 Modelo: Gala Prats de Miah Management \u00b7 Estilismo: Noelia Alvarez \u00b7 Maquillaje y peluquer\u00eda: Jorge Zunica \u00b7 Asistente de fotograf\u00eda: Jose Carvajal\"\n\t\t\t\t\tdata-ngg-captions-nostylecopy=\"1\"\n\t\t\t\t\tclass=\"ngg-fancybox\" rel=\"e8b0c676eed706ba05b5ef3d2dbe4431\" data-ngg-protect=\"1\">\n\t\t\t\t\t<picture>\n\t\n<source srcset='https:\/\/lauragruiz.es\/wp-content\/gallery\/moda\/cache\/7-fotografia-modelo-moda-agencia-espana-retrato-laura-gines-ruiz-lauragruiz.jpg-nggid03329-ngg0dyn-400x0-00f0w010c010r110f110r010t010.jpg, https:\/\/lauragruiz.es\/wp-content\/gallery\/moda\/cache\/7-fotografia-modelo-moda-agencia-espana-retrato-laura-gines-ruiz-lauragruiz.jpg-nggid03329-ngg0dyn-800x0-00f0w010c010r110f110r010t010.jpg 2x'>\n<img loading=\"lazy\" decoding=\"async\" title=\"Gala Prats para Olympus Espa\u00f1a\" alt=\"Gala Prats para Olympus Espa\u00f1a\" width=\"400\" height=\"533\" style=\"max-width:400px;max-height:533px\" src=\"https:\/\/lauragruiz.es\/wp-content\/gallery\/moda\/cache\/7-fotografia-modelo-moda-agencia-espana-retrato-laura-gines-ruiz-lauragruiz.jpg-nggid03329-ngg0dyn-400x0-00f0w010c010r110f110r010t010.jpg\" srcset=\"https:\/\/lauragruiz.es\/wp-content\/gallery\/moda\/cache\/7-fotografia-modelo-moda-agencia-espana-retrato-laura-gines-ruiz-lauragruiz.jpg-nggid03329-ngg0dyn-400x0-00f0w010c010r110f110r010t010.jpg, https:\/\/lauragruiz.es\/wp-content\/gallery\/moda\/cache\/7-fotografia-modelo-moda-agencia-espana-retrato-laura-gines-ruiz-lauragruiz.jpg-nggid03329-ngg0dyn-800x0-00f0w010c010r110f110r010t010.jpg 2x\"\/>\n<\/picture>\t\t\t\t<\/a>\n\t\t\t<\/div>\n\t\t\t\t\t\t\t\t\t\t\t<div class='ngg-pro-masonry-item' style='height: 525px; max-width: 400px;'>\n\t\t\t\t<a href=\"https:\/\/lauragruiz.es\/wp-content\/gallery\/moda\/8-fotografia-editorial-beauty-elle-laura-gines-ruiz-grazia-magazine-lauragruiz-.png\"\n\t\t\t\t\ttitle=\"Photo&amp;Retouch: Laura Gin\u00e9s Ruiz: Laura Kerdokait\u00e9 from Mad Models Management \/ Style: Noelia \u00c1lvarez \/ Mua: Berta Fort (Burdampi) \/ Hair: Jorge Zunica\"\n\t\t\t\t\tdata-src=\"https:\/\/lauragruiz.es\/wp-content\/gallery\/moda\/8-fotografia-editorial-beauty-elle-laura-gines-ruiz-grazia-magazine-lauragruiz-.png\"\n\t\t\t\t\tdata-thumbnail=\"https:\/\/lauragruiz.es\/wp-content\/gallery\/moda\/cache\/8-fotografia-editorial-beauty-elle-laura-gines-ruiz-grazia-magazine-lauragruiz-.png-nggid03352-ngg0dyn-800x0-00f0w010c010r110f110r010t010.png\"\n\t\t\t\t\tdata-image-id=\"352\"\n\t\t\t\t\tdata-title=\"&quot;Freedom&quot; Beauty Editorial para ELLE Bulgaria\"\n\t\t\t\t\tdata-description=\"Photo&amp;Retouch: Laura Gin\u00e9s Ruiz: Laura Kerdokait\u00e9 from Mad Models Management \/ Style: Noelia \u00c1lvarez \/ Mua: Berta Fort (Burdampi) \/ Hair: Jorge Zunica\"\n\t\t\t\t\tdata-ngg-captions-nostylecopy=\"1\"\n\t\t\t\t\tclass=\"ngg-fancybox\" rel=\"e8b0c676eed706ba05b5ef3d2dbe4431\" data-ngg-protect=\"1\">\n\t\t\t\t\t<picture>\n\t\n<source srcset='https:\/\/lauragruiz.es\/wp-content\/gallery\/moda\/cache\/8-fotografia-editorial-beauty-elle-laura-gines-ruiz-grazia-magazine-lauragruiz-.png-nggid03352-ngg0dyn-400x0-00f0w010c010r110f110r010t010.png, https:\/\/lauragruiz.es\/wp-content\/gallery\/moda\/cache\/8-fotografia-editorial-beauty-elle-laura-gines-ruiz-grazia-magazine-lauragruiz-.png-nggid03352-ngg0dyn-800x0-00f0w010c010r110f110r010t010.png 2x'>\n<img loading=\"lazy\" decoding=\"async\" title=\"&quot;Freedom&quot; Beauty Editorial para ELLE Bulgaria\" alt=\"&quot;Freedom&quot; Beauty Editorial para ELLE Bulgaria\" width=\"400\" height=\"525\" style=\"max-width:400px;max-height:525px\" src=\"https:\/\/lauragruiz.es\/wp-content\/gallery\/moda\/cache\/8-fotografia-editorial-beauty-elle-laura-gines-ruiz-grazia-magazine-lauragruiz-.png-nggid03352-ngg0dyn-400x0-00f0w010c010r110f110r010t010.png\" srcset=\"https:\/\/lauragruiz.es\/wp-content\/gallery\/moda\/cache\/8-fotografia-editorial-beauty-elle-laura-gines-ruiz-grazia-magazine-lauragruiz-.png-nggid03352-ngg0dyn-400x0-00f0w010c010r110f110r010t010.png, https:\/\/lauragruiz.es\/wp-content\/gallery\/moda\/cache\/8-fotografia-editorial-beauty-elle-laura-gines-ruiz-grazia-magazine-lauragruiz-.png-nggid03352-ngg0dyn-800x0-00f0w010c010r110f110r010t010.png 2x\"\/>\n<\/picture>\t\t\t\t<\/a>\n\t\t\t<\/div>\n\t\t\t\t\t\t\t\t\t\t\t<div class='ngg-pro-masonry-item' style='height: 600px; max-width: 400px;'>\n\t\t\t\t<a href=\"https:\/\/lauragruiz.es\/wp-content\/gallery\/moda\/9-fotografia-editorial-beauty-silence-laura-gines-ruiz-grazia-magazine-lauragruiz.jpg\"\n\t\t\t\t\ttitle=\"Photo&amp;Retouch: Laura Gin\u00e9s Ruiz \/ Model: Aricia Lima from Blow Models \/ Mua&amp;Hair: Laura Sanchez from Glow Barcelona\"\n\t\t\t\t\tdata-src=\"https:\/\/lauragruiz.es\/wp-content\/gallery\/moda\/9-fotografia-editorial-beauty-silence-laura-gines-ruiz-grazia-magazine-lauragruiz.jpg\"\n\t\t\t\t\tdata-thumbnail=\"https:\/\/lauragruiz.es\/wp-content\/gallery\/moda\/cache\/9-fotografia-editorial-beauty-silence-laura-gines-ruiz-grazia-magazine-lauragruiz.jpg-nggid03333-ngg0dyn-800x1200-00f0w010c010r110f110r010t010.jpg\"\n\t\t\t\t\tdata-image-id=\"333\"\n\t\t\t\t\tdata-title=\"&quot;Silence&quot; Beauty Editorial para GRAZIA Indonesia\"\n\t\t\t\t\tdata-description=\"Photo&amp;Retouch: Laura Gin\u00e9s Ruiz \/ Model: Aricia Lima from Blow Models \/ Mua&amp;Hair: Laura Sanchez from Glow Barcelona\"\n\t\t\t\t\tdata-ngg-captions-nostylecopy=\"1\"\n\t\t\t\t\tclass=\"ngg-fancybox\" rel=\"e8b0c676eed706ba05b5ef3d2dbe4431\" data-ngg-protect=\"1\">\n\t\t\t\t\t<picture>\n\t\n<source srcset='https:\/\/lauragruiz.es\/wp-content\/gallery\/moda\/cache\/9-fotografia-editorial-beauty-silence-laura-gines-ruiz-grazia-magazine-lauragruiz.jpg-nggid03333-ngg0dyn-400x0-00f0w010c010r110f110r010t010.jpg, https:\/\/lauragruiz.es\/wp-content\/gallery\/moda\/cache\/9-fotografia-editorial-beauty-silence-laura-gines-ruiz-grazia-magazine-lauragruiz.jpg-nggid03333-ngg0dyn-800x1200-00f0w010c010r110f110r010t010.jpg 2x'>\n<img loading=\"lazy\" decoding=\"async\" title=\"&quot;Silence&quot; Beauty Editorial para GRAZIA Indonesia\" alt=\"&quot;Silence&quot; Beauty Editorial para GRAZIA Indonesia\" width=\"400\" height=\"600\" style=\"max-width:400px;max-height:600px\" src=\"https:\/\/lauragruiz.es\/wp-content\/gallery\/moda\/cache\/9-fotografia-editorial-beauty-silence-laura-gines-ruiz-grazia-magazine-lauragruiz.jpg-nggid03333-ngg0dyn-400x0-00f0w010c010r110f110r010t010.jpg\" srcset=\"https:\/\/lauragruiz.es\/wp-content\/gallery\/moda\/cache\/9-fotografia-editorial-beauty-silence-laura-gines-ruiz-grazia-magazine-lauragruiz.jpg-nggid03333-ngg0dyn-400x0-00f0w010c010r110f110r010t010.jpg, https:\/\/lauragruiz.es\/wp-content\/gallery\/moda\/cache\/9-fotografia-editorial-beauty-silence-laura-gines-ruiz-grazia-magazine-lauragruiz.jpg-nggid03333-ngg0dyn-800x1200-00f0w010c010r110f110r010t010.jpg 2x\"\/>\n<\/picture>\t\t\t\t<\/a>\n\t\t\t<\/div>\n\t\t\t\t\t\t\t\t\t\t\t<div class='ngg-pro-masonry-item' style='height: 600px; max-width: 400px;'>\n\t\t\t\t<a href=\"https:\/\/lauragruiz.es\/wp-content\/gallery\/moda\/10-fotografia-editorial-moda-laura-gines-ruiz-magazine-lauragruiz.jpg\"\n\t\t\t\t\ttitle=\"Photo&amp;Retouch: Laura Gin\u00e9s Ruiz \/ Models: Anna Maria Tuisk from Sight Management and Ivana R. from Mad Models Management \/ Stylist : Ann Laroque \/ Mua&amp;Hair: Jorge Zunica &amp; Cristina Canes \/ Photo Assist: Rub\u00e9n Salas\"\n\t\t\t\t\tdata-src=\"https:\/\/lauragruiz.es\/wp-content\/gallery\/moda\/10-fotografia-editorial-moda-laura-gines-ruiz-magazine-lauragruiz.jpg\"\n\t\t\t\t\tdata-thumbnail=\"https:\/\/lauragruiz.es\/wp-content\/gallery\/moda\/cache\/10-fotografia-editorial-moda-laura-gines-ruiz-magazine-lauragruiz.jpg-nggid03334-ngg0dyn-800x1200-00f0w010c010r110f110r010t010.jpg\"\n\t\t\t\t\tdata-image-id=\"334\"\n\t\t\t\t\tdata-title=\"&quot;Stranger Skin&quot; Fashion Editorial para Solstice Magazine\"\n\t\t\t\t\tdata-description=\"Photo&amp;Retouch: Laura Gin\u00e9s Ruiz \/ Models: Anna Maria Tuisk from Sight Management and Ivana R. from Mad Models Management \/ Stylist : Ann Laroque \/ Mua&amp;Hair: Jorge Zunica &amp; Cristina Canes \/ Photo Assist: Rub\u00e9n Salas\"\n\t\t\t\t\tdata-ngg-captions-nostylecopy=\"1\"\n\t\t\t\t\tclass=\"ngg-fancybox\" rel=\"e8b0c676eed706ba05b5ef3d2dbe4431\" data-ngg-protect=\"1\">\n\t\t\t\t\t<picture>\n\t\n<source srcset='https:\/\/lauragruiz.es\/wp-content\/gallery\/moda\/cache\/10-fotografia-editorial-moda-laura-gines-ruiz-magazine-lauragruiz.jpg-nggid03334-ngg0dyn-400x0-00f0w010c010r110f110r010t010.jpg, https:\/\/lauragruiz.es\/wp-content\/gallery\/moda\/cache\/10-fotografia-editorial-moda-laura-gines-ruiz-magazine-lauragruiz.jpg-nggid03334-ngg0dyn-800x1200-00f0w010c010r110f110r010t010.jpg 2x'>\n<img loading=\"lazy\" decoding=\"async\" title=\"&quot;Stranger Skin&quot; Fashion Editorial para Solstice Magazine\" alt=\"&quot;Stranger Skin&quot; Fashion Editorial para Solstice Magazine\" width=\"400\" height=\"600\" style=\"max-width:400px;max-height:600px\" src=\"https:\/\/lauragruiz.es\/wp-content\/gallery\/moda\/cache\/10-fotografia-editorial-moda-laura-gines-ruiz-magazine-lauragruiz.jpg-nggid03334-ngg0dyn-400x0-00f0w010c010r110f110r010t010.jpg\" srcset=\"https:\/\/lauragruiz.es\/wp-content\/gallery\/moda\/cache\/10-fotografia-editorial-moda-laura-gines-ruiz-magazine-lauragruiz.jpg-nggid03334-ngg0dyn-400x0-00f0w010c010r110f110r010t010.jpg, https:\/\/lauragruiz.es\/wp-content\/gallery\/moda\/cache\/10-fotografia-editorial-moda-laura-gines-ruiz-magazine-lauragruiz.jpg-nggid03334-ngg0dyn-800x1200-00f0w010c010r110f110r010t010.jpg 2x\"\/>\n<\/picture>\t\t\t\t<\/a>\n\t\t\t<\/div>\n\t\t\t\t\t\t\t\t\t\t\t<div class='ngg-pro-masonry-item' style='height: 599px; max-width: 400px;'>\n\t\t\t\t<a href=\"https:\/\/lauragruiz.es\/wp-content\/gallery\/moda\/11-fotografia-moda-modelos-editorial-barcelona-laura-gines-ruiz-lauragruiz.jpg\"\n\t\t\t\t\ttitle=\"Photo&amp;Retouch: Laura Gin\u00e9s Ruiz \/ Stylist: Alex Montoya Mart\u00edn \/ Mua&amp;Hair: Jorge Z\u00fanica \/ Models: Regina T. - Brynn Olivia Beaudoin  from Casta Models\"\n\t\t\t\t\tdata-src=\"https:\/\/lauragruiz.es\/wp-content\/gallery\/moda\/11-fotografia-moda-modelos-editorial-barcelona-laura-gines-ruiz-lauragruiz.jpg\"\n\t\t\t\t\tdata-thumbnail=\"https:\/\/lauragruiz.es\/wp-content\/gallery\/moda\/cache\/11-fotografia-moda-modelos-editorial-barcelona-laura-gines-ruiz-lauragruiz.jpg-nggid03336-ngg0dyn-800x0-00f0w010c010r110f110r010t010.jpg\"\n\t\t\t\t\tdata-image-id=\"336\"\n\t\t\t\t\tdata-title=\"&quot;Cropfield&quot; Fashion Editorial para KOOSS Magazine\"\n\t\t\t\t\tdata-description=\"Photo&amp;Retouch: Laura Gin\u00e9s Ruiz \/ Stylist: Alex Montoya Mart\u00edn \/ Mua&amp;Hair: Jorge Z\u00fanica \/ Models: Regina T. - Brynn Olivia Beaudoin  from Casta Models\"\n\t\t\t\t\tdata-ngg-captions-nostylecopy=\"1\"\n\t\t\t\t\tclass=\"ngg-fancybox\" rel=\"e8b0c676eed706ba05b5ef3d2dbe4431\" data-ngg-protect=\"1\">\n\t\t\t\t\t<picture>\n\t\n<source srcset='https:\/\/lauragruiz.es\/wp-content\/gallery\/moda\/cache\/11-fotografia-moda-modelos-editorial-barcelona-laura-gines-ruiz-lauragruiz.jpg-nggid03336-ngg0dyn-400x0-00f0w010c010r110f110r010t010.jpg, https:\/\/lauragruiz.es\/wp-content\/gallery\/moda\/cache\/11-fotografia-moda-modelos-editorial-barcelona-laura-gines-ruiz-lauragruiz.jpg-nggid03336-ngg0dyn-800x0-00f0w010c010r110f110r010t010.jpg 2x'>\n<img loading=\"lazy\" decoding=\"async\" title=\"&quot;Cropfield&quot; Fashion Editorial para KOOSS Magazine\" alt=\"&quot;Cropfield&quot; Fashion Editorial para KOOSS Magazine\" width=\"400\" height=\"599\" style=\"max-width:400px;max-height:599px\" src=\"https:\/\/lauragruiz.es\/wp-content\/gallery\/moda\/cache\/11-fotografia-moda-modelos-editorial-barcelona-laura-gines-ruiz-lauragruiz.jpg-nggid03336-ngg0dyn-400x0-00f0w010c010r110f110r010t010.jpg\" srcset=\"https:\/\/lauragruiz.es\/wp-content\/gallery\/moda\/cache\/11-fotografia-moda-modelos-editorial-barcelona-laura-gines-ruiz-lauragruiz.jpg-nggid03336-ngg0dyn-400x0-00f0w010c010r110f110r010t010.jpg, https:\/\/lauragruiz.es\/wp-content\/gallery\/moda\/cache\/11-fotografia-moda-modelos-editorial-barcelona-laura-gines-ruiz-lauragruiz.jpg-nggid03336-ngg0dyn-800x0-00f0w010c010r110f110r010t010.jpg 2x\"\/>\n<\/picture>\t\t\t\t<\/a>\n\t\t\t<\/div>\n\t\t\t\t\t\t\t\t\t\t\t<div class='ngg-pro-masonry-item' style='height: 267px; max-width: 400px;'>\n\t\t\t\t<a href=\"https:\/\/lauragruiz.es\/wp-content\/gallery\/moda\/12-fotografia-moda-catalogo-barcelona-laura-gines-ruiz-lauragruiz.jpg\"\n\t\t\t\t\ttitle=\"\"\n\t\t\t\t\tdata-src=\"https:\/\/lauragruiz.es\/wp-content\/gallery\/moda\/12-fotografia-moda-catalogo-barcelona-laura-gines-ruiz-lauragruiz.jpg\"\n\t\t\t\t\tdata-thumbnail=\"https:\/\/lauragruiz.es\/wp-content\/gallery\/moda\/cache\/12-fotografia-moda-catalogo-barcelona-laura-gines-ruiz-lauragruiz.jpg-nggid03337-ngg0dyn-800x0-00f0w010c010r110f110r010t010.jpg\"\n\t\t\t\t\tdata-image-id=\"337\"\n\t\t\t\t\tdata-title=\"Lookbook e-commerce para Annice for Kids SS18\"\n\t\t\t\t\tdata-description=\"\"\n\t\t\t\t\tdata-ngg-captions-nostylecopy=\"1\"\n\t\t\t\t\tclass=\"ngg-fancybox\" rel=\"e8b0c676eed706ba05b5ef3d2dbe4431\" data-ngg-protect=\"1\">\n\t\t\t\t\t<picture>\n\t\n<source srcset='https:\/\/lauragruiz.es\/wp-content\/gallery\/moda\/cache\/12-fotografia-moda-catalogo-barcelona-laura-gines-ruiz-lauragruiz.jpg-nggid03337-ngg0dyn-400x0-00f0w010c010r110f110r010t010.jpg, https:\/\/lauragruiz.es\/wp-content\/gallery\/moda\/cache\/12-fotografia-moda-catalogo-barcelona-laura-gines-ruiz-lauragruiz.jpg-nggid03337-ngg0dyn-800x0-00f0w010c010r110f110r010t010.jpg 2x'>\n<img loading=\"lazy\" decoding=\"async\" title=\"Lookbook e-commerce para Annice for Kids SS18\" alt=\"Lookbook e-commerce para Annice for Kids SS18\" width=\"400\" height=\"267\" style=\"max-width:400px;max-height:267px\" src=\"https:\/\/lauragruiz.es\/wp-content\/gallery\/moda\/cache\/12-fotografia-moda-catalogo-barcelona-laura-gines-ruiz-lauragruiz.jpg-nggid03337-ngg0dyn-400x0-00f0w010c010r110f110r010t010.jpg\" srcset=\"https:\/\/lauragruiz.es\/wp-content\/gallery\/moda\/cache\/12-fotografia-moda-catalogo-barcelona-laura-gines-ruiz-lauragruiz.jpg-nggid03337-ngg0dyn-400x0-00f0w010c010r110f110r010t010.jpg, https:\/\/lauragruiz.es\/wp-content\/gallery\/moda\/cache\/12-fotografia-moda-catalogo-barcelona-laura-gines-ruiz-lauragruiz.jpg-nggid03337-ngg0dyn-800x0-00f0w010c010r110f110r010t010.jpg 2x\"\/>\n<\/picture>\t\t\t\t<\/a>\n\t\t\t<\/div>\n\t\t\t\t\t\t\t\t\t\t\t<div class='ngg-pro-masonry-item' style='height: 529px; max-width: 400px;'>\n\t\t\t\t<a href=\"https:\/\/lauragruiz.es\/wp-content\/gallery\/moda\/13-fotografia-editorial-beauty-elle-laura-gines-ruiz-grazia-magazine-lauragruiz-bulgaria.png\"\n\t\t\t\t\ttitle=\"Photo&amp;Retouch: Laura Gin\u00e9s Ruiz: Laura Kerdokait\u00e9 from Mad Models Management \/ Style: Noelia \u00c1lvarez \/ Mua: Berta Fort (Burdampi) \/ Hair: Jorge Zunica\"\n\t\t\t\t\tdata-src=\"https:\/\/lauragruiz.es\/wp-content\/gallery\/moda\/13-fotografia-editorial-beauty-elle-laura-gines-ruiz-grazia-magazine-lauragruiz-bulgaria.png\"\n\t\t\t\t\tdata-thumbnail=\"https:\/\/lauragruiz.es\/wp-content\/gallery\/moda\/cache\/13-fotografia-editorial-beauty-elle-laura-gines-ruiz-grazia-magazine-lauragruiz-bulgaria.png-nggid03338-ngg0dyn-794x1050-00f0w010c010r110f110r010t010.png\"\n\t\t\t\t\tdata-image-id=\"338\"\n\t\t\t\t\tdata-title=\"&quot;Freedom&quot; Beauty Editorial para ELLE Bulgaria\"\n\t\t\t\t\tdata-description=\"Photo&amp;Retouch: Laura Gin\u00e9s Ruiz: Laura Kerdokait\u00e9 from Mad Models Management \/ Style: Noelia \u00c1lvarez \/ Mua: Berta Fort (Burdampi) \/ Hair: Jorge Zunica\"\n\t\t\t\t\tdata-ngg-captions-nostylecopy=\"1\"\n\t\t\t\t\tclass=\"ngg-fancybox\" rel=\"e8b0c676eed706ba05b5ef3d2dbe4431\" data-ngg-protect=\"1\">\n\t\t\t\t\t<picture>\n\t\n<source srcset='https:\/\/lauragruiz.es\/wp-content\/gallery\/moda\/cache\/13-fotografia-editorial-beauty-elle-laura-gines-ruiz-grazia-magazine-lauragruiz-bulgaria.png-nggid03338-ngg0dyn-400x0-00f0w010c010r110f110r010t010.png, https:\/\/lauragruiz.es\/wp-content\/gallery\/moda\/cache\/13-fotografia-editorial-beauty-elle-laura-gines-ruiz-grazia-magazine-lauragruiz-bulgaria.png-nggid03338-ngg0dyn-794x1050-00f0w010c010r110f110r010t010.png 2x'>\n<img loading=\"lazy\" decoding=\"async\" title=\"&quot;Freedom&quot; Beauty Editorial para ELLE Bulgaria\" alt=\"&quot;Freedom&quot; Beauty Editorial para ELLE Bulgaria\" width=\"400\" height=\"529\" style=\"max-width:400px;max-height:529px\" src=\"https:\/\/lauragruiz.es\/wp-content\/gallery\/moda\/cache\/13-fotografia-editorial-beauty-elle-laura-gines-ruiz-grazia-magazine-lauragruiz-bulgaria.png-nggid03338-ngg0dyn-400x0-00f0w010c010r110f110r010t010.png\" srcset=\"https:\/\/lauragruiz.es\/wp-content\/gallery\/moda\/cache\/13-fotografia-editorial-beauty-elle-laura-gines-ruiz-grazia-magazine-lauragruiz-bulgaria.png-nggid03338-ngg0dyn-400x0-00f0w010c010r110f110r010t010.png, https:\/\/lauragruiz.es\/wp-content\/gallery\/moda\/cache\/13-fotografia-editorial-beauty-elle-laura-gines-ruiz-grazia-magazine-lauragruiz-bulgaria.png-nggid03338-ngg0dyn-794x1050-00f0w010c010r110f110r010t010.png 2x\"\/>\n<\/picture>\t\t\t\t<\/a>\n\t\t\t<\/div>\n\t\t\t\t\t\t\t\t\t\t\t<div class='ngg-pro-masonry-item' style='height: 599px; max-width: 400px;'>\n\t\t\t\t<a href=\"https:\/\/lauragruiz.es\/wp-content\/gallery\/moda\/14-fotografia-moda-modelos-agencia-espana-retrato-laura-gines-ruiz-lauragruizjpg.jpg\"\n\t\t\t\t\ttitle=\"\"\n\t\t\t\t\tdata-src=\"https:\/\/lauragruiz.es\/wp-content\/gallery\/moda\/14-fotografia-moda-modelos-agencia-espana-retrato-laura-gines-ruiz-lauragruizjpg.jpg\"\n\t\t\t\t\tdata-thumbnail=\"https:\/\/lauragruiz.es\/wp-content\/gallery\/moda\/cache\/14-fotografia-moda-modelos-agencia-espana-retrato-laura-gines-ruiz-lauragruizjpg.jpg-nggid03340-ngg0dyn-800x0-00f0w010c010r110f110r010t010.jpg\"\n\t\t\t\t\tdata-image-id=\"340\"\n\t\t\t\t\tdata-title=\"Maria Mashtakova para Sight Management\"\n\t\t\t\t\tdata-description=\"\"\n\t\t\t\t\tdata-ngg-captions-nostylecopy=\"1\"\n\t\t\t\t\tclass=\"ngg-fancybox\" rel=\"e8b0c676eed706ba05b5ef3d2dbe4431\" data-ngg-protect=\"1\">\n\t\t\t\t\t<picture>\n\t\n<source srcset='https:\/\/lauragruiz.es\/wp-content\/gallery\/moda\/cache\/14-fotografia-moda-modelos-agencia-espana-retrato-laura-gines-ruiz-lauragruizjpg.jpg-nggid03340-ngg0dyn-400x0-00f0w010c010r110f110r010t010.jpg, https:\/\/lauragruiz.es\/wp-content\/gallery\/moda\/cache\/14-fotografia-moda-modelos-agencia-espana-retrato-laura-gines-ruiz-lauragruizjpg.jpg-nggid03340-ngg0dyn-800x0-00f0w010c010r110f110r010t010.jpg 2x'>\n<img loading=\"lazy\" decoding=\"async\" title=\"Maria Mashtakova para Sight Management\" alt=\"Maria Mashtakova para Sight Management\" width=\"400\" height=\"599\" style=\"max-width:400px;max-height:599px\" src=\"https:\/\/lauragruiz.es\/wp-content\/gallery\/moda\/cache\/14-fotografia-moda-modelos-agencia-espana-retrato-laura-gines-ruiz-lauragruizjpg.jpg-nggid03340-ngg0dyn-400x0-00f0w010c010r110f110r010t010.jpg\" srcset=\"https:\/\/lauragruiz.es\/wp-content\/gallery\/moda\/cache\/14-fotografia-moda-modelos-agencia-espana-retrato-laura-gines-ruiz-lauragruizjpg.jpg-nggid03340-ngg0dyn-400x0-00f0w010c010r110f110r010t010.jpg, https:\/\/lauragruiz.es\/wp-content\/gallery\/moda\/cache\/14-fotografia-moda-modelos-agencia-espana-retrato-laura-gines-ruiz-lauragruizjpg.jpg-nggid03340-ngg0dyn-800x0-00f0w010c010r110f110r010t010.jpg 2x\"\/>\n<\/picture>\t\t\t\t<\/a>\n\t\t\t<\/div>\n\t\t\t\t\t\t\t\t\t\t\t<div class='ngg-pro-masonry-item' style='height: 599px; max-width: 400px;'>\n\t\t\t\t<a href=\"https:\/\/lauragruiz.es\/wp-content\/gallery\/moda\/15-fotografia-moda-catalogo-barcelona-laura-gines-ruiz-lauragruiz.jpg\"\n\t\t\t\t\ttitle=\"\"\n\t\t\t\t\tdata-src=\"https:\/\/lauragruiz.es\/wp-content\/gallery\/moda\/15-fotografia-moda-catalogo-barcelona-laura-gines-ruiz-lauragruiz.jpg\"\n\t\t\t\t\tdata-thumbnail=\"https:\/\/lauragruiz.es\/wp-content\/gallery\/moda\/cache\/15-fotografia-moda-catalogo-barcelona-laura-gines-ruiz-lauragruiz.jpg-nggid03339-ngg0dyn-800x0-00f0w010c010r110f110r010t010.jpg\"\n\t\t\t\t\tdata-image-id=\"339\"\n\t\t\t\t\tdata-title=\"Campa\u00f1a para Annice for Kids SS19\"\n\t\t\t\t\tdata-description=\"\"\n\t\t\t\t\tdata-ngg-captions-nostylecopy=\"1\"\n\t\t\t\t\tclass=\"ngg-fancybox\" rel=\"e8b0c676eed706ba05b5ef3d2dbe4431\" data-ngg-protect=\"1\">\n\t\t\t\t\t<picture>\n\t\n<source srcset='https:\/\/lauragruiz.es\/wp-content\/gallery\/moda\/cache\/15-fotografia-moda-catalogo-barcelona-laura-gines-ruiz-lauragruiz.jpg-nggid03339-ngg0dyn-400x0-00f0w010c010r110f110r010t010.jpg, https:\/\/lauragruiz.es\/wp-content\/gallery\/moda\/cache\/15-fotografia-moda-catalogo-barcelona-laura-gines-ruiz-lauragruiz.jpg-nggid03339-ngg0dyn-800x0-00f0w010c010r110f110r010t010.jpg 2x'>\n<img loading=\"lazy\" decoding=\"async\" title=\"Campa\u00f1a para Annice for Kids SS19\" alt=\"Campa\u00f1a para Annice for Kids SS19\" width=\"400\" height=\"599\" style=\"max-width:400px;max-height:599px\" src=\"https:\/\/lauragruiz.es\/wp-content\/gallery\/moda\/cache\/15-fotografia-moda-catalogo-barcelona-laura-gines-ruiz-lauragruiz.jpg-nggid03339-ngg0dyn-400x0-00f0w010c010r110f110r010t010.jpg\" srcset=\"https:\/\/lauragruiz.es\/wp-content\/gallery\/moda\/cache\/15-fotografia-moda-catalogo-barcelona-laura-gines-ruiz-lauragruiz.jpg-nggid03339-ngg0dyn-400x0-00f0w010c010r110f110r010t010.jpg, https:\/\/lauragruiz.es\/wp-content\/gallery\/moda\/cache\/15-fotografia-moda-catalogo-barcelona-laura-gines-ruiz-lauragruiz.jpg-nggid03339-ngg0dyn-800x0-00f0w010c010r110f110r010t010.jpg 2x\"\/>\n<\/picture>\t\t\t\t<\/a>\n\t\t\t<\/div>\n\t\t\t\t\t\t\t\t\t\t\t<div class='ngg-pro-masonry-item' style='height: 599px; max-width: 400px;'>\n\t\t\t\t<a href=\"https:\/\/lauragruiz.es\/wp-content\/gallery\/moda\/16-fotografia-editorial-moda-lofficiel-india-magazine-laura-gines-ruiz-lauragruiz.jpg\"\n\t\t\t\t\ttitle=\"Photo &amp; Retouch: Laura Gin\u00e9s Ruiz \/ Model : Annewil Hokken from Uniko Models \/ Stylist: Noelia Alvarez \/ Mua&amp;Hair: David Jean \/ Photo Asist: Victor Bejarano\"\n\t\t\t\t\tdata-src=\"https:\/\/lauragruiz.es\/wp-content\/gallery\/moda\/16-fotografia-editorial-moda-lofficiel-india-magazine-laura-gines-ruiz-lauragruiz.jpg\"\n\t\t\t\t\tdata-thumbnail=\"https:\/\/lauragruiz.es\/wp-content\/gallery\/moda\/cache\/16-fotografia-editorial-moda-lofficiel-india-magazine-laura-gines-ruiz-lauragruiz.jpg-nggid03341-ngg0dyn-800x0-00f0w010c010r110f110r010t010.jpg\"\n\t\t\t\t\tdata-image-id=\"341\"\n\t\t\t\t\tdata-title=\"&quot;Wild flower&quot; Fashion Editorial para L\u00b4Officiel India\"\n\t\t\t\t\tdata-description=\"Photo &amp; Retouch: Laura Gin\u00e9s Ruiz \/ Model : Annewil Hokken from Uniko Models \/ Stylist: Noelia Alvarez \/ Mua&amp;Hair: David Jean \/ Photo Asist: Victor Bejarano\"\n\t\t\t\t\tdata-ngg-captions-nostylecopy=\"1\"\n\t\t\t\t\tclass=\"ngg-fancybox\" rel=\"e8b0c676eed706ba05b5ef3d2dbe4431\" data-ngg-protect=\"1\">\n\t\t\t\t\t<picture>\n\t\n<source srcset='https:\/\/lauragruiz.es\/wp-content\/gallery\/moda\/cache\/16-fotografia-editorial-moda-lofficiel-india-magazine-laura-gines-ruiz-lauragruiz.jpg-nggid03341-ngg0dyn-400x0-00f0w010c010r110f110r010t010.jpg, https:\/\/lauragruiz.es\/wp-content\/gallery\/moda\/cache\/16-fotografia-editorial-moda-lofficiel-india-magazine-laura-gines-ruiz-lauragruiz.jpg-nggid03341-ngg0dyn-800x0-00f0w010c010r110f110r010t010.jpg 2x'>\n<img loading=\"lazy\" decoding=\"async\" title=\"&quot;Wild flower&quot; Fashion Editorial para L\u00b4Officiel India\" alt=\"&quot;Wild flower&quot; Fashion Editorial para L\u00b4Officiel India\" width=\"400\" height=\"599\" style=\"max-width:400px;max-height:599px\" src=\"https:\/\/lauragruiz.es\/wp-content\/gallery\/moda\/cache\/16-fotografia-editorial-moda-lofficiel-india-magazine-laura-gines-ruiz-lauragruiz.jpg-nggid03341-ngg0dyn-400x0-00f0w010c010r110f110r010t010.jpg\" srcset=\"https:\/\/lauragruiz.es\/wp-content\/gallery\/moda\/cache\/16-fotografia-editorial-moda-lofficiel-india-magazine-laura-gines-ruiz-lauragruiz.jpg-nggid03341-ngg0dyn-400x0-00f0w010c010r110f110r010t010.jpg, https:\/\/lauragruiz.es\/wp-content\/gallery\/moda\/cache\/16-fotografia-editorial-moda-lofficiel-india-magazine-laura-gines-ruiz-lauragruiz.jpg-nggid03341-ngg0dyn-800x0-00f0w010c010r110f110r010t010.jpg 2x\"\/>\n<\/picture>\t\t\t\t<\/a>\n\t\t\t<\/div>\n\t\t\t\t\t\t\t\t\t\t\t<div class='ngg-pro-masonry-item' style='height: 599px; max-width: 400px;'>\n\t\t\t\t<a href=\"https:\/\/lauragruiz.es\/wp-content\/gallery\/moda\/17-fotografia-editorial-moda-laura-gines-ruiz-magazine-lauragruiz.jpg\"\n\t\t\t\t\ttitle=\"Photo&amp;Retouch: Laura Gin\u00e9s Ruiz \/ Models: Anna Maria Tuisk from Sight Management and Ivana R. from Mad Models Management \/ Stylist : Ann Laroque \/ Mua&amp;Hair: Jorge Zunica &amp; Cristina Canes \/ Photo Assist: Rub\u00e9n Salas\"\n\t\t\t\t\tdata-src=\"https:\/\/lauragruiz.es\/wp-content\/gallery\/moda\/17-fotografia-editorial-moda-laura-gines-ruiz-magazine-lauragruiz.jpg\"\n\t\t\t\t\tdata-thumbnail=\"https:\/\/lauragruiz.es\/wp-content\/gallery\/moda\/cache\/17-fotografia-editorial-moda-laura-gines-ruiz-magazine-lauragruiz.jpg-nggid03342-ngg0dyn-800x0-00f0w010c010r110f110r010t010.jpg\"\n\t\t\t\t\tdata-image-id=\"342\"\n\t\t\t\t\tdata-title=\"&quot;Stranger Skin&quot; Fashion Editorial para Solstice Magazine\"\n\t\t\t\t\tdata-description=\"Photo&amp;Retouch: Laura Gin\u00e9s Ruiz \/ Models: Anna Maria Tuisk from Sight Management and Ivana R. from Mad Models Management \/ Stylist : Ann Laroque \/ Mua&amp;Hair: Jorge Zunica &amp; Cristina Canes \/ Photo Assist: Rub\u00e9n Salas\"\n\t\t\t\t\tdata-ngg-captions-nostylecopy=\"1\"\n\t\t\t\t\tclass=\"ngg-fancybox\" rel=\"e8b0c676eed706ba05b5ef3d2dbe4431\" data-ngg-protect=\"1\">\n\t\t\t\t\t<picture>\n\t\n<source srcset='https:\/\/lauragruiz.es\/wp-content\/gallery\/moda\/cache\/17-fotografia-editorial-moda-laura-gines-ruiz-magazine-lauragruiz.jpg-nggid03342-ngg0dyn-400x0-00f0w010c010r110f110r010t010.jpg, https:\/\/lauragruiz.es\/wp-content\/gallery\/moda\/cache\/17-fotografia-editorial-moda-laura-gines-ruiz-magazine-lauragruiz.jpg-nggid03342-ngg0dyn-800x0-00f0w010c010r110f110r010t010.jpg 2x'>\n<img loading=\"lazy\" decoding=\"async\" title=\"&quot;Stranger Skin&quot; Fashion Editorial para Solstice Magazine\" alt=\"&quot;Stranger Skin&quot; Fashion Editorial para Solstice Magazine\" width=\"400\" height=\"599\" style=\"max-width:400px;max-height:599px\" src=\"https:\/\/lauragruiz.es\/wp-content\/gallery\/moda\/cache\/17-fotografia-editorial-moda-laura-gines-ruiz-magazine-lauragruiz.jpg-nggid03342-ngg0dyn-400x0-00f0w010c010r110f110r010t010.jpg\" srcset=\"https:\/\/lauragruiz.es\/wp-content\/gallery\/moda\/cache\/17-fotografia-editorial-moda-laura-gines-ruiz-magazine-lauragruiz.jpg-nggid03342-ngg0dyn-400x0-00f0w010c010r110f110r010t010.jpg, https:\/\/lauragruiz.es\/wp-content\/gallery\/moda\/cache\/17-fotografia-editorial-moda-laura-gines-ruiz-magazine-lauragruiz.jpg-nggid03342-ngg0dyn-800x0-00f0w010c010r110f110r010t010.jpg 2x\"\/>\n<\/picture>\t\t\t\t<\/a>\n\t\t\t<\/div>\n\t\t\t\t\t\t\t\t\t\t\t<div class='ngg-pro-masonry-item' style='height: 600px; max-width: 400px;'>\n\t\t\t\t<a href=\"https:\/\/lauragruiz.es\/wp-content\/gallery\/moda\/18-fotografia-moda-book-modelos-agencia-espana-retrato-laura-gines-ruiz-lauragruiz.jpg\"\n\t\t\t\t\ttitle=\"\"\n\t\t\t\t\tdata-src=\"https:\/\/lauragruiz.es\/wp-content\/gallery\/moda\/18-fotografia-moda-book-modelos-agencia-espana-retrato-laura-gines-ruiz-lauragruiz.jpg\"\n\t\t\t\t\tdata-thumbnail=\"https:\/\/lauragruiz.es\/wp-content\/gallery\/moda\/cache\/18-fotografia-moda-book-modelos-agencia-espana-retrato-laura-gines-ruiz-lauragruiz.jpg-nggid03343-ngg0dyn-800x1200-00f0w010c010r110f110r010t010.jpg\"\n\t\t\t\t\tdata-image-id=\"343\"\n\t\t\t\t\tdata-title=\"Mazarine Henninger para Francina Models\"\n\t\t\t\t\tdata-description=\"\"\n\t\t\t\t\tdata-ngg-captions-nostylecopy=\"1\"\n\t\t\t\t\tclass=\"ngg-fancybox\" rel=\"e8b0c676eed706ba05b5ef3d2dbe4431\" data-ngg-protect=\"1\">\n\t\t\t\t\t<picture>\n\t\n<source srcset='https:\/\/lauragruiz.es\/wp-content\/gallery\/moda\/cache\/18-fotografia-moda-book-modelos-agencia-espana-retrato-laura-gines-ruiz-lauragruiz.jpg-nggid03343-ngg0dyn-400x0-00f0w010c010r110f110r010t010.jpg, https:\/\/lauragruiz.es\/wp-content\/gallery\/moda\/cache\/18-fotografia-moda-book-modelos-agencia-espana-retrato-laura-gines-ruiz-lauragruiz.jpg-nggid03343-ngg0dyn-800x1200-00f0w010c010r110f110r010t010.jpg 2x'>\n<img loading=\"lazy\" decoding=\"async\" title=\"Mazarine Henninger para Francina Models\" alt=\"Mazarine Henninger para Francina Models\" width=\"400\" height=\"600\" style=\"max-width:400px;max-height:600px\" src=\"https:\/\/lauragruiz.es\/wp-content\/gallery\/moda\/cache\/18-fotografia-moda-book-modelos-agencia-espana-retrato-laura-gines-ruiz-lauragruiz.jpg-nggid03343-ngg0dyn-400x0-00f0w010c010r110f110r010t010.jpg\" srcset=\"https:\/\/lauragruiz.es\/wp-content\/gallery\/moda\/cache\/18-fotografia-moda-book-modelos-agencia-espana-retrato-laura-gines-ruiz-lauragruiz.jpg-nggid03343-ngg0dyn-400x0-00f0w010c010r110f110r010t010.jpg, https:\/\/lauragruiz.es\/wp-content\/gallery\/moda\/cache\/18-fotografia-moda-book-modelos-agencia-espana-retrato-laura-gines-ruiz-lauragruiz.jpg-nggid03343-ngg0dyn-800x1200-00f0w010c010r110f110r010t010.jpg 2x\"\/>\n<\/picture>\t\t\t\t<\/a>\n\t\t\t<\/div>\n\t\t\t\t\t\t\t\t\t\t\t<div class='ngg-pro-masonry-item' style='height: 599px; max-width: 400px;'>\n\t\t\t\t<a href=\"https:\/\/lauragruiz.es\/wp-content\/gallery\/moda\/19-fotografia-test-moda-modelos-agencia-espana-retrato-laura-gines-ruiz-lauragruiz.jpg\"\n\t\t\t\t\ttitle=\"\"\n\t\t\t\t\tdata-src=\"https:\/\/lauragruiz.es\/wp-content\/gallery\/moda\/19-fotografia-test-moda-modelos-agencia-espana-retrato-laura-gines-ruiz-lauragruiz.jpg\"\n\t\t\t\t\tdata-thumbnail=\"https:\/\/lauragruiz.es\/wp-content\/gallery\/moda\/cache\/19-fotografia-test-moda-modelos-agencia-espana-retrato-laura-gines-ruiz-lauragruiz.jpg-nggid03344-ngg0dyn-800x0-00f0w010c010r110f110r010t010.jpg\"\n\t\t\t\t\tdata-image-id=\"344\"\n\t\t\t\t\tdata-title=\"Maja Maric para Mad Models Management\"\n\t\t\t\t\tdata-description=\"\"\n\t\t\t\t\tdata-ngg-captions-nostylecopy=\"1\"\n\t\t\t\t\tclass=\"ngg-fancybox\" rel=\"e8b0c676eed706ba05b5ef3d2dbe4431\" data-ngg-protect=\"1\">\n\t\t\t\t\t<picture>\n\t\n<source srcset='https:\/\/lauragruiz.es\/wp-content\/gallery\/moda\/cache\/19-fotografia-test-moda-modelos-agencia-espana-retrato-laura-gines-ruiz-lauragruiz.jpg-nggid03344-ngg0dyn-400x0-00f0w010c010r110f110r010t010.jpg, https:\/\/lauragruiz.es\/wp-content\/gallery\/moda\/cache\/19-fotografia-test-moda-modelos-agencia-espana-retrato-laura-gines-ruiz-lauragruiz.jpg-nggid03344-ngg0dyn-800x0-00f0w010c010r110f110r010t010.jpg 2x'>\n<img loading=\"lazy\" decoding=\"async\" title=\"Maja Maric para Mad Models Management\" alt=\"Maja Maric para Mad Models Management\" width=\"400\" height=\"599\" style=\"max-width:400px;max-height:599px\" src=\"https:\/\/lauragruiz.es\/wp-content\/gallery\/moda\/cache\/19-fotografia-test-moda-modelos-agencia-espana-retrato-laura-gines-ruiz-lauragruiz.jpg-nggid03344-ngg0dyn-400x0-00f0w010c010r110f110r010t010.jpg\" srcset=\"https:\/\/lauragruiz.es\/wp-content\/gallery\/moda\/cache\/19-fotografia-test-moda-modelos-agencia-espana-retrato-laura-gines-ruiz-lauragruiz.jpg-nggid03344-ngg0dyn-400x0-00f0w010c010r110f110r010t010.jpg, https:\/\/lauragruiz.es\/wp-content\/gallery\/moda\/cache\/19-fotografia-test-moda-modelos-agencia-espana-retrato-laura-gines-ruiz-lauragruiz.jpg-nggid03344-ngg0dyn-800x0-00f0w010c010r110f110r010t010.jpg 2x\"\/>\n<\/picture>\t\t\t\t<\/a>\n\t\t\t<\/div>\n\t\t\t\t\t\t\t\t\t\t\t<div class='ngg-pro-masonry-item' style='height: 600px; max-width: 400px;'>\n\t\t\t\t<a href=\"https:\/\/lauragruiz.es\/wp-content\/gallery\/moda\/20-fotografia-editorial-beauty-silence-laura-gines-ruiz-grazia-magazine-lauragruiz-belleza.jpg\"\n\t\t\t\t\ttitle=\"Photo&amp;Retouch: Laura Gin\u00e9s Ruiz \/ Model: Aricia Lima from Blow Models \/ Mua&amp;Hair: Laura Sanchez from Glow Barcelona\"\n\t\t\t\t\tdata-src=\"https:\/\/lauragruiz.es\/wp-content\/gallery\/moda\/20-fotografia-editorial-beauty-silence-laura-gines-ruiz-grazia-magazine-lauragruiz-belleza.jpg\"\n\t\t\t\t\tdata-thumbnail=\"https:\/\/lauragruiz.es\/wp-content\/gallery\/moda\/cache\/20-fotografia-editorial-beauty-silence-laura-gines-ruiz-grazia-magazine-lauragruiz-belleza.jpg-nggid03346-ngg0dyn-800x1200-00f0w010c010r110f110r010t010.jpg\"\n\t\t\t\t\tdata-image-id=\"346\"\n\t\t\t\t\tdata-title=\"&quot;Silence&quot; Beauty Editorial para Grazia Indonesia\"\n\t\t\t\t\tdata-description=\"Photo&amp;Retouch: Laura Gin\u00e9s Ruiz \/ Model: Aricia Lima from Blow Models \/ Mua&amp;Hair: Laura Sanchez from Glow Barcelona\"\n\t\t\t\t\tdata-ngg-captions-nostylecopy=\"1\"\n\t\t\t\t\tclass=\"ngg-fancybox\" rel=\"e8b0c676eed706ba05b5ef3d2dbe4431\" data-ngg-protect=\"1\">\n\t\t\t\t\t<picture>\n\t\n<source srcset='https:\/\/lauragruiz.es\/wp-content\/gallery\/moda\/cache\/20-fotografia-editorial-beauty-silence-laura-gines-ruiz-grazia-magazine-lauragruiz-belleza.jpg-nggid03346-ngg0dyn-400x0-00f0w010c010r110f110r010t010.jpg, https:\/\/lauragruiz.es\/wp-content\/gallery\/moda\/cache\/20-fotografia-editorial-beauty-silence-laura-gines-ruiz-grazia-magazine-lauragruiz-belleza.jpg-nggid03346-ngg0dyn-800x1200-00f0w010c010r110f110r010t010.jpg 2x'>\n<img loading=\"lazy\" decoding=\"async\" title=\"&quot;Silence&quot; Beauty Editorial para Grazia Indonesia\" alt=\"&quot;Silence&quot; Beauty Editorial para Grazia Indonesia\" width=\"400\" height=\"600\" style=\"max-width:400px;max-height:600px\" src=\"https:\/\/lauragruiz.es\/wp-content\/gallery\/moda\/cache\/20-fotografia-editorial-beauty-silence-laura-gines-ruiz-grazia-magazine-lauragruiz-belleza.jpg-nggid03346-ngg0dyn-400x0-00f0w010c010r110f110r010t010.jpg\" srcset=\"https:\/\/lauragruiz.es\/wp-content\/gallery\/moda\/cache\/20-fotografia-editorial-beauty-silence-laura-gines-ruiz-grazia-magazine-lauragruiz-belleza.jpg-nggid03346-ngg0dyn-400x0-00f0w010c010r110f110r010t010.jpg, https:\/\/lauragruiz.es\/wp-content\/gallery\/moda\/cache\/20-fotografia-editorial-beauty-silence-laura-gines-ruiz-grazia-magazine-lauragruiz-belleza.jpg-nggid03346-ngg0dyn-800x1200-00f0w010c010r110f110r010t010.jpg 2x\"\/>\n<\/picture>\t\t\t\t<\/a>\n\t\t\t<\/div>\n\t\t\t\t\t\t\t\t\t\t\t<div class='ngg-pro-masonry-item' style='height: 600px; max-width: 400px;'>\n\t\t\t\t<a href=\"https:\/\/lauragruiz.es\/wp-content\/gallery\/moda\/21-fotografia-editorial-moda-beauty-lofficiel-magazine-laura-gines-ruiz-lauragruiz.jpg\"\n\t\t\t\t\ttitle=\"Photo &amp; Retouch: Laura Gin\u00e9s Ruiz \/ Model : Annewil Hokken from Uniko Models \/ Stylist: Noelia Alvarez \/ Mua&amp;Hair: David Jean \/ Photo Asist: Victor Bejarano\"\n\t\t\t\t\tdata-src=\"https:\/\/lauragruiz.es\/wp-content\/gallery\/moda\/21-fotografia-editorial-moda-beauty-lofficiel-magazine-laura-gines-ruiz-lauragruiz.jpg\"\n\t\t\t\t\tdata-thumbnail=\"https:\/\/lauragruiz.es\/wp-content\/gallery\/moda\/cache\/21-fotografia-editorial-moda-beauty-lofficiel-magazine-laura-gines-ruiz-lauragruiz.jpg-nggid03345-ngg0dyn-800x1200-00f0w010c010r110f110r010t010.jpg\"\n\t\t\t\t\tdata-image-id=\"345\"\n\t\t\t\t\tdata-title=\"&quot;Wild flower&quot; Fashion Editorial para L\u00b4Officiel India\"\n\t\t\t\t\tdata-description=\"Photo &amp; Retouch: Laura Gin\u00e9s Ruiz \/ Model : Annewil Hokken from Uniko Models \/ Stylist: Noelia Alvarez \/ Mua&amp;Hair: David Jean \/ Photo Asist: Victor Bejarano\"\n\t\t\t\t\tdata-ngg-captions-nostylecopy=\"1\"\n\t\t\t\t\tclass=\"ngg-fancybox\" rel=\"e8b0c676eed706ba05b5ef3d2dbe4431\" data-ngg-protect=\"1\">\n\t\t\t\t\t<picture>\n\t\n<source srcset='https:\/\/lauragruiz.es\/wp-content\/gallery\/moda\/cache\/21-fotografia-editorial-moda-beauty-lofficiel-magazine-laura-gines-ruiz-lauragruiz.jpg-nggid03345-ngg0dyn-400x0-00f0w010c010r110f110r010t010.jpg, https:\/\/lauragruiz.es\/wp-content\/gallery\/moda\/cache\/21-fotografia-editorial-moda-beauty-lofficiel-magazine-laura-gines-ruiz-lauragruiz.jpg-nggid03345-ngg0dyn-800x1200-00f0w010c010r110f110r010t010.jpg 2x'>\n<img loading=\"lazy\" decoding=\"async\" title=\"&quot;Wild flower&quot; Fashion Editorial para L\u00b4Officiel India\" alt=\"&quot;Wild flower&quot; Fashion Editorial para L\u00b4Officiel India\" width=\"400\" height=\"600\" style=\"max-width:400px;max-height:600px\" src=\"https:\/\/lauragruiz.es\/wp-content\/gallery\/moda\/cache\/21-fotografia-editorial-moda-beauty-lofficiel-magazine-laura-gines-ruiz-lauragruiz.jpg-nggid03345-ngg0dyn-400x0-00f0w010c010r110f110r010t010.jpg\" srcset=\"https:\/\/lauragruiz.es\/wp-content\/gallery\/moda\/cache\/21-fotografia-editorial-moda-beauty-lofficiel-magazine-laura-gines-ruiz-lauragruiz.jpg-nggid03345-ngg0dyn-400x0-00f0w010c010r110f110r010t010.jpg, https:\/\/lauragruiz.es\/wp-content\/gallery\/moda\/cache\/21-fotografia-editorial-moda-beauty-lofficiel-magazine-laura-gines-ruiz-lauragruiz.jpg-nggid03345-ngg0dyn-800x1200-00f0w010c010r110f110r010t010.jpg 2x\"\/>\n<\/picture>\t\t\t\t<\/a>\n\t\t\t<\/div>\n\t\t\t\t\t\t\t\t\t\t\t<div class='ngg-pro-masonry-item' style='height: 599px; max-width: 400px;'>\n\t\t\t\t<a href=\"https:\/\/lauragruiz.es\/wp-content\/gallery\/moda\/22-fotografia-moda-modelos-editorial-barcelona-laura-gines-ruiz-lauragruiz.jpg\"\n\t\t\t\t\ttitle=\"Photo&amp;Retouch: Laura Gin\u00e9s Ruiz \/ Stylist: Alex Montoya Mart\u00edn \/ Mua&amp;Hair: Jorge Z\u00fanica \/ Models: Regina T.  from Casta Models\"\n\t\t\t\t\tdata-src=\"https:\/\/lauragruiz.es\/wp-content\/gallery\/moda\/22-fotografia-moda-modelos-editorial-barcelona-laura-gines-ruiz-lauragruiz.jpg\"\n\t\t\t\t\tdata-thumbnail=\"https:\/\/lauragruiz.es\/wp-content\/gallery\/moda\/cache\/22-fotografia-moda-modelos-editorial-barcelona-laura-gines-ruiz-lauragruiz.jpg-nggid03347-ngg0dyn-800x0-00f0w010c010r110f110r010t010.jpg\"\n\t\t\t\t\tdata-image-id=\"347\"\n\t\t\t\t\tdata-title=\"&quot;Cropfield&quot; Fashion Editorial para KOOSS Magazine\"\n\t\t\t\t\tdata-description=\"Photo&amp;Retouch: Laura Gin\u00e9s Ruiz \/ Stylist: Alex Montoya Mart\u00edn \/ Mua&amp;Hair: Jorge Z\u00fanica \/ Models: Regina T.  from Casta Models\"\n\t\t\t\t\tdata-ngg-captions-nostylecopy=\"1\"\n\t\t\t\t\tclass=\"ngg-fancybox\" rel=\"e8b0c676eed706ba05b5ef3d2dbe4431\" data-ngg-protect=\"1\">\n\t\t\t\t\t<picture>\n\t\n<source srcset='https:\/\/lauragruiz.es\/wp-content\/gallery\/moda\/cache\/22-fotografia-moda-modelos-editorial-barcelona-laura-gines-ruiz-lauragruiz.jpg-nggid03347-ngg0dyn-400x0-00f0w010c010r110f110r010t010.jpg, https:\/\/lauragruiz.es\/wp-content\/gallery\/moda\/cache\/22-fotografia-moda-modelos-editorial-barcelona-laura-gines-ruiz-lauragruiz.jpg-nggid03347-ngg0dyn-800x0-00f0w010c010r110f110r010t010.jpg 2x'>\n<img loading=\"lazy\" decoding=\"async\" title=\"&quot;Cropfield&quot; Fashion Editorial para KOOSS Magazine\" alt=\"&quot;Cropfield&quot; Fashion Editorial para KOOSS Magazine\" width=\"400\" height=\"599\" style=\"max-width:400px;max-height:599px\" src=\"https:\/\/lauragruiz.es\/wp-content\/gallery\/moda\/cache\/22-fotografia-moda-modelos-editorial-barcelona-laura-gines-ruiz-lauragruiz.jpg-nggid03347-ngg0dyn-400x0-00f0w010c010r110f110r010t010.jpg\" srcset=\"https:\/\/lauragruiz.es\/wp-content\/gallery\/moda\/cache\/22-fotografia-moda-modelos-editorial-barcelona-laura-gines-ruiz-lauragruiz.jpg-nggid03347-ngg0dyn-400x0-00f0w010c010r110f110r010t010.jpg, https:\/\/lauragruiz.es\/wp-content\/gallery\/moda\/cache\/22-fotografia-moda-modelos-editorial-barcelona-laura-gines-ruiz-lauragruiz.jpg-nggid03347-ngg0dyn-800x0-00f0w010c010r110f110r010t010.jpg 2x\"\/>\n<\/picture>\t\t\t\t<\/a>\n\t\t\t<\/div>\n\t\t\t\t\t\t\t\t\t\t\t<div class='ngg-pro-masonry-item' style='height: 534px; max-width: 400px;'>\n\t\t\t\t<a href=\"https:\/\/lauragruiz.es\/wp-content\/gallery\/moda\/23-fotografia-editorial-beauty-elle-laura-gines-ruiz-grazia-magazine-lauragruiz-bulgary.png\"\n\t\t\t\t\ttitle=\"Photo&amp;Retouch: Laura Gin\u00e9s Ruiz: Laura Kerdokait\u00e9 from Mad Models Management \/ Style: Noelia \u00c1lvarez \/ Mua: Berta Fort  \/ Hair: Jorge Zunica\"\n\t\t\t\t\tdata-src=\"https:\/\/lauragruiz.es\/wp-content\/gallery\/moda\/23-fotografia-editorial-beauty-elle-laura-gines-ruiz-grazia-magazine-lauragruiz-bulgary.png\"\n\t\t\t\t\tdata-thumbnail=\"https:\/\/lauragruiz.es\/wp-content\/gallery\/moda\/cache\/23-fotografia-editorial-beauty-elle-laura-gines-ruiz-grazia-magazine-lauragruiz-bulgary.png-nggid03348-ngg0dyn-786x1049-00f0w010c010r110f110r010t010.png\"\n\t\t\t\t\tdata-image-id=\"348\"\n\t\t\t\t\tdata-title=\"&quot;Freedom&quot; Beauty Editorial para ELLE Bulgaria\"\n\t\t\t\t\tdata-description=\"Photo&amp;Retouch: Laura Gin\u00e9s Ruiz: Laura Kerdokait\u00e9 from Mad Models Management \/ Style: Noelia \u00c1lvarez \/ Mua: Berta Fort  \/ Hair: Jorge Zunica\"\n\t\t\t\t\tdata-ngg-captions-nostylecopy=\"1\"\n\t\t\t\t\tclass=\"ngg-fancybox\" rel=\"e8b0c676eed706ba05b5ef3d2dbe4431\" data-ngg-protect=\"1\">\n\t\t\t\t\t<picture>\n\t\n<source srcset='https:\/\/lauragruiz.es\/wp-content\/gallery\/moda\/cache\/23-fotografia-editorial-beauty-elle-laura-gines-ruiz-grazia-magazine-lauragruiz-bulgary.png-nggid03348-ngg0dyn-400x0-00f0w010c010r110f110r010t010.png, https:\/\/lauragruiz.es\/wp-content\/gallery\/moda\/cache\/23-fotografia-editorial-beauty-elle-laura-gines-ruiz-grazia-magazine-lauragruiz-bulgary.png-nggid03348-ngg0dyn-786x1049-00f0w010c010r110f110r010t010.png 2x'>\n<img loading=\"lazy\" decoding=\"async\" title=\"&quot;Freedom&quot; Beauty Editorial para ELLE Bulgaria\" alt=\"&quot;Freedom&quot; Beauty Editorial para ELLE Bulgaria\" width=\"400\" height=\"534\" style=\"max-width:400px;max-height:534px\" src=\"https:\/\/lauragruiz.es\/wp-content\/gallery\/moda\/cache\/23-fotografia-editorial-beauty-elle-laura-gines-ruiz-grazia-magazine-lauragruiz-bulgary.png-nggid03348-ngg0dyn-400x0-00f0w010c010r110f110r010t010.png\" srcset=\"https:\/\/lauragruiz.es\/wp-content\/gallery\/moda\/cache\/23-fotografia-editorial-beauty-elle-laura-gines-ruiz-grazia-magazine-lauragruiz-bulgary.png-nggid03348-ngg0dyn-400x0-00f0w010c010r110f110r010t010.png, https:\/\/lauragruiz.es\/wp-content\/gallery\/moda\/cache\/23-fotografia-editorial-beauty-elle-laura-gines-ruiz-grazia-magazine-lauragruiz-bulgary.png-nggid03348-ngg0dyn-786x1049-00f0w010c010r110f110r010t010.png 2x\"\/>\n<\/picture>\t\t\t\t<\/a>\n\t\t\t<\/div>\n\t\t\t\t\t\t\t\t\t\t\t<div class='ngg-pro-masonry-item' style='height: 599px; max-width: 400px;'>\n\t\t\t\t<a href=\"https:\/\/lauragruiz.es\/wp-content\/gallery\/moda\/24-fotografia-editorial-moda-laura-gines-ruiz-magazine-lauragruiz.jpg\"\n\t\t\t\t\ttitle=\"Photo&amp;Retouch: Laura Gin\u00e9s Ruiz \/ Models: Anna Maria Tuisk from Sight Management and Ivana R. from Mad Models Management \/ Stylist : Ann Laroque \/ Mua&amp;Hair: Jorge Zunica &amp; Cristina Canes \/ Photo Assist: Rub\u00e9n Salas\"\n\t\t\t\t\tdata-src=\"https:\/\/lauragruiz.es\/wp-content\/gallery\/moda\/24-fotografia-editorial-moda-laura-gines-ruiz-magazine-lauragruiz.jpg\"\n\t\t\t\t\tdata-thumbnail=\"https:\/\/lauragruiz.es\/wp-content\/gallery\/moda\/cache\/24-fotografia-editorial-moda-laura-gines-ruiz-magazine-lauragruiz.jpg-nggid03349-ngg0dyn-800x0-00f0w010c010r110f110r010t010.jpg\"\n\t\t\t\t\tdata-image-id=\"349\"\n\t\t\t\t\tdata-title=\"&quot;Stranger Skin&quot; Fashion Editorial para Solstice Magazine\"\n\t\t\t\t\tdata-description=\"Photo&amp;Retouch: Laura Gin\u00e9s Ruiz \/ Models: Anna Maria Tuisk from Sight Management and Ivana R. from Mad Models Management \/ Stylist : Ann Laroque \/ Mua&amp;Hair: Jorge Zunica &amp; Cristina Canes \/ Photo Assist: Rub\u00e9n Salas\"\n\t\t\t\t\tdata-ngg-captions-nostylecopy=\"1\"\n\t\t\t\t\tclass=\"ngg-fancybox\" rel=\"e8b0c676eed706ba05b5ef3d2dbe4431\" data-ngg-protect=\"1\">\n\t\t\t\t\t<picture>\n\t\n<source srcset='https:\/\/lauragruiz.es\/wp-content\/gallery\/moda\/cache\/24-fotografia-editorial-moda-laura-gines-ruiz-magazine-lauragruiz.jpg-nggid03349-ngg0dyn-400x0-00f0w010c010r110f110r010t010.jpg, https:\/\/lauragruiz.es\/wp-content\/gallery\/moda\/cache\/24-fotografia-editorial-moda-laura-gines-ruiz-magazine-lauragruiz.jpg-nggid03349-ngg0dyn-800x0-00f0w010c010r110f110r010t010.jpg 2x'>\n<img loading=\"lazy\" decoding=\"async\" title=\"&quot;Stranger Skin&quot; Fashion Editorial para Solstice Magazine\" alt=\"&quot;Stranger Skin&quot; Fashion Editorial para Solstice Magazine\" width=\"400\" height=\"599\" style=\"max-width:400px;max-height:599px\" src=\"https:\/\/lauragruiz.es\/wp-content\/gallery\/moda\/cache\/24-fotografia-editorial-moda-laura-gines-ruiz-magazine-lauragruiz.jpg-nggid03349-ngg0dyn-400x0-00f0w010c010r110f110r010t010.jpg\" srcset=\"https:\/\/lauragruiz.es\/wp-content\/gallery\/moda\/cache\/24-fotografia-editorial-moda-laura-gines-ruiz-magazine-lauragruiz.jpg-nggid03349-ngg0dyn-400x0-00f0w010c010r110f110r010t010.jpg, https:\/\/lauragruiz.es\/wp-content\/gallery\/moda\/cache\/24-fotografia-editorial-moda-laura-gines-ruiz-magazine-lauragruiz.jpg-nggid03349-ngg0dyn-800x0-00f0w010c010r110f110r010t010.jpg 2x\"\/>\n<\/picture>\t\t\t\t<\/a>\n\t\t\t<\/div>\n\t\t\t\t\t\t\t\t\t\t\t<div class='ngg-pro-masonry-item' style='height: 600px; max-width: 400px;'>\n\t\t\t\t<a href=\"https:\/\/lauragruiz.es\/wp-content\/gallery\/moda\/25-fotografia-moda-catalogo-barcelona-laura-gines-ruiz-lauragruiz.jpg\"\n\t\t\t\t\ttitle=\"\"\n\t\t\t\t\tdata-src=\"https:\/\/lauragruiz.es\/wp-content\/gallery\/moda\/25-fotografia-moda-catalogo-barcelona-laura-gines-ruiz-lauragruiz.jpg\"\n\t\t\t\t\tdata-thumbnail=\"https:\/\/lauragruiz.es\/wp-content\/gallery\/moda\/cache\/25-fotografia-moda-catalogo-barcelona-laura-gines-ruiz-lauragruiz.jpg-nggid03350-ngg0dyn-800x1200-00f0w010c010r110f110r010t010.jpg\"\n\t\t\t\t\tdata-image-id=\"350\"\n\t\t\t\t\tdata-title=\"Lookbook e-commerce para Annice for Kids SS17\"\n\t\t\t\t\tdata-description=\"\"\n\t\t\t\t\tdata-ngg-captions-nostylecopy=\"1\"\n\t\t\t\t\tclass=\"ngg-fancybox\" rel=\"e8b0c676eed706ba05b5ef3d2dbe4431\" data-ngg-protect=\"1\">\n\t\t\t\t\t<picture>\n\t\n<source srcset='https:\/\/lauragruiz.es\/wp-content\/gallery\/moda\/cache\/25-fotografia-moda-catalogo-barcelona-laura-gines-ruiz-lauragruiz.jpg-nggid03350-ngg0dyn-400x0-00f0w010c010r110f110r010t010.jpg, https:\/\/lauragruiz.es\/wp-content\/gallery\/moda\/cache\/25-fotografia-moda-catalogo-barcelona-laura-gines-ruiz-lauragruiz.jpg-nggid03350-ngg0dyn-800x1200-00f0w010c010r110f110r010t010.jpg 2x'>\n<img loading=\"lazy\" decoding=\"async\" title=\"Lookbook e-commerce para Annice for Kids SS17\" alt=\"Lookbook e-commerce para Annice for Kids SS17\" width=\"400\" height=\"600\" style=\"max-width:400px;max-height:600px\" src=\"https:\/\/lauragruiz.es\/wp-content\/gallery\/moda\/cache\/25-fotografia-moda-catalogo-barcelona-laura-gines-ruiz-lauragruiz.jpg-nggid03350-ngg0dyn-400x0-00f0w010c010r110f110r010t010.jpg\" srcset=\"https:\/\/lauragruiz.es\/wp-content\/gallery\/moda\/cache\/25-fotografia-moda-catalogo-barcelona-laura-gines-ruiz-lauragruiz.jpg-nggid03350-ngg0dyn-400x0-00f0w010c010r110f110r010t010.jpg, https:\/\/lauragruiz.es\/wp-content\/gallery\/moda\/cache\/25-fotografia-moda-catalogo-barcelona-laura-gines-ruiz-lauragruiz.jpg-nggid03350-ngg0dyn-800x1200-00f0w010c010r110f110r010t010.jpg 2x\"\/>\n<\/picture>\t\t\t\t<\/a>\n\t\t\t<\/div>\n\t\t\t\t\t\t\t\t\t\t\t<div class='ngg-pro-masonry-item' style='height: 600px; max-width: 400px;'>\n\t\t\t\t<a href=\"https:\/\/lauragruiz.es\/wp-content\/gallery\/moda\/26-fotografia-editorial-beauty-silence-laura-gines-ruiz-grazia-magazine-lauragruiz-moda.jpg\"\n\t\t\t\t\ttitle=\"Photo&amp;Retouch: Laura Gin\u00e9s Ruiz \/ Model: Aricia Lima from Blow Models \/ Mua&amp;Hair: Laura Sanchez from Glow Barcelona\"\n\t\t\t\t\tdata-src=\"https:\/\/lauragruiz.es\/wp-content\/gallery\/moda\/26-fotografia-editorial-beauty-silence-laura-gines-ruiz-grazia-magazine-lauragruiz-moda.jpg\"\n\t\t\t\t\tdata-thumbnail=\"https:\/\/lauragruiz.es\/wp-content\/gallery\/moda\/cache\/26-fotografia-editorial-beauty-silence-laura-gines-ruiz-grazia-magazine-lauragruiz-moda.jpg-nggid03351-ngg0dyn-800x1200-00f0w010c010r110f110r010t010.jpg\"\n\t\t\t\t\tdata-image-id=\"351\"\n\t\t\t\t\tdata-title=\"&quot;Silence&quot; Beauty Editorial para Grazia Indonesia\"\n\t\t\t\t\tdata-description=\"Photo&amp;Retouch: Laura Gin\u00e9s Ruiz \/ Model: Aricia Lima from Blow Models \/ Mua&amp;Hair: Laura Sanchez from Glow Barcelona\"\n\t\t\t\t\tdata-ngg-captions-nostylecopy=\"1\"\n\t\t\t\t\tclass=\"ngg-fancybox\" rel=\"e8b0c676eed706ba05b5ef3d2dbe4431\" data-ngg-protect=\"1\">\n\t\t\t\t\t<picture>\n\t\n<source srcset='https:\/\/lauragruiz.es\/wp-content\/gallery\/moda\/cache\/26-fotografia-editorial-beauty-silence-laura-gines-ruiz-grazia-magazine-lauragruiz-moda.jpg-nggid03351-ngg0dyn-400x0-00f0w010c010r110f110r010t010.jpg, https:\/\/lauragruiz.es\/wp-content\/gallery\/moda\/cache\/26-fotografia-editorial-beauty-silence-laura-gines-ruiz-grazia-magazine-lauragruiz-moda.jpg-nggid03351-ngg0dyn-800x1200-00f0w010c010r110f110r010t010.jpg 2x'>\n<img loading=\"lazy\" decoding=\"async\" title=\"&quot;Silence&quot; Beauty Editorial para Grazia Indonesia\" alt=\"&quot;Silence&quot; Beauty Editorial para Grazia Indonesia\" width=\"400\" height=\"600\" style=\"max-width:400px;max-height:600px\" src=\"https:\/\/lauragruiz.es\/wp-content\/gallery\/moda\/cache\/26-fotografia-editorial-beauty-silence-laura-gines-ruiz-grazia-magazine-lauragruiz-moda.jpg-nggid03351-ngg0dyn-400x0-00f0w010c010r110f110r010t010.jpg\" srcset=\"https:\/\/lauragruiz.es\/wp-content\/gallery\/moda\/cache\/26-fotografia-editorial-beauty-silence-laura-gines-ruiz-grazia-magazine-lauragruiz-moda.jpg-nggid03351-ngg0dyn-400x0-00f0w010c010r110f110r010t010.jpg, https:\/\/lauragruiz.es\/wp-content\/gallery\/moda\/cache\/26-fotografia-editorial-beauty-silence-laura-gines-ruiz-grazia-magazine-lauragruiz-moda.jpg-nggid03351-ngg0dyn-800x1200-00f0w010c010r110f110r010t010.jpg 2x\"\/>\n<\/picture>\t\t\t\t<\/a>\n\t\t\t<\/div>\n\t\t\t\t\t\t\t\t\t\t\t<\/div><\/div><br>\n<\/p>\t\t\t\t\t\t\t\t<\/div>\n\t\t\t\t<\/div>\n\t\t\t\t\t<\/div>\n\t\t<\/div>\n\t\t\t\t\t<\/div>\n\t\t<\/section>\n\t\t\t\t<section class=\"elementor-section elementor-top-section elementor-element elementor-element-d6b6892 elementor-section-boxed elementor-section-height-default elementor-section-height-default\" data-id=\"d6b6892\" data-element_type=\"section\" data-e-type=\"section\">\n\t\t\t\t\t\t<div class=\"elementor-container elementor-column-gap-default\">\n\t\t\t\t\t<div class=\"elementor-column elementor-col-100 elementor-top-column elementor-element elementor-element-702cd34\" data-id=\"702cd34\" data-element_type=\"column\" data-e-type=\"column\">\n\t\t\t<div class=\"elementor-widget-wrap elementor-element-populated\">\n\t\t\t\t\t\t<div class=\"elementor-element elementor-element-52b1e1c elementor-widget elementor-widget-spacer\" data-id=\"52b1e1c\" data-element_type=\"widget\" data-e-type=\"widget\" data-widget_type=\"spacer.default\">\n\t\t\t\t<div class=\"elementor-widget-container\">\n\t\t\t\t\t\t\t<div class=\"elementor-spacer\">\n\t\t\t<div class=\"elementor-spacer-inner\"><\/div>\n\t\t<\/div>\n\t\t\t\t\t\t<\/div>\n\t\t\t\t<\/div>\n\t\t\t\t\t<\/div>\n\t\t<\/div>\n\t\t\t\t\t<\/div>\n\t\t<\/section>\n\t\t\t\t<\/div>\n\t\t","protected":false},"excerpt":{"rendered":"","protected":false},"author":1,"featured_media":0,"parent":0,"menu_order":35,"comment_status":"closed","ping_status":"closed","template":"","meta":{"_monsterinsights_skip_tracking":false,"_monsterinsights_sitenote_active":false,"_monsterinsights_sitenote_note":"","_monsterinsights_sitenote_category":0,"ngg_post_thumbnail":0,"footnotes":""},"class_list":["post-2435","page","type-page","status-publish"],"yoast_head":"<!-- This site is optimized with the Yoast SEO plugin v25.1 - https:\/\/yoast.com\/wordpress\/plugins\/seo\/ -->\n<title>magazine | lauragruiz.es<\/title>\n<meta name=\"robots\" content=\"index, follow, max-snippet:-1, max-image-preview:large, max-video-preview:-1\" \/>\n<link rel=\"canonical\" href=\"https:\/\/lauragruiz.es\/index.php\/magazine\/\" \/>\n<meta property=\"og:locale\" content=\"es_ES\" \/>\n<meta property=\"og:type\" content=\"article\" \/>\n<meta property=\"og:title\" content=\"magazine | lauragruiz.es\" \/>\n<meta property=\"og:url\" content=\"https:\/\/lauragruiz.es\/index.php\/magazine\/\" \/>\n<meta property=\"og:site_name\" content=\"lauragruiz.es\" \/>\n<meta property=\"article:modified_time\" content=\"2022-09-07T20:40:47+00:00\" \/>\n<meta name=\"twitter:label1\" content=\"Tiempo de lectura\" \/>\n\t<meta name=\"twitter:data1\" content=\"1 minuto\" \/>\n<script type=\"application\/ld+json\" class=\"yoast-schema-graph\">{\"@context\":\"https:\/\/schema.org\",\"@graph\":[{\"@type\":\"WebPage\",\"@id\":\"https:\/\/lauragruiz.es\/index.php\/magazine\/\",\"url\":\"https:\/\/lauragruiz.es\/index.php\/magazine\/\",\"name\":\"magazine | lauragruiz.es\",\"isPartOf\":{\"@id\":\"https:\/\/lauragruiz.es\/#website\"},\"datePublished\":\"2022-09-07T18:30:48+00:00\",\"dateModified\":\"2022-09-07T20:40:47+00:00\",\"breadcrumb\":{\"@id\":\"https:\/\/lauragruiz.es\/index.php\/magazine\/#breadcrumb\"},\"inLanguage\":\"es\",\"potentialAction\":[{\"@type\":\"ReadAction\",\"target\":[\"https:\/\/lauragruiz.es\/index.php\/magazine\/\"]}]},{\"@type\":\"BreadcrumbList\",\"@id\":\"https:\/\/lauragruiz.es\/index.php\/magazine\/#breadcrumb\",\"itemListElement\":[{\"@type\":\"ListItem\",\"position\":1,\"name\":\"Portada\",\"item\":\"https:\/\/lauragruiz.es\/\"},{\"@type\":\"ListItem\",\"position\":2,\"name\":\"magazine\"}]},{\"@type\":\"WebSite\",\"@id\":\"https:\/\/lauragruiz.es\/#website\",\"url\":\"https:\/\/lauragruiz.es\/\",\"name\":\"lauragruiz.es\",\"description\":\"fotograf\u00eda y conciencia\",\"publisher\":{\"@id\":\"https:\/\/lauragruiz.es\/#\/schema\/person\/257dafbb316ba92e28b5057466d09536\"},\"potentialAction\":[{\"@type\":\"SearchAction\",\"target\":{\"@type\":\"EntryPoint\",\"urlTemplate\":\"https:\/\/lauragruiz.es\/?s={search_term_string}\"},\"query-input\":{\"@type\":\"PropertyValueSpecification\",\"valueRequired\":true,\"valueName\":\"search_term_string\"}}],\"inLanguage\":\"es\"},{\"@type\":[\"Person\",\"Organization\"],\"@id\":\"https:\/\/lauragruiz.es\/#\/schema\/person\/257dafbb316ba92e28b5057466d09536\",\"name\":\"lauragruiz\",\"image\":{\"@type\":\"ImageObject\",\"inLanguage\":\"es\",\"@id\":\"https:\/\/lauragruiz.es\/#\/schema\/person\/image\/\",\"url\":\"https:\/\/lauragruiz.es\/wp-content\/uploads\/2021\/03\/cropped-LAURAGINES-e1666111867453.png\",\"contentUrl\":\"https:\/\/lauragruiz.es\/wp-content\/uploads\/2021\/03\/cropped-LAURAGINES-e1666111867453.png\",\"width\":500,\"height\":66,\"caption\":\"lauragruiz\"},\"logo\":{\"@id\":\"https:\/\/lauragruiz.es\/#\/schema\/person\/image\/\"},\"sameAs\":[\"http:\/\/lauragruiz.es\"]}]}<\/script>\n<!-- \/ Yoast SEO plugin. -->","yoast_head_json":{"title":"magazine | lauragruiz.es","robots":{"index":"index","follow":"follow","max-snippet":"max-snippet:-1","max-image-preview":"max-image-preview:large","max-video-preview":"max-video-preview:-1"},"canonical":"https:\/\/lauragruiz.es\/index.php\/magazine\/","og_locale":"es_ES","og_type":"article","og_title":"magazine | lauragruiz.es","og_url":"https:\/\/lauragruiz.es\/index.php\/magazine\/","og_site_name":"lauragruiz.es","article_modified_time":"2022-09-07T20:40:47+00:00","twitter_misc":{"Tiempo de lectura":"1 minuto"},"schema":{"@context":"https:\/\/schema.org","@graph":[{"@type":"WebPage","@id":"https:\/\/lauragruiz.es\/index.php\/magazine\/","url":"https:\/\/lauragruiz.es\/index.php\/magazine\/","name":"magazine | lauragruiz.es","isPartOf":{"@id":"https:\/\/lauragruiz.es\/#website"},"datePublished":"2022-09-07T18:30:48+00:00","dateModified":"2022-09-07T20:40:47+00:00","breadcrumb":{"@id":"https:\/\/lauragruiz.es\/index.php\/magazine\/#breadcrumb"},"inLanguage":"es","potentialAction":[{"@type":"ReadAction","target":["https:\/\/lauragruiz.es\/index.php\/magazine\/"]}]},{"@type":"BreadcrumbList","@id":"https:\/\/lauragruiz.es\/index.php\/magazine\/#breadcrumb","itemListElement":[{"@type":"ListItem","position":1,"name":"Portada","item":"https:\/\/lauragruiz.es\/"},{"@type":"ListItem","position":2,"name":"magazine"}]},{"@type":"WebSite","@id":"https:\/\/lauragruiz.es\/#website","url":"https:\/\/lauragruiz.es\/","name":"lauragruiz.es","description":"fotograf\u00eda y conciencia","publisher":{"@id":"https:\/\/lauragruiz.es\/#\/schema\/person\/257dafbb316ba92e28b5057466d09536"},"potentialAction":[{"@type":"SearchAction","target":{"@type":"EntryPoint","urlTemplate":"https:\/\/lauragruiz.es\/?s={search_term_string}"},"query-input":{"@type":"PropertyValueSpecification","valueRequired":true,"valueName":"search_term_string"}}],"inLanguage":"es"},{"@type":["Person","Organization"],"@id":"https:\/\/lauragruiz.es\/#\/schema\/person\/257dafbb316ba92e28b5057466d09536","name":"lauragruiz","image":{"@type":"ImageObject","inLanguage":"es","@id":"https:\/\/lauragruiz.es\/#\/schema\/person\/image\/","url":"https:\/\/lauragruiz.es\/wp-content\/uploads\/2021\/03\/cropped-LAURAGINES-e1666111867453.png","contentUrl":"https:\/\/lauragruiz.es\/wp-content\/uploads\/2021\/03\/cropped-LAURAGINES-e1666111867453.png","width":500,"height":66,"caption":"lauragruiz"},"logo":{"@id":"https:\/\/lauragruiz.es\/#\/schema\/person\/image\/"},"sameAs":["http:\/\/lauragruiz.es"]}]}},"_links":{"self":[{"href":"https:\/\/lauragruiz.es\/index.php\/wp-json\/wp\/v2\/pages\/2435","targetHints":{"allow":["GET"]}}],"collection":[{"href":"https:\/\/lauragruiz.es\/index.php\/wp-json\/wp\/v2\/pages"}],"about":[{"href":"https:\/\/lauragruiz.es\/index.php\/wp-json\/wp\/v2\/types\/page"}],"author":[{"embeddable":true,"href":"https:\/\/lauragruiz.es\/index.php\/wp-json\/wp\/v2\/users\/1"}],"replies":[{"embeddable":true,"href":"https:\/\/lauragruiz.es\/index.php\/wp-json\/wp\/v2\/comments?post=2435"}],"version-history":[{"count":0,"href":"https:\/\/lauragruiz.es\/index.php\/wp-json\/wp\/v2\/pages\/2435\/revisions"}],"wp:attachment":[{"href":"https:\/\/lauragruiz.es\/index.php\/wp-json\/wp\/v2\/media?parent=2435"}],"curies":[{"name":"wp","href":"https:\/\/api.w.org\/{rel}","templated":true}]}}