{"id":2092,"date":"2022-05-09T16:15:21","date_gmt":"2022-05-09T16:15:21","guid":{"rendered":"http:\/\/lauragruiz.es\/?page_id=2092"},"modified":"2022-09-28T15:31:37","modified_gmt":"2022-09-28T15:31:37","slug":"blog-arte-fotografia-conciencia","status":"publish","type":"page","link":"https:\/\/lauragruiz.es\/index.php\/blog-arte-fotografia-conciencia\/","title":{"rendered":"blog"},"content":{"rendered":"\t\t<div data-elementor-type=\"wp-page\" data-elementor-id=\"2092\" class=\"elementor elementor-2092\" data-elementor-post-type=\"page\">\n\t\t\t\t\t\t<section class=\"elementor-section elementor-top-section elementor-element elementor-element-41f4498 elementor-section-boxed elementor-section-height-default elementor-section-height-default\" data-id=\"41f4498\" data-element_type=\"section\" data-e-type=\"section\">\n\t\t\t\t\t\t<div class=\"elementor-container elementor-column-gap-default\">\n\t\t\t\t\t<div class=\"elementor-column elementor-col-33 elementor-top-column elementor-element elementor-element-fa176c3\" data-id=\"fa176c3\" data-element_type=\"column\" data-e-type=\"column\">\n\t\t\t<div class=\"elementor-widget-wrap elementor-element-populated\">\n\t\t\t\t\t\t<div class=\"elementor-element elementor-element-376f2c9 elementor-widget elementor-widget-text-editor\" data-id=\"376f2c9\" data-element_type=\"widget\" data-e-type=\"widget\" data-widget_type=\"text-editor.default\">\n\t\t\t\t<div class=\"elementor-widget-container\">\n\t\t\t\t\t\t\t\t\t<p>arte, fotograf\u00eda y conciencia<\/p>\t\t\t\t\t\t\t\t<\/div>\n\t\t\t\t<\/div>\n\t\t\t\t\t<\/div>\n\t\t<\/div>\n\t\t\t\t<div class=\"elementor-column elementor-col-33 elementor-top-column elementor-element elementor-element-b00961b\" data-id=\"b00961b\" data-element_type=\"column\" data-e-type=\"column\">\n\t\t\t<div class=\"elementor-widget-wrap\">\n\t\t\t\t\t\t\t<\/div>\n\t\t<\/div>\n\t\t\t\t<div class=\"elementor-column elementor-col-33 elementor-top-column elementor-element elementor-element-47fb234\" data-id=\"47fb234\" data-element_type=\"column\" data-e-type=\"column\" data-settings=\"{&quot;background_background&quot;:&quot;classic&quot;}\">\n\t\t\t<div class=\"elementor-widget-wrap elementor-element-populated\">\n\t\t\t\t\t\t<div class=\"elementor-element elementor-element-19a2a29 elementor-search-form--button-type-text elementor-search-form--skin-classic elementor-widget elementor-widget-search-form\" data-id=\"19a2a29\" data-element_type=\"widget\" data-e-type=\"widget\" data-settings=\"{&quot;skin&quot;:&quot;classic&quot;}\" data-widget_type=\"search-form.default\">\n\t\t\t\t<div class=\"elementor-widget-container\">\n\t\t\t\t\t\t\t<search role=\"search\">\n\t\t\t<form class=\"elementor-search-form\" action=\"https:\/\/lauragruiz.es\" method=\"get\">\n\t\t\t\t\t\t\t\t\t\t\t\t<div class=\"elementor-search-form__container\">\n\t\t\t\t\t<label class=\"elementor-screen-only\" for=\"elementor-search-form-19a2a29\">Buscar<\/label>\n\n\t\t\t\t\t\n\t\t\t\t\t<input id=\"elementor-search-form-19a2a29\" placeholder=\"Buscar...\" class=\"elementor-search-form__input\" type=\"search\" name=\"s\" value=\"\">\n\t\t\t\t\t\n\t\t\t\t\t\t\t\t\t\t\t<button class=\"elementor-search-form__submit\" type=\"submit\" aria-label=\"Buscar\">\n\t\t\t\t\t\t\t\t\t\t\t\t\t\t\tBuscar\t\t\t\t\t\t\t\t\t\t\t\t\t<\/button>\n\t\t\t\t\t\n\t\t\t\t\t\t\t\t\t<\/div>\n\t\t\t<\/form>\n\t\t<\/search>\n\t\t\t\t\t\t<\/div>\n\t\t\t\t<\/div>\n\t\t\t\t\t<\/div>\n\t\t<\/div>\n\t\t\t\t\t<\/div>\n\t\t<\/section>\n\t\t\t\t<section class=\"elementor-section elementor-top-section elementor-element elementor-element-48c4eeb elementor-section-boxed elementor-section-height-default elementor-section-height-default\" data-id=\"48c4eeb\" data-element_type=\"section\" data-e-type=\"section\">\n\t\t\t\t\t\t<div class=\"elementor-container elementor-column-gap-default\">\n\t\t\t\t\t<div class=\"elementor-column elementor-col-100 elementor-top-column elementor-element elementor-element-b1fb066\" data-id=\"b1fb066\" data-element_type=\"column\" data-e-type=\"column\">\n\t\t\t<div class=\"elementor-widget-wrap elementor-element-populated\">\n\t\t\t\t\t\t<div class=\"elementor-element elementor-element-423f471 elementor-grid-3 elementor-grid-tablet-2 elementor-grid-mobile-1 elementor-posts--thumbnail-top elementor-posts--show-avatar elementor-posts__hover-gradient elementor-widget elementor-widget-posts\" data-id=\"423f471\" data-element_type=\"widget\" data-e-type=\"widget\" data-settings=\"{&quot;cards_columns&quot;:&quot;3&quot;,&quot;cards_columns_tablet&quot;:&quot;2&quot;,&quot;cards_columns_mobile&quot;:&quot;1&quot;,&quot;cards_row_gap&quot;:{&quot;unit&quot;:&quot;px&quot;,&quot;size&quot;:35,&quot;sizes&quot;:[]},&quot;cards_row_gap_tablet&quot;:{&quot;unit&quot;:&quot;px&quot;,&quot;size&quot;:&quot;&quot;,&quot;sizes&quot;:[]},&quot;cards_row_gap_mobile&quot;:{&quot;unit&quot;:&quot;px&quot;,&quot;size&quot;:&quot;&quot;,&quot;sizes&quot;:[]}}\" data-widget_type=\"posts.cards\">\n\t\t\t\t<div class=\"elementor-widget-container\">\n\t\t\t\t\t\t\t<div class=\"elementor-posts-container elementor-posts elementor-posts--skin-cards elementor-grid\">\n\t\t\t\t<article class=\"elementor-post elementor-grid-item post-3839 post type-post status-publish format-standard has-post-thumbnail hentry category-seruno-art category-nodualidad tag-nodualidad tag-ser\">\n\t\t\t<div class=\"elementor-post__card\">\n\t\t\t\t<a class=\"elementor-post__thumbnail__link\" href=\"https:\/\/lauragruiz.es\/index.php\/2022\/10\/27\/arte\/\" tabindex=\"-1\" ><div class=\"elementor-post__thumbnail\"><img fetchpriority=\"high\" decoding=\"async\" width=\"300\" height=\"200\" src=\"https:\/\/lauragruiz.es\/wp-content\/uploads\/2021\/12\/web-300x200.jpg\" class=\"attachment-medium size-medium wp-image-896\" alt=\"\" srcset=\"https:\/\/lauragruiz.es\/wp-content\/uploads\/2021\/12\/web-300x200.jpg 300w, https:\/\/lauragruiz.es\/wp-content\/uploads\/2021\/12\/web-600x400.jpg 600w, https:\/\/lauragruiz.es\/wp-content\/uploads\/2021\/12\/web-1024x683.jpg 1024w, https:\/\/lauragruiz.es\/wp-content\/uploads\/2021\/12\/web-768x512.jpg 768w, https:\/\/lauragruiz.es\/wp-content\/uploads\/2021\/12\/web-1536x1025.jpg 1536w, https:\/\/lauragruiz.es\/wp-content\/uploads\/2021\/12\/web.jpg 1800w\" sizes=\"(max-width: 300px) 100vw, 300px\" \/><\/div><\/a>\n\t\t\t\t<div class=\"elementor-post__avatar\">\n\t\t\t<img alt='lauragruiz' src='https:\/\/secure.gravatar.com\/avatar\/04b49df751b0f2a635a3d89b0cf373834acd45a8f60d50e9ecac0e33cac59086?s=128&#038;d=mm&#038;r=g' srcset='https:\/\/secure.gravatar.com\/avatar\/04b49df751b0f2a635a3d89b0cf373834acd45a8f60d50e9ecac0e33cac59086?s=256&#038;d=mm&#038;r=g 2x' class='avatar avatar-128 photo' height='128' width='128' \/>\t\t<\/div>\n\t\t\t\t<div class=\"elementor-post__text\">\n\t\t\t\t<h3 class=\"elementor-post__title\">\n\t\t\t<a href=\"https:\/\/lauragruiz.es\/index.php\/2022\/10\/27\/arte\/\" >\n\t\t\t\tarte\t\t\t<\/a>\n\t\t<\/h3>\n\t\t\t\t<div class=\"elementor-post__excerpt\">\n\t\t\t<p>Pregunt\u00e9monos ahora por la esencia \u00faltima del arte. Es f\u00e1cil reconocer, cuando contemplamos, por ejemplo, un Van Gogh, que el arte verdadero tiene la capacidad de suspender el aliento del espectador.\u00a0 Cuando el verdadero arte impacta en nosotros &#8211; o mejor dicho, penetra en nuestro ser &#8211; nos conmociona tal vez durante un segundo o<\/p>\n\t\t<\/div>\n\t\t\n\t\t<a class=\"elementor-post__read-more\" href=\"https:\/\/lauragruiz.es\/index.php\/2022\/10\/27\/arte\/\" aria-label=\"M\u00e1s informaci\u00f3n sobre arte\" tabindex=\"-1\" >\n\t\t\tLeer m\u00e1s \u00bb\t\t<\/a>\n\n\t\t\t\t<\/div>\n\t\t\t\t\t<\/div>\n\t\t<\/article>\n\t\t\t\t<article class=\"elementor-post elementor-grid-item post-3823 post type-post status-publish format-standard has-post-thumbnail hentry category-seruno-art category-nodualidad tag-nodualidad tag-ser\">\n\t\t\t<div class=\"elementor-post__card\">\n\t\t\t\t<a class=\"elementor-post__thumbnail__link\" href=\"https:\/\/lauragruiz.es\/index.php\/2022\/10\/27\/ser-2\/\" tabindex=\"-1\" ><div class=\"elementor-post__thumbnail\"><img decoding=\"async\" width=\"300\" height=\"169\" src=\"https:\/\/lauragruiz.es\/wp-content\/uploads\/2022\/10\/portada-blog-ser-uno-art-2022-300x169.jpg\" class=\"attachment-medium size-medium wp-image-3865\" alt=\"\" srcset=\"https:\/\/lauragruiz.es\/wp-content\/uploads\/2022\/10\/portada-blog-ser-uno-art-2022-300x169.jpg 300w, https:\/\/lauragruiz.es\/wp-content\/uploads\/2022\/10\/portada-blog-ser-uno-art-2022-1024x576.jpg 1024w, https:\/\/lauragruiz.es\/wp-content\/uploads\/2022\/10\/portada-blog-ser-uno-art-2022-768x432.jpg 768w, https:\/\/lauragruiz.es\/wp-content\/uploads\/2022\/10\/portada-blog-ser-uno-art-2022-600x338.jpg 600w, https:\/\/lauragruiz.es\/wp-content\/uploads\/2022\/10\/portada-blog-ser-uno-art-2022.jpg 1200w\" sizes=\"(max-width: 300px) 100vw, 300px\" \/><\/div><\/a>\n\t\t\t\t<div class=\"elementor-post__avatar\">\n\t\t\t<img alt='lauragruiz' src='https:\/\/secure.gravatar.com\/avatar\/04b49df751b0f2a635a3d89b0cf373834acd45a8f60d50e9ecac0e33cac59086?s=128&#038;d=mm&#038;r=g' srcset='https:\/\/secure.gravatar.com\/avatar\/04b49df751b0f2a635a3d89b0cf373834acd45a8f60d50e9ecac0e33cac59086?s=256&#038;d=mm&#038;r=g 2x' class='avatar avatar-128 photo' height='128' width='128' \/>\t\t<\/div>\n\t\t\t\t<div class=\"elementor-post__text\">\n\t\t\t\t<h3 class=\"elementor-post__title\">\n\t\t\t<a href=\"https:\/\/lauragruiz.es\/index.php\/2022\/10\/27\/ser-2\/\" >\n\t\t\t\tser\t\t\t<\/a>\n\t\t<\/h3>\n\t\t\t\t<div class=\"elementor-post__excerpt\">\n\t\t\t<p>Mientras lees las palabras de esta p\u00e1gina, eres consciente de que aparecen en tu conciencia presente, \u00bfno es as\u00ed? Tal vez seas consciente tambi\u00e9n de ciertas partes de tu cuerpo. Todas estas im\u00e1genes confirman que t\u00fa eres. No puedes decir: \u00abNo soy\u00bb. La experimentaci\u00f3n de este sentido de ser es posiblemente uno de los reconocimientos<\/p>\n\t\t<\/div>\n\t\t\n\t\t<a class=\"elementor-post__read-more\" href=\"https:\/\/lauragruiz.es\/index.php\/2022\/10\/27\/ser-2\/\" aria-label=\"M\u00e1s informaci\u00f3n sobre ser\" tabindex=\"-1\" >\n\t\t\tLeer m\u00e1s \u00bb\t\t<\/a>\n\n\t\t\t\t<\/div>\n\t\t\t\t\t<\/div>\n\t\t<\/article>\n\t\t\t\t<article class=\"elementor-post elementor-grid-item post-2053 post type-post status-publish format-standard has-post-thumbnail hentry category-uncategorized\">\n\t\t\t<div class=\"elementor-post__card\">\n\t\t\t\t<a class=\"elementor-post__thumbnail__link\" href=\"https:\/\/lauragruiz.es\/index.php\/2022\/05\/09\/un-viaje-a-traves-de-las-artes\/\" tabindex=\"-1\" ><div class=\"elementor-post__thumbnail\"><img decoding=\"async\" width=\"225\" height=\"300\" src=\"https:\/\/lauragruiz.es\/wp-content\/uploads\/2022\/03\/1011822_web-225x300.jpg\" class=\"attachment-medium size-medium wp-image-1461\" alt=\"solo en la oscuridad ver\u00e1s la luz \u00a9 laura gines ruiz\" srcset=\"https:\/\/lauragruiz.es\/wp-content\/uploads\/2022\/03\/1011822_web-225x300.jpg 225w, https:\/\/lauragruiz.es\/wp-content\/uploads\/2022\/03\/1011822_web-600x800.jpg 600w, https:\/\/lauragruiz.es\/wp-content\/uploads\/2022\/03\/1011822_web-768x1024.jpg 768w, https:\/\/lauragruiz.es\/wp-content\/uploads\/2022\/03\/1011822_web.jpg 900w\" sizes=\"(max-width: 225px) 100vw, 225px\" \/><\/div><\/a>\n\t\t\t\t<div class=\"elementor-post__avatar\">\n\t\t\t<img alt='lauragruiz' src='https:\/\/secure.gravatar.com\/avatar\/04b49df751b0f2a635a3d89b0cf373834acd45a8f60d50e9ecac0e33cac59086?s=128&#038;d=mm&#038;r=g' srcset='https:\/\/secure.gravatar.com\/avatar\/04b49df751b0f2a635a3d89b0cf373834acd45a8f60d50e9ecac0e33cac59086?s=256&#038;d=mm&#038;r=g 2x' class='avatar avatar-128 photo' height='128' width='128' \/>\t\t<\/div>\n\t\t\t\t<div class=\"elementor-post__text\">\n\t\t\t\t<h3 class=\"elementor-post__title\">\n\t\t\t<a href=\"https:\/\/lauragruiz.es\/index.php\/2022\/05\/09\/un-viaje-a-traves-de-las-artes\/\" >\n\t\t\t\tun viaje a trav\u00e9s de las artes\t\t\t<\/a>\n\t\t<\/h3>\n\t\t\t\t<div class=\"elementor-post__excerpt\">\n\t\t\t<p>un viaje a trav\u00e9s de las artes YO: Me ha gustado mucho este viaje por el Alma de Tauro, por las Artes.&nbsp; SOY: \u00bfQu\u00e9 has sentido? YO: Muchas cosas\u2026 pero sobre todo, esa capacidad que tenemos de crear. Es infinita. A veces, en nuestro af\u00e1n de buscar la espiritualidad, nos olvidamos que lo espiritual ha<\/p>\n\t\t<\/div>\n\t\t\n\t\t<a class=\"elementor-post__read-more\" href=\"https:\/\/lauragruiz.es\/index.php\/2022\/05\/09\/un-viaje-a-traves-de-las-artes\/\" aria-label=\"M\u00e1s informaci\u00f3n sobre un viaje a trav\u00e9s de las artes\" tabindex=\"-1\" >\n\t\t\tLeer m\u00e1s \u00bb\t\t<\/a>\n\n\t\t\t\t<\/div>\n\t\t\t\t\t<\/div>\n\t\t<\/article>\n\t\t\t\t<article class=\"elementor-post elementor-grid-item post-1967 post type-post status-publish format-standard has-post-thumbnail hentry category-uncategorized\">\n\t\t\t<div class=\"elementor-post__card\">\n\t\t\t\t<a class=\"elementor-post__thumbnail__link\" href=\"https:\/\/lauragruiz.es\/index.php\/2022\/05\/09\/entre-dos-mundos\/\" tabindex=\"-1\" ><div class=\"elementor-post__thumbnail\"><img loading=\"lazy\" decoding=\"async\" width=\"200\" height=\"300\" src=\"https:\/\/lauragruiz.es\/wp-content\/uploads\/2022\/05\/blog-pelicula-entre-dos-mundos-inspiracion-lauragruiz-200x300.jpg\" class=\"attachment-medium size-medium wp-image-1969\" alt=\"\" srcset=\"https:\/\/lauragruiz.es\/wp-content\/uploads\/2022\/05\/blog-pelicula-entre-dos-mundos-inspiracion-lauragruiz-200x300.jpg 200w, https:\/\/lauragruiz.es\/wp-content\/uploads\/2022\/05\/blog-pelicula-entre-dos-mundos-inspiracion-lauragruiz-scaled-e1652103478723-600x899.jpg 600w, https:\/\/lauragruiz.es\/wp-content\/uploads\/2022\/05\/blog-pelicula-entre-dos-mundos-inspiracion-lauragruiz-683x1024.jpg 683w, https:\/\/lauragruiz.es\/wp-content\/uploads\/2022\/05\/blog-pelicula-entre-dos-mundos-inspiracion-lauragruiz-768x1151.jpg 768w, https:\/\/lauragruiz.es\/wp-content\/uploads\/2022\/05\/blog-pelicula-entre-dos-mundos-inspiracion-lauragruiz-1025x1536.jpg 1025w, https:\/\/lauragruiz.es\/wp-content\/uploads\/2022\/05\/blog-pelicula-entre-dos-mundos-inspiracion-lauragruiz-1367x2048.jpg 1367w, https:\/\/lauragruiz.es\/wp-content\/uploads\/2022\/05\/blog-pelicula-entre-dos-mundos-inspiracion-lauragruiz-scaled-e1652103478723.jpg 1202w\" sizes=\"(max-width: 200px) 100vw, 200px\" \/><\/div><\/a>\n\t\t\t\t<div class=\"elementor-post__avatar\">\n\t\t\t<img alt='lauragruiz' src='https:\/\/secure.gravatar.com\/avatar\/04b49df751b0f2a635a3d89b0cf373834acd45a8f60d50e9ecac0e33cac59086?s=128&#038;d=mm&#038;r=g' srcset='https:\/\/secure.gravatar.com\/avatar\/04b49df751b0f2a635a3d89b0cf373834acd45a8f60d50e9ecac0e33cac59086?s=256&#038;d=mm&#038;r=g 2x' class='avatar avatar-128 photo' height='128' width='128' \/>\t\t<\/div>\n\t\t\t\t<div class=\"elementor-post__text\">\n\t\t\t\t<h3 class=\"elementor-post__title\">\n\t\t\t<a href=\"https:\/\/lauragruiz.es\/index.php\/2022\/05\/09\/entre-dos-mundos\/\" >\n\t\t\t\tentre dos mundos\t\t\t<\/a>\n\t\t<\/h3>\n\t\t\t\t<div class=\"elementor-post__excerpt\">\n\t\t\t<p>entre dos mundos \u201cDesde que era ni\u00f1a la gente me ha dicho que veo cosas que la dem\u00e1s gente no ve. No era que mi c\u00e1mara fuera una forma de expresarme, era el medio por el que capturaba lo no visible. Pero s\u00f3lo hace poco descubr\u00ed algo a lo que estaba ciega, un fantasma. Nosotros,<\/p>\n\t\t<\/div>\n\t\t\n\t\t<a class=\"elementor-post__read-more\" href=\"https:\/\/lauragruiz.es\/index.php\/2022\/05\/09\/entre-dos-mundos\/\" aria-label=\"M\u00e1s informaci\u00f3n sobre entre dos mundos\" tabindex=\"-1\" >\n\t\t\tLeer m\u00e1s \u00bb\t\t<\/a>\n\n\t\t\t\t<\/div>\n\t\t\t\t\t<\/div>\n\t\t<\/article>\n\t\t\t\t<\/div>\n\t\t\n\t\t\t\t\t\t<\/div>\n\t\t\t\t<\/div>\n\t\t\t\t\t<\/div>\n\t\t<\/div>\n\t\t\t\t\t<\/div>\n\t\t<\/section>\n\t\t\t\t<\/div>\n\t\t","protected":false},"excerpt":{"rendered":"<p>arte, fotograf\u00eda y conciencia<\/p>\n","protected":false},"author":3,"featured_media":0,"parent":0,"menu_order":18,"comment_status":"closed","ping_status":"closed","template":"","meta":{"_monsterinsights_skip_tracking":false,"_monsterinsights_sitenote_active":false,"_monsterinsights_sitenote_note":"","_monsterinsights_sitenote_category":0,"ngg_post_thumbnail":0,"footnotes":""},"class_list":["post-2092","page","type-page","status-publish","hentry"],"yoast_head":"<!-- This site is optimized with the Yoast SEO plugin v25.1 - https:\/\/yoast.com\/wordpress\/plugins\/seo\/ -->\n<title>blog | lauragruiz.es<\/title>\n<meta name=\"robots\" content=\"index, follow, max-snippet:-1, max-image-preview:large, max-video-preview:-1\" \/>\n<link rel=\"canonical\" href=\"https:\/\/lauragruiz.es\/index.php\/blog-arte-fotografia-conciencia\/\" \/>\n<meta property=\"og:locale\" content=\"es_ES\" \/>\n<meta property=\"og:type\" content=\"article\" \/>\n<meta property=\"og:title\" content=\"blog | lauragruiz.es\" \/>\n<meta property=\"og:description\" content=\"arte, fotograf\u00eda y conciencia\" \/>\n<meta property=\"og:url\" content=\"https:\/\/lauragruiz.es\/index.php\/blog-arte-fotografia-conciencia\/\" \/>\n<meta property=\"og:site_name\" content=\"lauragruiz.es\" \/>\n<meta property=\"article:modified_time\" content=\"2022-09-28T15:31:37+00:00\" \/>\n<meta name=\"twitter:label1\" content=\"Tiempo de lectura\" \/>\n\t<meta name=\"twitter:data1\" content=\"3 minutos\" \/>\n<script type=\"application\/ld+json\" class=\"yoast-schema-graph\">{\"@context\":\"https:\/\/schema.org\",\"@graph\":[{\"@type\":\"WebPage\",\"@id\":\"https:\/\/lauragruiz.es\/index.php\/blog-arte-fotografia-conciencia\/\",\"url\":\"https:\/\/lauragruiz.es\/index.php\/blog-arte-fotografia-conciencia\/\",\"name\":\"blog | lauragruiz.es\",\"isPartOf\":{\"@id\":\"https:\/\/lauragruiz.es\/#website\"},\"datePublished\":\"2022-05-09T16:15:21+00:00\",\"dateModified\":\"2022-09-28T15:31:37+00:00\",\"breadcrumb\":{\"@id\":\"https:\/\/lauragruiz.es\/index.php\/blog-arte-fotografia-conciencia\/#breadcrumb\"},\"inLanguage\":\"es\",\"potentialAction\":[{\"@type\":\"ReadAction\",\"target\":[\"https:\/\/lauragruiz.es\/index.php\/blog-arte-fotografia-conciencia\/\"]}]},{\"@type\":\"BreadcrumbList\",\"@id\":\"https:\/\/lauragruiz.es\/index.php\/blog-arte-fotografia-conciencia\/#breadcrumb\",\"itemListElement\":[{\"@type\":\"ListItem\",\"position\":1,\"name\":\"Portada\",\"item\":\"https:\/\/lauragruiz.es\/\"},{\"@type\":\"ListItem\",\"position\":2,\"name\":\"blog\"}]},{\"@type\":\"WebSite\",\"@id\":\"https:\/\/lauragruiz.es\/#website\",\"url\":\"https:\/\/lauragruiz.es\/\",\"name\":\"lauragruiz.es\",\"description\":\"fotograf\u00eda y conciencia\",\"publisher\":{\"@id\":\"https:\/\/lauragruiz.es\/#\/schema\/person\/257dafbb316ba92e28b5057466d09536\"},\"potentialAction\":[{\"@type\":\"SearchAction\",\"target\":{\"@type\":\"EntryPoint\",\"urlTemplate\":\"https:\/\/lauragruiz.es\/?s={search_term_string}\"},\"query-input\":{\"@type\":\"PropertyValueSpecification\",\"valueRequired\":true,\"valueName\":\"search_term_string\"}}],\"inLanguage\":\"es\"},{\"@type\":[\"Person\",\"Organization\"],\"@id\":\"https:\/\/lauragruiz.es\/#\/schema\/person\/257dafbb316ba92e28b5057466d09536\",\"name\":\"lauragruiz\",\"image\":{\"@type\":\"ImageObject\",\"inLanguage\":\"es\",\"@id\":\"https:\/\/lauragruiz.es\/#\/schema\/person\/image\/\",\"url\":\"https:\/\/lauragruiz.es\/wp-content\/uploads\/2021\/03\/cropped-LAURAGINES-e1666111867453.png\",\"contentUrl\":\"https:\/\/lauragruiz.es\/wp-content\/uploads\/2021\/03\/cropped-LAURAGINES-e1666111867453.png\",\"width\":500,\"height\":66,\"caption\":\"lauragruiz\"},\"logo\":{\"@id\":\"https:\/\/lauragruiz.es\/#\/schema\/person\/image\/\"},\"sameAs\":[\"http:\/\/lauragruiz.es\"]}]}<\/script>\n<!-- \/ Yoast SEO plugin. -->","yoast_head_json":{"title":"blog | lauragruiz.es","robots":{"index":"index","follow":"follow","max-snippet":"max-snippet:-1","max-image-preview":"max-image-preview:large","max-video-preview":"max-video-preview:-1"},"canonical":"https:\/\/lauragruiz.es\/index.php\/blog-arte-fotografia-conciencia\/","og_locale":"es_ES","og_type":"article","og_title":"blog | lauragruiz.es","og_description":"arte, fotograf\u00eda y conciencia","og_url":"https:\/\/lauragruiz.es\/index.php\/blog-arte-fotografia-conciencia\/","og_site_name":"lauragruiz.es","article_modified_time":"2022-09-28T15:31:37+00:00","twitter_misc":{"Tiempo de lectura":"3 minutos"},"schema":{"@context":"https:\/\/schema.org","@graph":[{"@type":"WebPage","@id":"https:\/\/lauragruiz.es\/index.php\/blog-arte-fotografia-conciencia\/","url":"https:\/\/lauragruiz.es\/index.php\/blog-arte-fotografia-conciencia\/","name":"blog | lauragruiz.es","isPartOf":{"@id":"https:\/\/lauragruiz.es\/#website"},"datePublished":"2022-05-09T16:15:21+00:00","dateModified":"2022-09-28T15:31:37+00:00","breadcrumb":{"@id":"https:\/\/lauragruiz.es\/index.php\/blog-arte-fotografia-conciencia\/#breadcrumb"},"inLanguage":"es","potentialAction":[{"@type":"ReadAction","target":["https:\/\/lauragruiz.es\/index.php\/blog-arte-fotografia-conciencia\/"]}]},{"@type":"BreadcrumbList","@id":"https:\/\/lauragruiz.es\/index.php\/blog-arte-fotografia-conciencia\/#breadcrumb","itemListElement":[{"@type":"ListItem","position":1,"name":"Portada","item":"https:\/\/lauragruiz.es\/"},{"@type":"ListItem","position":2,"name":"blog"}]},{"@type":"WebSite","@id":"https:\/\/lauragruiz.es\/#website","url":"https:\/\/lauragruiz.es\/","name":"lauragruiz.es","description":"fotograf\u00eda y conciencia","publisher":{"@id":"https:\/\/lauragruiz.es\/#\/schema\/person\/257dafbb316ba92e28b5057466d09536"},"potentialAction":[{"@type":"SearchAction","target":{"@type":"EntryPoint","urlTemplate":"https:\/\/lauragruiz.es\/?s={search_term_string}"},"query-input":{"@type":"PropertyValueSpecification","valueRequired":true,"valueName":"search_term_string"}}],"inLanguage":"es"},{"@type":["Person","Organization"],"@id":"https:\/\/lauragruiz.es\/#\/schema\/person\/257dafbb316ba92e28b5057466d09536","name":"lauragruiz","image":{"@type":"ImageObject","inLanguage":"es","@id":"https:\/\/lauragruiz.es\/#\/schema\/person\/image\/","url":"https:\/\/lauragruiz.es\/wp-content\/uploads\/2021\/03\/cropped-LAURAGINES-e1666111867453.png","contentUrl":"https:\/\/lauragruiz.es\/wp-content\/uploads\/2021\/03\/cropped-LAURAGINES-e1666111867453.png","width":500,"height":66,"caption":"lauragruiz"},"logo":{"@id":"https:\/\/lauragruiz.es\/#\/schema\/person\/image\/"},"sameAs":["http:\/\/lauragruiz.es"]}]}},"_links":{"self":[{"href":"https:\/\/lauragruiz.es\/index.php\/wp-json\/wp\/v2\/pages\/2092","targetHints":{"allow":["GET"]}}],"collection":[{"href":"https:\/\/lauragruiz.es\/index.php\/wp-json\/wp\/v2\/pages"}],"about":[{"href":"https:\/\/lauragruiz.es\/index.php\/wp-json\/wp\/v2\/types\/page"}],"author":[{"embeddable":true,"href":"https:\/\/lauragruiz.es\/index.php\/wp-json\/wp\/v2\/users\/3"}],"replies":[{"embeddable":true,"href":"https:\/\/lauragruiz.es\/index.php\/wp-json\/wp\/v2\/comments?post=2092"}],"version-history":[{"count":0,"href":"https:\/\/lauragruiz.es\/index.php\/wp-json\/wp\/v2\/pages\/2092\/revisions"}],"wp:attachment":[{"href":"https:\/\/lauragruiz.es\/index.php\/wp-json\/wp\/v2\/media?parent=2092"}],"curies":[{"name":"wp","href":"https:\/\/api.w.org\/{rel}","templated":true}]}}