{"id":1760,"date":"2022-03-22T17:24:19","date_gmt":"2022-03-22T17:24:19","guid":{"rendered":"http:\/\/lauragruiz.es\/?page_id=1760"},"modified":"2022-10-18T13:30:10","modified_gmt":"2022-10-18T13:30:10","slug":"reconocimiento","status":"publish","type":"page","link":"https:\/\/lauragruiz.es\/index.php\/reconocimiento\/","title":{"rendered":"reconocimiento \u00b7 serie fotogr\u00e1fica"},"content":{"rendered":"\t\t<div data-elementor-type=\"wp-page\" data-elementor-id=\"1760\" class=\"elementor elementor-1760\" data-elementor-post-type=\"page\">\n\t\t\t\t\t\t<section class=\"elementor-section elementor-top-section elementor-element elementor-element-1bccc95a elementor-section-boxed elementor-section-height-default elementor-section-height-default\" data-id=\"1bccc95a\" data-element_type=\"section\" data-e-type=\"section\">\n\t\t\t\t\t\t<div class=\"elementor-container elementor-column-gap-default\">\n\t\t\t\t\t<div class=\"elementor-column elementor-col-100 elementor-top-column elementor-element elementor-element-41a5fc9a\" data-id=\"41a5fc9a\" data-element_type=\"column\" data-e-type=\"column\">\n\t\t\t<div class=\"elementor-widget-wrap elementor-element-populated\">\n\t\t\t\t\t\t<div class=\"elementor-element elementor-element-51103caf elementor-widget elementor-widget-text-editor\" data-id=\"51103caf\" data-element_type=\"widget\" data-e-type=\"widget\" data-widget_type=\"text-editor.default\">\n\t\t\t\t<div class=\"elementor-widget-container\">\n\t\t\t\t\t\t\t\t\t\n<style>\n\t\t\t#displayed_gallery_54cf77c44b7416cbbfbfa0d622138e91 img { border: none; }\n\t\n\t#displayed_gallery_54cf77c44b7416cbbfbfa0d622138e91 .image-wrapper {\n\t\tmargin: 2px;\n\t}\n<\/style><div class=\"nextgen_pro_thumbnail_grid\" id=\"displayed_gallery_54cf77c44b7416cbbfbfa0d622138e91\"><div id=\"ngg-image-0\" class=\"image-wrapper\"><a href=\"https:\/\/lauragruiz.es\/wp-content\/gallery\/reconocimiento\/1-fotografia-artistica-retrato-actores-barcelona-reconocimiento-laura-gines-ruiz-lauragruiz-albert-bufill-rocio-perez.jpg\"\n\t\t\t\ttitle=\"\"\n\t\t\t\tdata-src=\"https:\/\/lauragruiz.es\/wp-content\/gallery\/reconocimiento\/1-fotografia-artistica-retrato-actores-barcelona-reconocimiento-laura-gines-ruiz-lauragruiz-albert-bufill-rocio-perez.jpg\"\n\t\t\t\tdata-thumbnail=\"https:\/\/lauragruiz.es\/wp-content\/gallery\/reconocimiento\/thumbs\/thumbs_1-fotografia-artistica-retrato-actores-barcelona-reconocimiento-laura-gines-ruiz-lauragruiz-albert-bufill-rocio-perez.jpg\"\n\t\t\t\tdata-image-id=\"366\"\n\t\t\t\tdata-title=\"Roc\u00edo P\u00e9rez y Albert Bufill por Laura Gin\u00e9s Ruiz - Serie Reconocimiento\"\n\t\t\t\tdata-description=\"\"\n\t\t\t\tclass=\"ngg-fancybox\" rel=\"54cf77c44b7416cbbfbfa0d622138e91\" data-ngg-protect=\"1\"><picture><source srcset='https:\/\/lauragruiz.es\/wp-content\/gallery\/reconocimiento\/cache\/1-fotografia-artistica-retrato-actores-barcelona-reconocimiento-laura-gines-ruiz-lauragruiz-albert-bufill-rocio-perez.jpg-nggid03366-ngg0dyn-450x300x100-00f0w010c010r110f110r010t010.jpg, https:\/\/lauragruiz.es\/wp-content\/gallery\/reconocimiento\/cache\/1-fotografia-artistica-retrato-actores-barcelona-reconocimiento-laura-gines-ruiz-lauragruiz-albert-bufill-rocio-perez.jpg-nggid03366-ngg0dyn-900x600x100-00f0w010c010r110f110r010t010.jpg 2x'><img fetchpriority=\"high\" decoding=\"async\" title=\"Roc\u00edo P\u00e9rez y Albert Bufill por Laura Gin\u00e9s Ruiz - Serie Reconocimiento\" alt=\"Roc\u00edo P\u00e9rez y Albert Bufill por Laura Gin\u00e9s Ruiz - Serie Reconocimiento\" width=\"450\" height=\"300\" style=\"max-width:450px;max-height:300px\" src=\"https:\/\/lauragruiz.es\/wp-content\/gallery\/reconocimiento\/cache\/1-fotografia-artistica-retrato-actores-barcelona-reconocimiento-laura-gines-ruiz-lauragruiz-albert-bufill-rocio-perez.jpg-nggid03366-ngg0dyn-450x300x100-00f0w010c010r110f110r010t010.jpg\" srcset=\"https:\/\/lauragruiz.es\/wp-content\/gallery\/reconocimiento\/cache\/1-fotografia-artistica-retrato-actores-barcelona-reconocimiento-laura-gines-ruiz-lauragruiz-albert-bufill-rocio-perez.jpg-nggid03366-ngg0dyn-450x300x100-00f0w010c010r110f110r010t010.jpg, https:\/\/lauragruiz.es\/wp-content\/gallery\/reconocimiento\/cache\/1-fotografia-artistica-retrato-actores-barcelona-reconocimiento-laura-gines-ruiz-lauragruiz-albert-bufill-rocio-perez.jpg-nggid03366-ngg0dyn-900x600x100-00f0w010c010r110f110r010t010.jpg 2x\"\/><\/picture>\t\t\t\t<noscript><img decoding=\"async\" src=\"https:\/\/lauragruiz.es\/wp-content\/gallery\/reconocimiento\/cache\/1-fotografia-artistica-retrato-actores-barcelona-reconocimiento-laura-gines-ruiz-lauragruiz-albert-bufill-rocio-perez.jpg-nggid03366-ngg0dyn-450x300x100-00f0w010c010r110f110r010t010.jpg\"\n\t\t\t\t\t\ttitle=\"Roc\u00edo P\u00e9rez y Albert Bufill por Laura Gin\u00e9s Ruiz - Serie Reconocimiento\"\n\t\t\t\t\t\talt=\"Roc\u00edo P\u00e9rez y Albert Bufill por Laura Gin\u00e9s Ruiz - Serie Reconocimiento\"\n\t\t\t\t\t\twidth=\"450\"\n\t\t\t\t\t\theight=\"300\"\n\t\t\t\t\t\tstyle=\"max-width:100%; height: auto;\"\/><\/noscript><\/a><\/div><div id=\"ngg-image-1\" class=\"image-wrapper\"><a href=\"https:\/\/lauragruiz.es\/wp-content\/gallery\/reconocimiento\/2-fotografia-artistica-retrato-actores-barcelona-reconocimiento-laura-gines-ruiz-lauragruiz-albert-bufill-rocio-perez.jpg\"\n\t\t\t\ttitle=\"\"\n\t\t\t\tdata-src=\"https:\/\/lauragruiz.es\/wp-content\/gallery\/reconocimiento\/2-fotografia-artistica-retrato-actores-barcelona-reconocimiento-laura-gines-ruiz-lauragruiz-albert-bufill-rocio-perez.jpg\"\n\t\t\t\tdata-thumbnail=\"https:\/\/lauragruiz.es\/wp-content\/gallery\/reconocimiento\/thumbs\/thumbs_2-fotografia-artistica-retrato-actores-barcelona-reconocimiento-laura-gines-ruiz-lauragruiz-albert-bufill-rocio-perez.jpg\"\n\t\t\t\tdata-image-id=\"368\"\n\t\t\t\tdata-title=\"Roc\u00edo P\u00e9rez y Albert Bufill por Laura Gin\u00e9s Ruiz - Serie Reconocimiento\"\n\t\t\t\tdata-description=\"\"\n\t\t\t\tclass=\"ngg-fancybox\" rel=\"54cf77c44b7416cbbfbfa0d622138e91\" data-ngg-protect=\"1\"><picture><source srcset='https:\/\/lauragruiz.es\/wp-content\/gallery\/reconocimiento\/cache\/2-fotografia-artistica-retrato-actores-barcelona-reconocimiento-laura-gines-ruiz-lauragruiz-albert-bufill-rocio-perez.jpg-nggid03368-ngg0dyn-450x300x100-00f0w010c010r110f110r010t010.jpg, https:\/\/lauragruiz.es\/wp-content\/gallery\/reconocimiento\/cache\/2-fotografia-artistica-retrato-actores-barcelona-reconocimiento-laura-gines-ruiz-lauragruiz-albert-bufill-rocio-perez.jpg-nggid03368-ngg0dyn-900x600x100-00f0w010c010r110f110r010t010.jpg 2x'><img decoding=\"async\" title=\"Roc\u00edo P\u00e9rez y Albert Bufill por Laura Gin\u00e9s Ruiz - Serie Reconocimiento\" alt=\"Roc\u00edo P\u00e9rez y Albert Bufill por Laura Gin\u00e9s Ruiz - Serie Reconocimiento\" width=\"200\" height=\"300\" style=\"max-width:200px;max-height:300px\" src=\"https:\/\/lauragruiz.es\/wp-content\/gallery\/reconocimiento\/cache\/2-fotografia-artistica-retrato-actores-barcelona-reconocimiento-laura-gines-ruiz-lauragruiz-albert-bufill-rocio-perez.jpg-nggid03368-ngg0dyn-450x300x100-00f0w010c010r110f110r010t010.jpg\" srcset=\"https:\/\/lauragruiz.es\/wp-content\/gallery\/reconocimiento\/cache\/2-fotografia-artistica-retrato-actores-barcelona-reconocimiento-laura-gines-ruiz-lauragruiz-albert-bufill-rocio-perez.jpg-nggid03368-ngg0dyn-450x300x100-00f0w010c010r110f110r010t010.jpg, https:\/\/lauragruiz.es\/wp-content\/gallery\/reconocimiento\/cache\/2-fotografia-artistica-retrato-actores-barcelona-reconocimiento-laura-gines-ruiz-lauragruiz-albert-bufill-rocio-perez.jpg-nggid03368-ngg0dyn-900x600x100-00f0w010c010r110f110r010t010.jpg 2x\"\/><\/picture>\t\t\t\t<noscript><img decoding=\"async\" src=\"https:\/\/lauragruiz.es\/wp-content\/gallery\/reconocimiento\/cache\/2-fotografia-artistica-retrato-actores-barcelona-reconocimiento-laura-gines-ruiz-lauragruiz-albert-bufill-rocio-perez.jpg-nggid03368-ngg0dyn-450x300x100-00f0w010c010r110f110r010t010.jpg\"\n\t\t\t\t\t\ttitle=\"Roc\u00edo P\u00e9rez y Albert Bufill por Laura Gin\u00e9s Ruiz - Serie Reconocimiento\"\n\t\t\t\t\t\talt=\"Roc\u00edo P\u00e9rez y Albert Bufill por Laura Gin\u00e9s Ruiz - Serie Reconocimiento\"\n\t\t\t\t\t\twidth=\"200\"\n\t\t\t\t\t\theight=\"300\"\n\t\t\t\t\t\tstyle=\"max-width:100%; height: auto;\"\/><\/noscript><\/a><\/div><div id=\"ngg-image-2\" class=\"image-wrapper\"><a href=\"https:\/\/lauragruiz.es\/wp-content\/gallery\/reconocimiento\/3-fotografia-artistica-retrato-actores-barcelona-reconocimiento-laura-gines-ruiz-lauragruiz-albert-bufill-rocio-perez.jpg\"\n\t\t\t\ttitle=\"\"\n\t\t\t\tdata-src=\"https:\/\/lauragruiz.es\/wp-content\/gallery\/reconocimiento\/3-fotografia-artistica-retrato-actores-barcelona-reconocimiento-laura-gines-ruiz-lauragruiz-albert-bufill-rocio-perez.jpg\"\n\t\t\t\tdata-thumbnail=\"https:\/\/lauragruiz.es\/wp-content\/gallery\/reconocimiento\/thumbs\/thumbs_3-fotografia-artistica-retrato-actores-barcelona-reconocimiento-laura-gines-ruiz-lauragruiz-albert-bufill-rocio-perez.jpg\"\n\t\t\t\tdata-image-id=\"370\"\n\t\t\t\tdata-title=\"Roc\u00edo P\u00e9rez y Albert Bufill por Laura Gin\u00e9s Ruiz - Serie Reconocimiento\"\n\t\t\t\tdata-description=\"\"\n\t\t\t\tclass=\"ngg-fancybox\" rel=\"54cf77c44b7416cbbfbfa0d622138e91\" data-ngg-protect=\"1\"><picture><source srcset='https:\/\/lauragruiz.es\/wp-content\/gallery\/reconocimiento\/cache\/3-fotografia-artistica-retrato-actores-barcelona-reconocimiento-laura-gines-ruiz-lauragruiz-albert-bufill-rocio-perez.jpg-nggid03370-ngg0dyn-450x300x100-00f0w010c010r110f110r010t010.jpg, https:\/\/lauragruiz.es\/wp-content\/gallery\/reconocimiento\/cache\/3-fotografia-artistica-retrato-actores-barcelona-reconocimiento-laura-gines-ruiz-lauragruiz-albert-bufill-rocio-perez.jpg-nggid03370-ngg0dyn-900x600x100-00f0w010c010r110f110r010t010.jpg 2x'><img decoding=\"async\" title=\"Roc\u00edo P\u00e9rez y Albert Bufill por Laura Gin\u00e9s Ruiz - Serie Reconocimiento\" alt=\"Roc\u00edo P\u00e9rez y Albert Bufill por Laura Gin\u00e9s Ruiz - Serie Reconocimiento\" width=\"450\" height=\"300\" style=\"max-width:450px;max-height:300px\" src=\"https:\/\/lauragruiz.es\/wp-content\/gallery\/reconocimiento\/cache\/3-fotografia-artistica-retrato-actores-barcelona-reconocimiento-laura-gines-ruiz-lauragruiz-albert-bufill-rocio-perez.jpg-nggid03370-ngg0dyn-450x300x100-00f0w010c010r110f110r010t010.jpg\" srcset=\"https:\/\/lauragruiz.es\/wp-content\/gallery\/reconocimiento\/cache\/3-fotografia-artistica-retrato-actores-barcelona-reconocimiento-laura-gines-ruiz-lauragruiz-albert-bufill-rocio-perez.jpg-nggid03370-ngg0dyn-450x300x100-00f0w010c010r110f110r010t010.jpg, https:\/\/lauragruiz.es\/wp-content\/gallery\/reconocimiento\/cache\/3-fotografia-artistica-retrato-actores-barcelona-reconocimiento-laura-gines-ruiz-lauragruiz-albert-bufill-rocio-perez.jpg-nggid03370-ngg0dyn-900x600x100-00f0w010c010r110f110r010t010.jpg 2x\"\/><\/picture>\t\t\t\t<noscript><img decoding=\"async\" src=\"https:\/\/lauragruiz.es\/wp-content\/gallery\/reconocimiento\/cache\/3-fotografia-artistica-retrato-actores-barcelona-reconocimiento-laura-gines-ruiz-lauragruiz-albert-bufill-rocio-perez.jpg-nggid03370-ngg0dyn-450x300x100-00f0w010c010r110f110r010t010.jpg\"\n\t\t\t\t\t\ttitle=\"Roc\u00edo P\u00e9rez y Albert Bufill por Laura Gin\u00e9s Ruiz - Serie Reconocimiento\"\n\t\t\t\t\t\talt=\"Roc\u00edo P\u00e9rez y Albert Bufill por Laura Gin\u00e9s Ruiz - Serie Reconocimiento\"\n\t\t\t\t\t\twidth=\"450\"\n\t\t\t\t\t\theight=\"300\"\n\t\t\t\t\t\tstyle=\"max-width:100%; height: auto;\"\/><\/noscript><\/a><\/div><div id=\"ngg-image-3\" class=\"image-wrapper\"><a href=\"https:\/\/lauragruiz.es\/wp-content\/gallery\/reconocimiento\/4-fotografia-artistica-retrato-actores-barcelona-reconocimiento-laura-gines-ruiz-lauragruiz-albert-bufill-rocio-perez.jpg\"\n\t\t\t\ttitle=\"\"\n\t\t\t\tdata-src=\"https:\/\/lauragruiz.es\/wp-content\/gallery\/reconocimiento\/4-fotografia-artistica-retrato-actores-barcelona-reconocimiento-laura-gines-ruiz-lauragruiz-albert-bufill-rocio-perez.jpg\"\n\t\t\t\tdata-thumbnail=\"https:\/\/lauragruiz.es\/wp-content\/gallery\/reconocimiento\/thumbs\/thumbs_4-fotografia-artistica-retrato-actores-barcelona-reconocimiento-laura-gines-ruiz-lauragruiz-albert-bufill-rocio-perez.jpg\"\n\t\t\t\tdata-image-id=\"369\"\n\t\t\t\tdata-title=\"Roc\u00edo P\u00e9rez y Albert Bufill por Laura Gin\u00e9s Ruiz - Serie Reconocimiento\"\n\t\t\t\tdata-description=\"\"\n\t\t\t\tclass=\"ngg-fancybox\" rel=\"54cf77c44b7416cbbfbfa0d622138e91\" data-ngg-protect=\"1\"><picture><source srcset='https:\/\/lauragruiz.es\/wp-content\/gallery\/reconocimiento\/cache\/4-fotografia-artistica-retrato-actores-barcelona-reconocimiento-laura-gines-ruiz-lauragruiz-albert-bufill-rocio-perez.jpg-nggid03369-ngg0dyn-450x300x100-00f0w010c010r110f110r010t010.jpg, https:\/\/lauragruiz.es\/wp-content\/gallery\/reconocimiento\/cache\/4-fotografia-artistica-retrato-actores-barcelona-reconocimiento-laura-gines-ruiz-lauragruiz-albert-bufill-rocio-perez.jpg-nggid03369-ngg0dyn-900x600x100-00f0w010c010r110f110r010t010.jpg 2x'><img loading=\"lazy\" decoding=\"async\" title=\"Roc\u00edo P\u00e9rez y Albert Bufill por Laura Gin\u00e9s Ruiz - Serie Reconocimiento\" alt=\"Roc\u00edo P\u00e9rez y Albert Bufill por Laura Gin\u00e9s Ruiz - Serie Reconocimiento\" width=\"450\" height=\"300\" style=\"max-width:450px;max-height:300px\" src=\"https:\/\/lauragruiz.es\/wp-content\/gallery\/reconocimiento\/cache\/4-fotografia-artistica-retrato-actores-barcelona-reconocimiento-laura-gines-ruiz-lauragruiz-albert-bufill-rocio-perez.jpg-nggid03369-ngg0dyn-450x300x100-00f0w010c010r110f110r010t010.jpg\" srcset=\"https:\/\/lauragruiz.es\/wp-content\/gallery\/reconocimiento\/cache\/4-fotografia-artistica-retrato-actores-barcelona-reconocimiento-laura-gines-ruiz-lauragruiz-albert-bufill-rocio-perez.jpg-nggid03369-ngg0dyn-450x300x100-00f0w010c010r110f110r010t010.jpg, https:\/\/lauragruiz.es\/wp-content\/gallery\/reconocimiento\/cache\/4-fotografia-artistica-retrato-actores-barcelona-reconocimiento-laura-gines-ruiz-lauragruiz-albert-bufill-rocio-perez.jpg-nggid03369-ngg0dyn-900x600x100-00f0w010c010r110f110r010t010.jpg 2x\"\/><\/picture>\t\t\t\t<noscript><img decoding=\"async\" src=\"https:\/\/lauragruiz.es\/wp-content\/gallery\/reconocimiento\/cache\/4-fotografia-artistica-retrato-actores-barcelona-reconocimiento-laura-gines-ruiz-lauragruiz-albert-bufill-rocio-perez.jpg-nggid03369-ngg0dyn-450x300x100-00f0w010c010r110f110r010t010.jpg\"\n\t\t\t\t\t\ttitle=\"Roc\u00edo P\u00e9rez y Albert Bufill por Laura Gin\u00e9s Ruiz - Serie Reconocimiento\"\n\t\t\t\t\t\talt=\"Roc\u00edo P\u00e9rez y Albert Bufill por Laura Gin\u00e9s Ruiz - Serie Reconocimiento\"\n\t\t\t\t\t\twidth=\"450\"\n\t\t\t\t\t\theight=\"300\"\n\t\t\t\t\t\tstyle=\"max-width:100%; height: auto;\"\/><\/noscript><\/a><\/div><div id=\"ngg-image-4\" class=\"image-wrapper\"><a href=\"https:\/\/lauragruiz.es\/wp-content\/gallery\/reconocimiento\/5-fotografia-artistica-retrato-actores-barcelona-reconocimiento-laura-gines-ruiz-lauragruiz-albert-bufill-rocio-perez.jpg\"\n\t\t\t\ttitle=\"\"\n\t\t\t\tdata-src=\"https:\/\/lauragruiz.es\/wp-content\/gallery\/reconocimiento\/5-fotografia-artistica-retrato-actores-barcelona-reconocimiento-laura-gines-ruiz-lauragruiz-albert-bufill-rocio-perez.jpg\"\n\t\t\t\tdata-thumbnail=\"https:\/\/lauragruiz.es\/wp-content\/gallery\/reconocimiento\/thumbs\/thumbs_5-fotografia-artistica-retrato-actores-barcelona-reconocimiento-laura-gines-ruiz-lauragruiz-albert-bufill-rocio-perez.jpg\"\n\t\t\t\tdata-image-id=\"367\"\n\t\t\t\tdata-title=\"Roc\u00edo P\u00e9rez y Albert Bufill por Laura Gin\u00e9s Ruiz - Serie Reconocimiento\"\n\t\t\t\tdata-description=\"\"\n\t\t\t\tclass=\"ngg-fancybox\" rel=\"54cf77c44b7416cbbfbfa0d622138e91\" data-ngg-protect=\"1\"><picture><source srcset='https:\/\/lauragruiz.es\/wp-content\/gallery\/reconocimiento\/cache\/5-fotografia-artistica-retrato-actores-barcelona-reconocimiento-laura-gines-ruiz-lauragruiz-albert-bufill-rocio-perez.jpg-nggid03367-ngg0dyn-450x300x100-00f0w010c010r110f110r010t010.jpg, https:\/\/lauragruiz.es\/wp-content\/gallery\/reconocimiento\/cache\/5-fotografia-artistica-retrato-actores-barcelona-reconocimiento-laura-gines-ruiz-lauragruiz-albert-bufill-rocio-perez.jpg-nggid03367-ngg0dyn-900x600x100-00f0w010c010r110f110r010t010.jpg 2x'><img loading=\"lazy\" decoding=\"async\" title=\"Roc\u00edo P\u00e9rez y Albert Bufill por Laura Gin\u00e9s Ruiz - Serie Reconocimiento\" alt=\"Roc\u00edo P\u00e9rez y Albert Bufill por Laura Gin\u00e9s Ruiz - Serie Reconocimiento\" width=\"450\" height=\"300\" style=\"max-width:450px;max-height:300px\" src=\"https:\/\/lauragruiz.es\/wp-content\/gallery\/reconocimiento\/cache\/5-fotografia-artistica-retrato-actores-barcelona-reconocimiento-laura-gines-ruiz-lauragruiz-albert-bufill-rocio-perez.jpg-nggid03367-ngg0dyn-450x300x100-00f0w010c010r110f110r010t010.jpg\" srcset=\"https:\/\/lauragruiz.es\/wp-content\/gallery\/reconocimiento\/cache\/5-fotografia-artistica-retrato-actores-barcelona-reconocimiento-laura-gines-ruiz-lauragruiz-albert-bufill-rocio-perez.jpg-nggid03367-ngg0dyn-450x300x100-00f0w010c010r110f110r010t010.jpg, https:\/\/lauragruiz.es\/wp-content\/gallery\/reconocimiento\/cache\/5-fotografia-artistica-retrato-actores-barcelona-reconocimiento-laura-gines-ruiz-lauragruiz-albert-bufill-rocio-perez.jpg-nggid03367-ngg0dyn-900x600x100-00f0w010c010r110f110r010t010.jpg 2x\"\/><\/picture>\t\t\t\t<noscript><img decoding=\"async\" src=\"https:\/\/lauragruiz.es\/wp-content\/gallery\/reconocimiento\/cache\/5-fotografia-artistica-retrato-actores-barcelona-reconocimiento-laura-gines-ruiz-lauragruiz-albert-bufill-rocio-perez.jpg-nggid03367-ngg0dyn-450x300x100-00f0w010c010r110f110r010t010.jpg\"\n\t\t\t\t\t\ttitle=\"Roc\u00edo P\u00e9rez y Albert Bufill por Laura Gin\u00e9s Ruiz - Serie Reconocimiento\"\n\t\t\t\t\t\talt=\"Roc\u00edo P\u00e9rez y Albert Bufill por Laura Gin\u00e9s Ruiz - Serie Reconocimiento\"\n\t\t\t\t\t\twidth=\"450\"\n\t\t\t\t\t\theight=\"300\"\n\t\t\t\t\t\tstyle=\"max-width:100%; height: auto;\"\/><\/noscript><\/a><\/div><div id=\"ngg-image-5\" class=\"image-wrapper\"><a href=\"https:\/\/lauragruiz.es\/wp-content\/gallery\/reconocimiento\/6-fotografia-artistica-retrato-actores-barcelona-reconocimiento-laura-gines-ruiz-lauragruiz-albert-bufill-rocio-perez.jpg\"\n\t\t\t\ttitle=\"\"\n\t\t\t\tdata-src=\"https:\/\/lauragruiz.es\/wp-content\/gallery\/reconocimiento\/6-fotografia-artistica-retrato-actores-barcelona-reconocimiento-laura-gines-ruiz-lauragruiz-albert-bufill-rocio-perez.jpg\"\n\t\t\t\tdata-thumbnail=\"https:\/\/lauragruiz.es\/wp-content\/gallery\/reconocimiento\/thumbs\/thumbs_6-fotografia-artistica-retrato-actores-barcelona-reconocimiento-laura-gines-ruiz-lauragruiz-albert-bufill-rocio-perez.jpg\"\n\t\t\t\tdata-image-id=\"371\"\n\t\t\t\tdata-title=\"Roc\u00edo P\u00e9rez y Albert Bufill por Laura Gin\u00e9s Ruiz - Serie Reconocimiento\"\n\t\t\t\tdata-description=\"\"\n\t\t\t\tclass=\"ngg-fancybox\" rel=\"54cf77c44b7416cbbfbfa0d622138e91\" data-ngg-protect=\"1\"><picture><source srcset='https:\/\/lauragruiz.es\/wp-content\/gallery\/reconocimiento\/cache\/6-fotografia-artistica-retrato-actores-barcelona-reconocimiento-laura-gines-ruiz-lauragruiz-albert-bufill-rocio-perez.jpg-nggid03371-ngg0dyn-450x300x100-00f0w010c010r110f110r010t010.jpg, https:\/\/lauragruiz.es\/wp-content\/gallery\/reconocimiento\/cache\/6-fotografia-artistica-retrato-actores-barcelona-reconocimiento-laura-gines-ruiz-lauragruiz-albert-bufill-rocio-perez.jpg-nggid03371-ngg0dyn-900x600x100-00f0w010c010r110f110r010t010.jpg 2x'><img loading=\"lazy\" decoding=\"async\" title=\"Roc\u00edo P\u00e9rez y Albert Bufill por Laura Gin\u00e9s Ruiz - Serie Reconocimiento\" alt=\"Roc\u00edo P\u00e9rez y Albert Bufill por Laura Gin\u00e9s Ruiz - Serie Reconocimiento\" width=\"450\" height=\"300\" style=\"max-width:450px;max-height:300px\" src=\"https:\/\/lauragruiz.es\/wp-content\/gallery\/reconocimiento\/cache\/6-fotografia-artistica-retrato-actores-barcelona-reconocimiento-laura-gines-ruiz-lauragruiz-albert-bufill-rocio-perez.jpg-nggid03371-ngg0dyn-450x300x100-00f0w010c010r110f110r010t010.jpg\" srcset=\"https:\/\/lauragruiz.es\/wp-content\/gallery\/reconocimiento\/cache\/6-fotografia-artistica-retrato-actores-barcelona-reconocimiento-laura-gines-ruiz-lauragruiz-albert-bufill-rocio-perez.jpg-nggid03371-ngg0dyn-450x300x100-00f0w010c010r110f110r010t010.jpg, https:\/\/lauragruiz.es\/wp-content\/gallery\/reconocimiento\/cache\/6-fotografia-artistica-retrato-actores-barcelona-reconocimiento-laura-gines-ruiz-lauragruiz-albert-bufill-rocio-perez.jpg-nggid03371-ngg0dyn-900x600x100-00f0w010c010r110f110r010t010.jpg 2x\"\/><\/picture>\t\t\t\t<noscript><img decoding=\"async\" src=\"https:\/\/lauragruiz.es\/wp-content\/gallery\/reconocimiento\/cache\/6-fotografia-artistica-retrato-actores-barcelona-reconocimiento-laura-gines-ruiz-lauragruiz-albert-bufill-rocio-perez.jpg-nggid03371-ngg0dyn-450x300x100-00f0w010c010r110f110r010t010.jpg\"\n\t\t\t\t\t\ttitle=\"Roc\u00edo P\u00e9rez y Albert Bufill por Laura Gin\u00e9s Ruiz - Serie Reconocimiento\"\n\t\t\t\t\t\talt=\"Roc\u00edo P\u00e9rez y Albert Bufill por Laura Gin\u00e9s Ruiz - Serie Reconocimiento\"\n\t\t\t\t\t\twidth=\"450\"\n\t\t\t\t\t\theight=\"300\"\n\t\t\t\t\t\tstyle=\"max-width:100%; height: auto;\"\/><\/noscript><\/a><\/div><div class='ngg-clear'><\/div><\/div>\n\n\t\t\t\t\t\t\t\t<\/div>\n\t\t\t\t<\/div>\n\t\t\t\t\t<\/div>\n\t\t<\/div>\n\t\t\t\t\t<\/div>\n\t\t<\/section>\n\t\t\t\t<section class=\"elementor-section elementor-top-section elementor-element elementor-element-7aee1db elementor-section-boxed elementor-section-height-default elementor-section-height-default\" data-id=\"7aee1db\" data-element_type=\"section\" data-e-type=\"section\">\n\t\t\t\t\t\t<div class=\"elementor-container elementor-column-gap-default\">\n\t\t\t\t\t<div class=\"elementor-column elementor-col-100 elementor-top-column elementor-element elementor-element-8938814\" data-id=\"8938814\" data-element_type=\"column\" data-e-type=\"column\">\n\t\t\t<div class=\"elementor-widget-wrap elementor-element-populated\">\n\t\t\t\t\t\t<div class=\"elementor-element elementor-element-294edee elementor-widget elementor-widget-spacer\" data-id=\"294edee\" data-element_type=\"widget\" data-e-type=\"widget\" data-widget_type=\"spacer.default\">\n\t\t\t\t<div class=\"elementor-widget-container\">\n\t\t\t\t\t\t\t<div class=\"elementor-spacer\">\n\t\t\t<div class=\"elementor-spacer-inner\"><\/div>\n\t\t<\/div>\n\t\t\t\t\t\t<\/div>\n\t\t\t\t<\/div>\n\t\t\t\t\t<\/div>\n\t\t<\/div>\n\t\t\t\t\t<\/div>\n\t\t<\/section>\n\t\t\t\t<section class=\"elementor-section elementor-top-section elementor-element elementor-element-bcaa5af elementor-section-boxed elementor-section-height-default elementor-section-height-default\" data-id=\"bcaa5af\" data-element_type=\"section\" data-e-type=\"section\">\n\t\t\t\t\t\t<div class=\"elementor-container elementor-column-gap-default\">\n\t\t\t\t\t<div class=\"elementor-column elementor-col-100 elementor-top-column elementor-element elementor-element-fe01bfb\" data-id=\"fe01bfb\" data-element_type=\"column\" data-e-type=\"column\">\n\t\t\t<div class=\"elementor-widget-wrap elementor-element-populated\">\n\t\t\t\t\t\t<div class=\"elementor-element elementor-element-9feb58b elementor-widget elementor-widget-text-editor\" data-id=\"9feb58b\" data-element_type=\"widget\" data-e-type=\"widget\" data-widget_type=\"text-editor.default\">\n\t\t\t\t<div class=\"elementor-widget-container\">\n\t\t\t\t\t\t\t\t\t<p>\u00abel amor es la aceptaci\u00f3n de todas las partes que nos forman y forman a los dem\u00e1s\u201d \u00a0 \u00a0 \u00a0<\/p>\n<p><strong>Virginia Blanes<\/strong><\/p>\t\t\t\t\t\t\t\t<\/div>\n\t\t\t\t<\/div>\n\t\t\t\t\t<\/div>\n\t\t<\/div>\n\t\t\t\t\t<\/div>\n\t\t<\/section>\n\t\t\t\t<section class=\"elementor-section elementor-top-section elementor-element elementor-element-502953a elementor-section-boxed elementor-section-height-default elementor-section-height-default\" data-id=\"502953a\" data-element_type=\"section\" data-e-type=\"section\">\n\t\t\t\t\t\t<div class=\"elementor-container elementor-column-gap-default\">\n\t\t\t\t\t<div class=\"elementor-column elementor-col-100 elementor-top-column elementor-element elementor-element-89a7bf0\" data-id=\"89a7bf0\" data-element_type=\"column\" data-e-type=\"column\">\n\t\t\t<div class=\"elementor-widget-wrap elementor-element-populated\">\n\t\t\t\t\t\t<div class=\"elementor-element elementor-element-86f213a elementor-widget elementor-widget-text-editor\" data-id=\"86f213a\" data-element_type=\"widget\" data-e-type=\"widget\" data-widget_type=\"text-editor.default\">\n\t\t\t\t<div class=\"elementor-widget-container\">\n\t\t\t\t\t\t\t\t\t<p><i>Fotograf\u00eda y edici\u00f3n por Laura Gin\u00e9s Ruiz \u00b7 Modelo y actor: Roc\u00edo Perez Suarez y Albert Bufill&nbsp;<\/i><\/p>\t\t\t\t\t\t\t\t<\/div>\n\t\t\t\t<\/div>\n\t\t\t\t\t<\/div>\n\t\t<\/div>\n\t\t\t\t\t<\/div>\n\t\t<\/section>\n\t\t\t\t<section class=\"elementor-section elementor-top-section elementor-element elementor-element-9e29ae2 elementor-section-boxed elementor-section-height-default elementor-section-height-default\" data-id=\"9e29ae2\" data-element_type=\"section\" data-e-type=\"section\">\n\t\t\t\t\t\t<div class=\"elementor-container elementor-column-gap-default\">\n\t\t\t\t\t<div class=\"elementor-column elementor-col-100 elementor-top-column elementor-element elementor-element-10b88f4b\" data-id=\"10b88f4b\" data-element_type=\"column\" data-e-type=\"column\">\n\t\t\t<div class=\"elementor-widget-wrap elementor-element-populated\">\n\t\t\t\t\t\t<div class=\"elementor-element elementor-element-bb25670 elementor-button-info elementor-align-center elementor-widget elementor-widget-button\" data-id=\"bb25670\" data-element_type=\"widget\" data-e-type=\"widget\" data-widget_type=\"button.default\">\n\t\t\t\t<div class=\"elementor-widget-container\">\n\t\t\t\t\t\t\t\t\t<div class=\"elementor-button-wrapper\">\n\t\t\t\t\t<a class=\"elementor-button elementor-button-link elementor-size-sm\" href=\"http:\/\/lauragruiz.es\/index.php\/fotografia-como-expresion\/\">\n\t\t\t\t\t\t<span class=\"elementor-button-content-wrapper\">\n\t\t\t\t\t\t\t\t\t<span class=\"elementor-button-text\">volver a la galeria<\/span>\n\t\t\t\t\t<\/span>\n\t\t\t\t\t<\/a>\n\t\t\t\t<\/div>\n\t\t\t\t\t\t\t\t<\/div>\n\t\t\t\t<\/div>\n\t\t\t\t\t<\/div>\n\t\t<\/div>\n\t\t\t\t\t<\/div>\n\t\t<\/section>\n\t\t\t\t<\/div>\n\t\t","protected":false},"excerpt":{"rendered":"<p>\u00abel amor es la aceptaci\u00f3n de todas las partes que nos forman y forman a los dem\u00e1s\u201d \u00a0 \u00a0 \u00a0 Virginia Blanes Fotograf\u00eda y edici\u00f3n por Laura Gin\u00e9s Ruiz \u00b7 Modelo y actor: Roc\u00edo Perez Suarez y Albert Bufill&nbsp; volver a la galeria<\/p>\n","protected":false},"author":3,"featured_media":0,"parent":0,"menu_order":21,"comment_status":"closed","ping_status":"closed","template":"","meta":{"_monsterinsights_skip_tracking":false,"_monsterinsights_sitenote_active":false,"_monsterinsights_sitenote_note":"","_monsterinsights_sitenote_category":0,"ngg_post_thumbnail":0,"footnotes":""},"class_list":["post-1760","page","type-page","status-publish"],"yoast_head":"<!-- This site is optimized with the Yoast SEO plugin v25.1 - https:\/\/yoast.com\/wordpress\/plugins\/seo\/ -->\n<title>reconocimiento \u00b7 serie fotogr\u00e1fica | lauragruiz.es<\/title>\n<meta name=\"robots\" content=\"index, follow, max-snippet:-1, max-image-preview:large, max-video-preview:-1\" \/>\n<link rel=\"canonical\" href=\"https:\/\/lauragruiz.es\/index.php\/reconocimiento\/\" \/>\n<meta property=\"og:locale\" content=\"es_ES\" \/>\n<meta property=\"og:type\" content=\"article\" \/>\n<meta property=\"og:title\" content=\"reconocimiento \u00b7 serie fotogr\u00e1fica | lauragruiz.es\" \/>\n<meta property=\"og:description\" content=\"\u00abel amor es la aceptaci\u00f3n de todas las partes que nos forman y forman a los dem\u00e1s\u201d \u00a0 \u00a0 \u00a0 Virginia Blanes Fotograf\u00eda y edici\u00f3n por Laura Gin\u00e9s Ruiz \u00b7 Modelo y actor: Roc\u00edo Perez Suarez y Albert Bufill&nbsp; volver a la galeria\" \/>\n<meta property=\"og:url\" content=\"https:\/\/lauragruiz.es\/index.php\/reconocimiento\/\" \/>\n<meta property=\"og:site_name\" content=\"lauragruiz.es\" \/>\n<meta property=\"article:modified_time\" content=\"2022-10-18T13:30:10+00:00\" \/>\n<meta name=\"twitter:label1\" content=\"Tiempo de lectura\" \/>\n\t<meta name=\"twitter:data1\" content=\"3 minutos\" \/>\n<script type=\"application\/ld+json\" class=\"yoast-schema-graph\">{\"@context\":\"https:\/\/schema.org\",\"@graph\":[{\"@type\":\"WebPage\",\"@id\":\"https:\/\/lauragruiz.es\/index.php\/reconocimiento\/\",\"url\":\"https:\/\/lauragruiz.es\/index.php\/reconocimiento\/\",\"name\":\"reconocimiento \u00b7 serie fotogr\u00e1fica | lauragruiz.es\",\"isPartOf\":{\"@id\":\"https:\/\/lauragruiz.es\/#website\"},\"datePublished\":\"2022-03-22T17:24:19+00:00\",\"dateModified\":\"2022-10-18T13:30:10+00:00\",\"breadcrumb\":{\"@id\":\"https:\/\/lauragruiz.es\/index.php\/reconocimiento\/#breadcrumb\"},\"inLanguage\":\"es\",\"potentialAction\":[{\"@type\":\"ReadAction\",\"target\":[\"https:\/\/lauragruiz.es\/index.php\/reconocimiento\/\"]}]},{\"@type\":\"BreadcrumbList\",\"@id\":\"https:\/\/lauragruiz.es\/index.php\/reconocimiento\/#breadcrumb\",\"itemListElement\":[{\"@type\":\"ListItem\",\"position\":1,\"name\":\"Portada\",\"item\":\"https:\/\/lauragruiz.es\/\"},{\"@type\":\"ListItem\",\"position\":2,\"name\":\"reconocimiento \u00b7 serie fotogr\u00e1fica\"}]},{\"@type\":\"WebSite\",\"@id\":\"https:\/\/lauragruiz.es\/#website\",\"url\":\"https:\/\/lauragruiz.es\/\",\"name\":\"lauragruiz.es\",\"description\":\"fotograf\u00eda y conciencia\",\"publisher\":{\"@id\":\"https:\/\/lauragruiz.es\/#\/schema\/person\/257dafbb316ba92e28b5057466d09536\"},\"potentialAction\":[{\"@type\":\"SearchAction\",\"target\":{\"@type\":\"EntryPoint\",\"urlTemplate\":\"https:\/\/lauragruiz.es\/?s={search_term_string}\"},\"query-input\":{\"@type\":\"PropertyValueSpecification\",\"valueRequired\":true,\"valueName\":\"search_term_string\"}}],\"inLanguage\":\"es\"},{\"@type\":[\"Person\",\"Organization\"],\"@id\":\"https:\/\/lauragruiz.es\/#\/schema\/person\/257dafbb316ba92e28b5057466d09536\",\"name\":\"lauragruiz\",\"image\":{\"@type\":\"ImageObject\",\"inLanguage\":\"es\",\"@id\":\"https:\/\/lauragruiz.es\/#\/schema\/person\/image\/\",\"url\":\"https:\/\/lauragruiz.es\/wp-content\/uploads\/2021\/03\/cropped-LAURAGINES-e1666111867453.png\",\"contentUrl\":\"https:\/\/lauragruiz.es\/wp-content\/uploads\/2021\/03\/cropped-LAURAGINES-e1666111867453.png\",\"width\":500,\"height\":66,\"caption\":\"lauragruiz\"},\"logo\":{\"@id\":\"https:\/\/lauragruiz.es\/#\/schema\/person\/image\/\"},\"sameAs\":[\"http:\/\/lauragruiz.es\"]}]}<\/script>\n<!-- \/ Yoast SEO plugin. -->","yoast_head_json":{"title":"reconocimiento \u00b7 serie fotogr\u00e1fica | lauragruiz.es","robots":{"index":"index","follow":"follow","max-snippet":"max-snippet:-1","max-image-preview":"max-image-preview:large","max-video-preview":"max-video-preview:-1"},"canonical":"https:\/\/lauragruiz.es\/index.php\/reconocimiento\/","og_locale":"es_ES","og_type":"article","og_title":"reconocimiento \u00b7 serie fotogr\u00e1fica | lauragruiz.es","og_description":"\u00abel amor es la aceptaci\u00f3n de todas las partes que nos forman y forman a los dem\u00e1s\u201d \u00a0 \u00a0 \u00a0 Virginia Blanes Fotograf\u00eda y edici\u00f3n por Laura Gin\u00e9s Ruiz \u00b7 Modelo y actor: Roc\u00edo Perez Suarez y Albert Bufill&nbsp; volver a la galeria","og_url":"https:\/\/lauragruiz.es\/index.php\/reconocimiento\/","og_site_name":"lauragruiz.es","article_modified_time":"2022-10-18T13:30:10+00:00","twitter_misc":{"Tiempo de lectura":"3 minutos"},"schema":{"@context":"https:\/\/schema.org","@graph":[{"@type":"WebPage","@id":"https:\/\/lauragruiz.es\/index.php\/reconocimiento\/","url":"https:\/\/lauragruiz.es\/index.php\/reconocimiento\/","name":"reconocimiento \u00b7 serie fotogr\u00e1fica | lauragruiz.es","isPartOf":{"@id":"https:\/\/lauragruiz.es\/#website"},"datePublished":"2022-03-22T17:24:19+00:00","dateModified":"2022-10-18T13:30:10+00:00","breadcrumb":{"@id":"https:\/\/lauragruiz.es\/index.php\/reconocimiento\/#breadcrumb"},"inLanguage":"es","potentialAction":[{"@type":"ReadAction","target":["https:\/\/lauragruiz.es\/index.php\/reconocimiento\/"]}]},{"@type":"BreadcrumbList","@id":"https:\/\/lauragruiz.es\/index.php\/reconocimiento\/#breadcrumb","itemListElement":[{"@type":"ListItem","position":1,"name":"Portada","item":"https:\/\/lauragruiz.es\/"},{"@type":"ListItem","position":2,"name":"reconocimiento \u00b7 serie fotogr\u00e1fica"}]},{"@type":"WebSite","@id":"https:\/\/lauragruiz.es\/#website","url":"https:\/\/lauragruiz.es\/","name":"lauragruiz.es","description":"fotograf\u00eda y conciencia","publisher":{"@id":"https:\/\/lauragruiz.es\/#\/schema\/person\/257dafbb316ba92e28b5057466d09536"},"potentialAction":[{"@type":"SearchAction","target":{"@type":"EntryPoint","urlTemplate":"https:\/\/lauragruiz.es\/?s={search_term_string}"},"query-input":{"@type":"PropertyValueSpecification","valueRequired":true,"valueName":"search_term_string"}}],"inLanguage":"es"},{"@type":["Person","Organization"],"@id":"https:\/\/lauragruiz.es\/#\/schema\/person\/257dafbb316ba92e28b5057466d09536","name":"lauragruiz","image":{"@type":"ImageObject","inLanguage":"es","@id":"https:\/\/lauragruiz.es\/#\/schema\/person\/image\/","url":"https:\/\/lauragruiz.es\/wp-content\/uploads\/2021\/03\/cropped-LAURAGINES-e1666111867453.png","contentUrl":"https:\/\/lauragruiz.es\/wp-content\/uploads\/2021\/03\/cropped-LAURAGINES-e1666111867453.png","width":500,"height":66,"caption":"lauragruiz"},"logo":{"@id":"https:\/\/lauragruiz.es\/#\/schema\/person\/image\/"},"sameAs":["http:\/\/lauragruiz.es"]}]}},"_links":{"self":[{"href":"https:\/\/lauragruiz.es\/index.php\/wp-json\/wp\/v2\/pages\/1760","targetHints":{"allow":["GET"]}}],"collection":[{"href":"https:\/\/lauragruiz.es\/index.php\/wp-json\/wp\/v2\/pages"}],"about":[{"href":"https:\/\/lauragruiz.es\/index.php\/wp-json\/wp\/v2\/types\/page"}],"author":[{"embeddable":true,"href":"https:\/\/lauragruiz.es\/index.php\/wp-json\/wp\/v2\/users\/3"}],"replies":[{"embeddable":true,"href":"https:\/\/lauragruiz.es\/index.php\/wp-json\/wp\/v2\/comments?post=1760"}],"version-history":[{"count":0,"href":"https:\/\/lauragruiz.es\/index.php\/wp-json\/wp\/v2\/pages\/1760\/revisions"}],"wp:attachment":[{"href":"https:\/\/lauragruiz.es\/index.php\/wp-json\/wp\/v2\/media?parent=1760"}],"curies":[{"name":"wp","href":"https:\/\/api.w.org\/{rel}","templated":true}]}}