{"id":1733,"date":"2022-03-22T15:45:26","date_gmt":"2022-03-22T15:45:26","guid":{"rendered":"http:\/\/lauragruiz.es\/?page_id=1733"},"modified":"2022-10-18T13:37:05","modified_gmt":"2022-10-18T13:37:05","slug":"trasciende-serie-fotografica","status":"publish","type":"page","link":"https:\/\/lauragruiz.es\/index.php\/trasciende-serie-fotografica\/","title":{"rendered":"trasciende \u00b7 serie fotogr\u00e1fica"},"content":{"rendered":"\t\t<div data-elementor-type=\"wp-page\" data-elementor-id=\"1733\" class=\"elementor elementor-1733\" data-elementor-post-type=\"page\">\n\t\t\t\t\t\t<section class=\"elementor-section elementor-top-section elementor-element elementor-element-faf5144 elementor-section-full_width elementor-section-height-default elementor-section-height-default\" data-id=\"faf5144\" data-element_type=\"section\" data-e-type=\"section\">\n\t\t\t\t\t\t<div class=\"elementor-container elementor-column-gap-default\">\n\t\t\t\t\t<div class=\"elementor-column elementor-col-100 elementor-top-column elementor-element elementor-element-516c3dcf\" data-id=\"516c3dcf\" data-element_type=\"column\" data-e-type=\"column\">\n\t\t\t<div class=\"elementor-widget-wrap elementor-element-populated\">\n\t\t\t\t\t\t<div class=\"elementor-element elementor-element-30b39aae elementor-widget elementor-widget-text-editor\" data-id=\"30b39aae\" data-element_type=\"widget\" data-e-type=\"widget\" data-widget_type=\"text-editor.default\">\n\t\t\t\t<div class=\"elementor-widget-container\">\n\t\t\t\t\t\t\t\t\t\n<p><style type='text\/css'>\n\t#ngg-gallery-39452062c171615d5d0d90239f7acb92 .ngg-pro-masonry-item {\n\t\tmargin-bottom: 10px;\n\t}\n<\/style>\n<div class=\"ngg-pro-masonry-wrapper\">\n\t<div class=\"ngg-pro-masonry-spinner\">\n\t\t<i class='fa fa-spin fa-spinner'><\/i>\n\t<\/div>\n\t<div class=\"ngg-pro-masonry\" id=\"ngg-gallery-39452062c171615d5d0d90239f7acb92\">\n\t\t<div class='ngg-pro-masonry-gutter' style='width: 10px'><\/div>\n\t\t<div class='ngg-pro-masonry-sizer' style='width: 400px'><\/div>\n\t\t\t\t\t<div class='ngg-pro-masonry-item' style='height: 533px; max-width: 400px;'>\n\t\t\t\t<a href=\"https:\/\/lauragruiz.es\/wp-content\/gallery\/trasciende\/1-fotografia-moda-retrato-artistica-trasciende-olympus-reto-tres-fijos-laura-gines-ruiz-lauragruiz.jpg\"\n\t\t\t\t\ttitle=\"\"\n\t\t\t\t\tdata-src=\"https:\/\/lauragruiz.es\/wp-content\/gallery\/trasciende\/1-fotografia-moda-retrato-artistica-trasciende-olympus-reto-tres-fijos-laura-gines-ruiz-lauragruiz.jpg\"\n\t\t\t\t\tdata-thumbnail=\"https:\/\/lauragruiz.es\/wp-content\/gallery\/trasciende\/cache\/1-fotografia-moda-retrato-artistica-trasciende-olympus-reto-tres-fijos-laura-gines-ruiz-lauragruiz.jpg-nggid03363-ngg0dyn-800x0-00f0w010c010r110f110r010t010.jpg\"\n\t\t\t\t\tdata-image-id=\"363\"\n\t\t\t\t\tdata-title=\"Gala Prats por Laura Gin\u00e9s Ruiz para Olympus Espa\u00f1a\"\n\t\t\t\t\tdata-description=\"\"\n\t\t\t\t\tdata-ngg-captions-nostylecopy=\"1\"\n\t\t\t\t\tclass=\"ngg-fancybox\" rel=\"39452062c171615d5d0d90239f7acb92\" data-ngg-protect=\"1\">\n\t\t\t\t\t<picture>\n\t\n<source srcset='https:\/\/lauragruiz.es\/wp-content\/gallery\/trasciende\/cache\/1-fotografia-moda-retrato-artistica-trasciende-olympus-reto-tres-fijos-laura-gines-ruiz-lauragruiz.jpg-nggid03363-ngg0dyn-400x0-00f0w010c010r110f110r010t010.jpg, https:\/\/lauragruiz.es\/wp-content\/gallery\/trasciende\/cache\/1-fotografia-moda-retrato-artistica-trasciende-olympus-reto-tres-fijos-laura-gines-ruiz-lauragruiz.jpg-nggid03363-ngg0dyn-800x0-00f0w010c010r110f110r010t010.jpg 2x'>\n<img fetchpriority=\"high\" decoding=\"async\" title=\"Gala Prats por Laura Gin\u00e9s Ruiz para Olympus Espa\u00f1a\" alt=\"Gala Prats por Laura Gin\u00e9s Ruiz para Olympus Espa\u00f1a\" width=\"400\" height=\"533\" style=\"max-width:400px;max-height:533px\" src=\"https:\/\/lauragruiz.es\/wp-content\/gallery\/trasciende\/cache\/1-fotografia-moda-retrato-artistica-trasciende-olympus-reto-tres-fijos-laura-gines-ruiz-lauragruiz.jpg-nggid03363-ngg0dyn-400x0-00f0w010c010r110f110r010t010.jpg\" srcset=\"https:\/\/lauragruiz.es\/wp-content\/gallery\/trasciende\/cache\/1-fotografia-moda-retrato-artistica-trasciende-olympus-reto-tres-fijos-laura-gines-ruiz-lauragruiz.jpg-nggid03363-ngg0dyn-400x0-00f0w010c010r110f110r010t010.jpg, https:\/\/lauragruiz.es\/wp-content\/gallery\/trasciende\/cache\/1-fotografia-moda-retrato-artistica-trasciende-olympus-reto-tres-fijos-laura-gines-ruiz-lauragruiz.jpg-nggid03363-ngg0dyn-800x0-00f0w010c010r110f110r010t010.jpg 2x\"\/>\n<\/picture>\t\t\t\t<\/a>\n\t\t\t<\/div>\n\t\t\t\t\t\t\t\t\t\t\t<div class='ngg-pro-masonry-item' style='height: 533px; max-width: 400px;'>\n\t\t\t\t<a href=\"https:\/\/lauragruiz.es\/wp-content\/gallery\/trasciende\/2-fotografia-moda-retrato-artistica-trasciende-olympus-reto-tres-fijos-laura-gines-ruiz-lauragruiz.jpg\"\n\t\t\t\t\ttitle=\"\"\n\t\t\t\t\tdata-src=\"https:\/\/lauragruiz.es\/wp-content\/gallery\/trasciende\/2-fotografia-moda-retrato-artistica-trasciende-olympus-reto-tres-fijos-laura-gines-ruiz-lauragruiz.jpg\"\n\t\t\t\t\tdata-thumbnail=\"https:\/\/lauragruiz.es\/wp-content\/gallery\/trasciende\/cache\/2-fotografia-moda-retrato-artistica-trasciende-olympus-reto-tres-fijos-laura-gines-ruiz-lauragruiz.jpg-nggid03364-ngg0dyn-800x0-00f0w010c010r110f110r010t010.jpg\"\n\t\t\t\t\tdata-image-id=\"364\"\n\t\t\t\t\tdata-title=\"Gala Prats por Laura Gin\u00e9s Ruiz para Olympus Espa\u00f1a\"\n\t\t\t\t\tdata-description=\"\"\n\t\t\t\t\tdata-ngg-captions-nostylecopy=\"1\"\n\t\t\t\t\tclass=\"ngg-fancybox\" rel=\"39452062c171615d5d0d90239f7acb92\" data-ngg-protect=\"1\">\n\t\t\t\t\t<picture>\n\t\n<source srcset='https:\/\/lauragruiz.es\/wp-content\/gallery\/trasciende\/cache\/2-fotografia-moda-retrato-artistica-trasciende-olympus-reto-tres-fijos-laura-gines-ruiz-lauragruiz.jpg-nggid03364-ngg0dyn-400x0-00f0w010c010r110f110r010t010.jpg, https:\/\/lauragruiz.es\/wp-content\/gallery\/trasciende\/cache\/2-fotografia-moda-retrato-artistica-trasciende-olympus-reto-tres-fijos-laura-gines-ruiz-lauragruiz.jpg-nggid03364-ngg0dyn-800x0-00f0w010c010r110f110r010t010.jpg 2x'>\n<img decoding=\"async\" title=\"Gala Prats por Laura Gin\u00e9s Ruiz para Olympus Espa\u00f1a\" alt=\"Gala Prats por Laura Gin\u00e9s Ruiz para Olympus Espa\u00f1a\" width=\"400\" height=\"533\" style=\"max-width:400px;max-height:533px\" src=\"https:\/\/lauragruiz.es\/wp-content\/gallery\/trasciende\/cache\/2-fotografia-moda-retrato-artistica-trasciende-olympus-reto-tres-fijos-laura-gines-ruiz-lauragruiz.jpg-nggid03364-ngg0dyn-400x0-00f0w010c010r110f110r010t010.jpg\" srcset=\"https:\/\/lauragruiz.es\/wp-content\/gallery\/trasciende\/cache\/2-fotografia-moda-retrato-artistica-trasciende-olympus-reto-tres-fijos-laura-gines-ruiz-lauragruiz.jpg-nggid03364-ngg0dyn-400x0-00f0w010c010r110f110r010t010.jpg, https:\/\/lauragruiz.es\/wp-content\/gallery\/trasciende\/cache\/2-fotografia-moda-retrato-artistica-trasciende-olympus-reto-tres-fijos-laura-gines-ruiz-lauragruiz.jpg-nggid03364-ngg0dyn-800x0-00f0w010c010r110f110r010t010.jpg 2x\"\/>\n<\/picture>\t\t\t\t<\/a>\n\t\t\t<\/div>\n\t\t\t\t\t\t\t\t\t\t\t<div class='ngg-pro-masonry-item' style='height: 533px; max-width: 400px;'>\n\t\t\t\t<a href=\"https:\/\/lauragruiz.es\/wp-content\/gallery\/trasciende\/3-fotografia-moda-retrato-artistica-trasciende-olympus-reto-tres-fijos-laura-gines-ruiz-lauragruiz.jpg\"\n\t\t\t\t\ttitle=\"\"\n\t\t\t\t\tdata-src=\"https:\/\/lauragruiz.es\/wp-content\/gallery\/trasciende\/3-fotografia-moda-retrato-artistica-trasciende-olympus-reto-tres-fijos-laura-gines-ruiz-lauragruiz.jpg\"\n\t\t\t\t\tdata-thumbnail=\"https:\/\/lauragruiz.es\/wp-content\/gallery\/trasciende\/cache\/3-fotografia-moda-retrato-artistica-trasciende-olympus-reto-tres-fijos-laura-gines-ruiz-lauragruiz.jpg-nggid03365-ngg0dyn-800x0-00f0w010c010r110f110r010t010.jpg\"\n\t\t\t\t\tdata-image-id=\"365\"\n\t\t\t\t\tdata-title=\"Gala Prats por Laura Gin\u00e9s Ruiz para Olympus Espa\u00f1a\"\n\t\t\t\t\tdata-description=\"\"\n\t\t\t\t\tdata-ngg-captions-nostylecopy=\"1\"\n\t\t\t\t\tclass=\"ngg-fancybox\" rel=\"39452062c171615d5d0d90239f7acb92\" data-ngg-protect=\"1\">\n\t\t\t\t\t<picture>\n\t\n<source srcset='https:\/\/lauragruiz.es\/wp-content\/gallery\/trasciende\/cache\/3-fotografia-moda-retrato-artistica-trasciende-olympus-reto-tres-fijos-laura-gines-ruiz-lauragruiz.jpg-nggid03365-ngg0dyn-400x0-00f0w010c010r110f110r010t010.jpg, https:\/\/lauragruiz.es\/wp-content\/gallery\/trasciende\/cache\/3-fotografia-moda-retrato-artistica-trasciende-olympus-reto-tres-fijos-laura-gines-ruiz-lauragruiz.jpg-nggid03365-ngg0dyn-800x0-00f0w010c010r110f110r010t010.jpg 2x'>\n<img decoding=\"async\" title=\"Gala Prats por Laura Gin\u00e9s Ruiz para Olympus Espa\u00f1a\" alt=\"Gala Prats por Laura Gin\u00e9s Ruiz para Olympus Espa\u00f1a\" width=\"400\" height=\"533\" style=\"max-width:400px;max-height:533px\" src=\"https:\/\/lauragruiz.es\/wp-content\/gallery\/trasciende\/cache\/3-fotografia-moda-retrato-artistica-trasciende-olympus-reto-tres-fijos-laura-gines-ruiz-lauragruiz.jpg-nggid03365-ngg0dyn-400x0-00f0w010c010r110f110r010t010.jpg\" srcset=\"https:\/\/lauragruiz.es\/wp-content\/gallery\/trasciende\/cache\/3-fotografia-moda-retrato-artistica-trasciende-olympus-reto-tres-fijos-laura-gines-ruiz-lauragruiz.jpg-nggid03365-ngg0dyn-400x0-00f0w010c010r110f110r010t010.jpg, https:\/\/lauragruiz.es\/wp-content\/gallery\/trasciende\/cache\/3-fotografia-moda-retrato-artistica-trasciende-olympus-reto-tres-fijos-laura-gines-ruiz-lauragruiz.jpg-nggid03365-ngg0dyn-800x0-00f0w010c010r110f110r010t010.jpg 2x\"\/>\n<\/picture>\t\t\t\t<\/a>\n\t\t\t<\/div>\n\t\t\t\t\t\t\t\t\t\t\t<\/div><\/div><\/p>\n\t\t\t\t\t\t\t\t<\/div>\n\t\t\t\t<\/div>\n\t\t\t\t\t<\/div>\n\t\t<\/div>\n\t\t\t\t\t<\/div>\n\t\t<\/section>\n\t\t\t\t<section class=\"elementor-section elementor-top-section elementor-element elementor-element-2c4e267 elementor-section-boxed elementor-section-height-default elementor-section-height-default\" data-id=\"2c4e267\" data-element_type=\"section\" data-e-type=\"section\">\n\t\t\t\t\t\t<div class=\"elementor-container elementor-column-gap-default\">\n\t\t\t\t\t<div class=\"elementor-column elementor-col-100 elementor-top-column elementor-element elementor-element-5bb0918\" data-id=\"5bb0918\" data-element_type=\"column\" data-e-type=\"column\">\n\t\t\t<div class=\"elementor-widget-wrap elementor-element-populated\">\n\t\t\t\t\t\t<div class=\"elementor-element elementor-element-e7b87fa elementor-widget elementor-widget-text-editor\" data-id=\"e7b87fa\" data-element_type=\"widget\" data-e-type=\"widget\" data-widget_type=\"text-editor.default\">\n\t\t\t\t<div class=\"elementor-widget-container\">\n\t\t\t\t\t\t\t\t\t<p>\u00abtrasciende, solo entrando en la oscuridad, ver\u00e1s la luz\u00bb<\/p>\t\t\t\t\t\t\t\t<\/div>\n\t\t\t\t<\/div>\n\t\t\t\t\t<\/div>\n\t\t<\/div>\n\t\t\t\t\t<\/div>\n\t\t<\/section>\n\t\t\t\t<section class=\"elementor-section elementor-top-section elementor-element elementor-element-03a62a7 elementor-section-boxed elementor-section-height-default elementor-section-height-default\" data-id=\"03a62a7\" data-element_type=\"section\" data-e-type=\"section\">\n\t\t\t\t\t\t<div class=\"elementor-container elementor-column-gap-default\">\n\t\t\t\t\t<div class=\"elementor-column elementor-col-100 elementor-top-column elementor-element elementor-element-0b08efe\" data-id=\"0b08efe\" data-element_type=\"column\" data-e-type=\"column\">\n\t\t\t<div class=\"elementor-widget-wrap elementor-element-populated\">\n\t\t\t\t\t\t<div class=\"elementor-element elementor-element-509e79d elementor-widget elementor-widget-text-editor\" data-id=\"509e79d\" data-element_type=\"widget\" data-e-type=\"widget\" data-widget_type=\"text-editor.default\">\n\t\t\t\t<div class=\"elementor-widget-container\">\n\t\t\t\t\t\t\t\t\t<p><i>Fotograf\u00eda y edici\u00f3n por Laura Gin\u00e9s Ruiz \u00b7 Modelo: Gala Prats de Miah Management \u00b7 Estilismo: Noelia Alvarez \u00b7 Maquillaje y peluquer\u00eda: Jorge Zunica \u00b7 Asistente de fotograf\u00eda: Jose Carvajal<\/i><\/p>\n<p>Producido con la colaboraci\u00f3n de Olympus Espa\u00f1a.<\/p>\n<p>\u00a0<\/p>\t\t\t\t\t\t\t\t<\/div>\n\t\t\t\t<\/div>\n\t\t\t\t\t<\/div>\n\t\t<\/div>\n\t\t\t\t\t<\/div>\n\t\t<\/section>\n\t\t\t\t<section class=\"elementor-section elementor-top-section elementor-element elementor-element-71d92748 elementor-section-boxed elementor-section-height-default elementor-section-height-default\" data-id=\"71d92748\" data-element_type=\"section\" data-e-type=\"section\">\n\t\t\t\t\t\t<div class=\"elementor-container elementor-column-gap-default\">\n\t\t\t\t\t<div class=\"elementor-column elementor-col-100 elementor-top-column elementor-element elementor-element-8925212\" data-id=\"8925212\" data-element_type=\"column\" data-e-type=\"column\">\n\t\t\t<div class=\"elementor-widget-wrap elementor-element-populated\">\n\t\t\t\t\t\t<div class=\"elementor-element elementor-element-1b1f0cec elementor-button-info elementor-align-center elementor-widget elementor-widget-button\" data-id=\"1b1f0cec\" data-element_type=\"widget\" data-e-type=\"widget\" data-widget_type=\"button.default\">\n\t\t\t\t<div class=\"elementor-widget-container\">\n\t\t\t\t\t\t\t\t\t<div class=\"elementor-button-wrapper\">\n\t\t\t\t\t<a class=\"elementor-button elementor-button-link elementor-size-sm\" href=\"http:\/\/lauragruiz.es\/index.php\/fotografia-como-expresion\/\">\n\t\t\t\t\t\t<span class=\"elementor-button-content-wrapper\">\n\t\t\t\t\t\t\t\t\t<span class=\"elementor-button-text\">volver a la galeria<\/span>\n\t\t\t\t\t<\/span>\n\t\t\t\t\t<\/a>\n\t\t\t\t<\/div>\n\t\t\t\t\t\t\t\t<\/div>\n\t\t\t\t<\/div>\n\t\t\t\t\t<\/div>\n\t\t<\/div>\n\t\t\t\t\t<\/div>\n\t\t<\/section>\n\t\t\t\t<section class=\"elementor-section elementor-top-section elementor-element elementor-element-5c9c1d9 elementor-section-boxed elementor-section-height-default elementor-section-height-default\" data-id=\"5c9c1d9\" data-element_type=\"section\" data-e-type=\"section\">\n\t\t\t\t\t\t<div class=\"elementor-container elementor-column-gap-default\">\n\t\t\t\t\t<div class=\"elementor-column elementor-col-100 elementor-top-column elementor-element elementor-element-0ed7bc1\" data-id=\"0ed7bc1\" data-element_type=\"column\" data-e-type=\"column\">\n\t\t\t<div class=\"elementor-widget-wrap elementor-element-populated\">\n\t\t\t\t\t\t<div class=\"elementor-element elementor-element-93560ee elementor-widget elementor-widget-spacer\" data-id=\"93560ee\" data-element_type=\"widget\" data-e-type=\"widget\" data-widget_type=\"spacer.default\">\n\t\t\t\t<div class=\"elementor-widget-container\">\n\t\t\t\t\t\t\t<div class=\"elementor-spacer\">\n\t\t\t<div class=\"elementor-spacer-inner\"><\/div>\n\t\t<\/div>\n\t\t\t\t\t\t<\/div>\n\t\t\t\t<\/div>\n\t\t\t\t\t<\/div>\n\t\t<\/div>\n\t\t\t\t\t<\/div>\n\t\t<\/section>\n\t\t\t\t<\/div>\n\t\t","protected":false},"excerpt":{"rendered":"<p>\u00abtrasciende, solo entrando en la oscuridad, ver\u00e1s la luz\u00bb Fotograf\u00eda y edici\u00f3n por Laura Gin\u00e9s Ruiz \u00b7 Modelo: Gala Prats de Miah Management \u00b7 Estilismo: Noelia Alvarez \u00b7 Maquillaje y peluquer\u00eda: Jorge Zunica \u00b7 Asistente de fotograf\u00eda: Jose Carvajal Producido con la colaboraci\u00f3n de Olympus Espa\u00f1a. \u00a0 volver a la galeria<\/p>\n","protected":false},"author":1,"featured_media":0,"parent":0,"menu_order":22,"comment_status":"closed","ping_status":"closed","template":"","meta":{"_monsterinsights_skip_tracking":false,"_monsterinsights_sitenote_active":false,"_monsterinsights_sitenote_note":"","_monsterinsights_sitenote_category":0,"ngg_post_thumbnail":0,"footnotes":""},"class_list":["post-1733","page","type-page","status-publish"],"yoast_head":"<!-- This site is optimized with the Yoast SEO plugin v25.1 - https:\/\/yoast.com\/wordpress\/plugins\/seo\/ -->\n<title>trasciende \u00b7 serie fotogr\u00e1fica | lauragruiz.es<\/title>\n<meta name=\"robots\" content=\"index, follow, max-snippet:-1, max-image-preview:large, max-video-preview:-1\" \/>\n<link rel=\"canonical\" href=\"https:\/\/lauragruiz.es\/index.php\/trasciende-serie-fotografica\/\" \/>\n<meta property=\"og:locale\" content=\"es_ES\" \/>\n<meta property=\"og:type\" content=\"article\" \/>\n<meta property=\"og:title\" content=\"trasciende \u00b7 serie fotogr\u00e1fica | lauragruiz.es\" \/>\n<meta property=\"og:description\" content=\"\u00abtrasciende, solo entrando en la oscuridad, ver\u00e1s la luz\u00bb Fotograf\u00eda y edici\u00f3n por Laura Gin\u00e9s Ruiz \u00b7 Modelo: Gala Prats de Miah Management \u00b7 Estilismo: Noelia Alvarez \u00b7 Maquillaje y peluquer\u00eda: Jorge Zunica \u00b7 Asistente de fotograf\u00eda: Jose Carvajal Producido con la colaboraci\u00f3n de Olympus Espa\u00f1a. \u00a0 volver a la galeria\" \/>\n<meta property=\"og:url\" content=\"https:\/\/lauragruiz.es\/index.php\/trasciende-serie-fotografica\/\" \/>\n<meta property=\"og:site_name\" content=\"lauragruiz.es\" \/>\n<meta property=\"article:modified_time\" content=\"2022-10-18T13:37:05+00:00\" \/>\n<meta name=\"twitter:label1\" content=\"Tiempo de lectura\" \/>\n\t<meta name=\"twitter:data1\" content=\"1 minuto\" \/>\n<script type=\"application\/ld+json\" class=\"yoast-schema-graph\">{\"@context\":\"https:\/\/schema.org\",\"@graph\":[{\"@type\":\"WebPage\",\"@id\":\"https:\/\/lauragruiz.es\/index.php\/trasciende-serie-fotografica\/\",\"url\":\"https:\/\/lauragruiz.es\/index.php\/trasciende-serie-fotografica\/\",\"name\":\"trasciende \u00b7 serie fotogr\u00e1fica | lauragruiz.es\",\"isPartOf\":{\"@id\":\"https:\/\/lauragruiz.es\/#website\"},\"datePublished\":\"2022-03-22T15:45:26+00:00\",\"dateModified\":\"2022-10-18T13:37:05+00:00\",\"breadcrumb\":{\"@id\":\"https:\/\/lauragruiz.es\/index.php\/trasciende-serie-fotografica\/#breadcrumb\"},\"inLanguage\":\"es\",\"potentialAction\":[{\"@type\":\"ReadAction\",\"target\":[\"https:\/\/lauragruiz.es\/index.php\/trasciende-serie-fotografica\/\"]}]},{\"@type\":\"BreadcrumbList\",\"@id\":\"https:\/\/lauragruiz.es\/index.php\/trasciende-serie-fotografica\/#breadcrumb\",\"itemListElement\":[{\"@type\":\"ListItem\",\"position\":1,\"name\":\"Portada\",\"item\":\"https:\/\/lauragruiz.es\/\"},{\"@type\":\"ListItem\",\"position\":2,\"name\":\"trasciende \u00b7 serie fotogr\u00e1fica\"}]},{\"@type\":\"WebSite\",\"@id\":\"https:\/\/lauragruiz.es\/#website\",\"url\":\"https:\/\/lauragruiz.es\/\",\"name\":\"lauragruiz.es\",\"description\":\"fotograf\u00eda y conciencia\",\"publisher\":{\"@id\":\"https:\/\/lauragruiz.es\/#\/schema\/person\/257dafbb316ba92e28b5057466d09536\"},\"potentialAction\":[{\"@type\":\"SearchAction\",\"target\":{\"@type\":\"EntryPoint\",\"urlTemplate\":\"https:\/\/lauragruiz.es\/?s={search_term_string}\"},\"query-input\":{\"@type\":\"PropertyValueSpecification\",\"valueRequired\":true,\"valueName\":\"search_term_string\"}}],\"inLanguage\":\"es\"},{\"@type\":[\"Person\",\"Organization\"],\"@id\":\"https:\/\/lauragruiz.es\/#\/schema\/person\/257dafbb316ba92e28b5057466d09536\",\"name\":\"lauragruiz\",\"image\":{\"@type\":\"ImageObject\",\"inLanguage\":\"es\",\"@id\":\"https:\/\/lauragruiz.es\/#\/schema\/person\/image\/\",\"url\":\"https:\/\/lauragruiz.es\/wp-content\/uploads\/2021\/03\/cropped-LAURAGINES-e1666111867453.png\",\"contentUrl\":\"https:\/\/lauragruiz.es\/wp-content\/uploads\/2021\/03\/cropped-LAURAGINES-e1666111867453.png\",\"width\":500,\"height\":66,\"caption\":\"lauragruiz\"},\"logo\":{\"@id\":\"https:\/\/lauragruiz.es\/#\/schema\/person\/image\/\"},\"sameAs\":[\"http:\/\/lauragruiz.es\"]}]}<\/script>\n<!-- \/ Yoast SEO plugin. -->","yoast_head_json":{"title":"trasciende \u00b7 serie fotogr\u00e1fica | lauragruiz.es","robots":{"index":"index","follow":"follow","max-snippet":"max-snippet:-1","max-image-preview":"max-image-preview:large","max-video-preview":"max-video-preview:-1"},"canonical":"https:\/\/lauragruiz.es\/index.php\/trasciende-serie-fotografica\/","og_locale":"es_ES","og_type":"article","og_title":"trasciende \u00b7 serie fotogr\u00e1fica | lauragruiz.es","og_description":"\u00abtrasciende, solo entrando en la oscuridad, ver\u00e1s la luz\u00bb Fotograf\u00eda y edici\u00f3n por Laura Gin\u00e9s Ruiz \u00b7 Modelo: Gala Prats de Miah Management \u00b7 Estilismo: Noelia Alvarez \u00b7 Maquillaje y peluquer\u00eda: Jorge Zunica \u00b7 Asistente de fotograf\u00eda: Jose Carvajal Producido con la colaboraci\u00f3n de Olympus Espa\u00f1a. \u00a0 volver a la galeria","og_url":"https:\/\/lauragruiz.es\/index.php\/trasciende-serie-fotografica\/","og_site_name":"lauragruiz.es","article_modified_time":"2022-10-18T13:37:05+00:00","twitter_misc":{"Tiempo de lectura":"1 minuto"},"schema":{"@context":"https:\/\/schema.org","@graph":[{"@type":"WebPage","@id":"https:\/\/lauragruiz.es\/index.php\/trasciende-serie-fotografica\/","url":"https:\/\/lauragruiz.es\/index.php\/trasciende-serie-fotografica\/","name":"trasciende \u00b7 serie fotogr\u00e1fica | lauragruiz.es","isPartOf":{"@id":"https:\/\/lauragruiz.es\/#website"},"datePublished":"2022-03-22T15:45:26+00:00","dateModified":"2022-10-18T13:37:05+00:00","breadcrumb":{"@id":"https:\/\/lauragruiz.es\/index.php\/trasciende-serie-fotografica\/#breadcrumb"},"inLanguage":"es","potentialAction":[{"@type":"ReadAction","target":["https:\/\/lauragruiz.es\/index.php\/trasciende-serie-fotografica\/"]}]},{"@type":"BreadcrumbList","@id":"https:\/\/lauragruiz.es\/index.php\/trasciende-serie-fotografica\/#breadcrumb","itemListElement":[{"@type":"ListItem","position":1,"name":"Portada","item":"https:\/\/lauragruiz.es\/"},{"@type":"ListItem","position":2,"name":"trasciende \u00b7 serie fotogr\u00e1fica"}]},{"@type":"WebSite","@id":"https:\/\/lauragruiz.es\/#website","url":"https:\/\/lauragruiz.es\/","name":"lauragruiz.es","description":"fotograf\u00eda y conciencia","publisher":{"@id":"https:\/\/lauragruiz.es\/#\/schema\/person\/257dafbb316ba92e28b5057466d09536"},"potentialAction":[{"@type":"SearchAction","target":{"@type":"EntryPoint","urlTemplate":"https:\/\/lauragruiz.es\/?s={search_term_string}"},"query-input":{"@type":"PropertyValueSpecification","valueRequired":true,"valueName":"search_term_string"}}],"inLanguage":"es"},{"@type":["Person","Organization"],"@id":"https:\/\/lauragruiz.es\/#\/schema\/person\/257dafbb316ba92e28b5057466d09536","name":"lauragruiz","image":{"@type":"ImageObject","inLanguage":"es","@id":"https:\/\/lauragruiz.es\/#\/schema\/person\/image\/","url":"https:\/\/lauragruiz.es\/wp-content\/uploads\/2021\/03\/cropped-LAURAGINES-e1666111867453.png","contentUrl":"https:\/\/lauragruiz.es\/wp-content\/uploads\/2021\/03\/cropped-LAURAGINES-e1666111867453.png","width":500,"height":66,"caption":"lauragruiz"},"logo":{"@id":"https:\/\/lauragruiz.es\/#\/schema\/person\/image\/"},"sameAs":["http:\/\/lauragruiz.es"]}]}},"_links":{"self":[{"href":"https:\/\/lauragruiz.es\/index.php\/wp-json\/wp\/v2\/pages\/1733","targetHints":{"allow":["GET"]}}],"collection":[{"href":"https:\/\/lauragruiz.es\/index.php\/wp-json\/wp\/v2\/pages"}],"about":[{"href":"https:\/\/lauragruiz.es\/index.php\/wp-json\/wp\/v2\/types\/page"}],"author":[{"embeddable":true,"href":"https:\/\/lauragruiz.es\/index.php\/wp-json\/wp\/v2\/users\/1"}],"replies":[{"embeddable":true,"href":"https:\/\/lauragruiz.es\/index.php\/wp-json\/wp\/v2\/comments?post=1733"}],"version-history":[{"count":0,"href":"https:\/\/lauragruiz.es\/index.php\/wp-json\/wp\/v2\/pages\/1733\/revisions"}],"wp:attachment":[{"href":"https:\/\/lauragruiz.es\/index.php\/wp-json\/wp\/v2\/media?parent=1733"}],"curies":[{"name":"wp","href":"https:\/\/api.w.org\/{rel}","templated":true}]}}